{"id":393,"date":"2018-01-31T21:25:31","date_gmt":"2018-01-31T20:25:31","guid":{"rendered":"http:\/\/karwodrza.pl\/?page_id=393"},"modified":"2018-05-09T21:13:31","modified_gmt":"2018-05-09T19:13:31","slug":"rajd","status":"publish","type":"page","link":"https:\/\/karwodrza.pl\/index.php\/rajd\/","title":{"rendered":"Rajd"},"content":{"rendered":"<h2 style=\"text-align: center;\"><span style=\"color: #0000ff;\">(EDIT 09.05.2018 &#8211; Podsumowanie poni\u017cej w w\u0105tku)<\/span><\/h2>\n<p>_____________________________________________________________________________<\/p>\n<h2 style=\"text-align: center;\"><strong><span style=\"color: #ff0000;\">ZAPISY TRWAJ\u0104 DO 22.04!!!<\/span><\/strong><\/h2>\n<h3 style=\"text-align: center;\"><span style=\"color: #3366ff;\"><strong>Charytatywny Rodzinny Rajd Rowerowy\u00a0<\/strong><\/span><span style=\"color: #3366ff;\"><strong>przez Karwodrz\u0119<\/strong><\/span><\/h3>\n<h1 style=\"text-align: center;\"><span style=\"color: #0000ff;\"><strong>\u201eSzlakiem Naszych Przodk\u00f3w\u201d<\/strong><\/span><\/h1>\n<h2 style=\"text-align: center;\"><span style=\"color: #ff0000;\">(Pliki do pobrania i lista zarejestrowanych uczestnik\u00f3w na dole strony)<\/span><\/h2>\n<h1 style=\"text-align: center;\"><img loading=\"lazy\" decoding=\"async\" class=\"aligncenter wp-image-519 size-full\" src=\"https:\/\/karwodrza.pl\/wp-content\/uploads\/2018\/03\/1.jpg\" alt=\"\" width=\"3555\" height=\"2493\" srcset=\"https:\/\/karwodrza.pl\/wp-content\/uploads\/2018\/03\/1.jpg 3555w, https:\/\/karwodrza.pl\/wp-content\/uploads\/2018\/03\/1-300x210.jpg 300w, https:\/\/karwodrza.pl\/wp-content\/uploads\/2018\/03\/1-768x539.jpg 768w, https:\/\/karwodrza.pl\/wp-content\/uploads\/2018\/03\/1-1024x718.jpg 1024w, https:\/\/karwodrza.pl\/wp-content\/uploads\/2018\/03\/1-385x270.jpg 385w\" sizes=\"auto, (max-width: 3555px) 100vw, 3555px\" \/> <img loading=\"lazy\" decoding=\"async\" class=\"aligncenter wp-image-520 size-full\" src=\"https:\/\/karwodrza.pl\/wp-content\/uploads\/2018\/03\/2.jpg\" alt=\"\" width=\"1240\" height=\"1754\" srcset=\"https:\/\/karwodrza.pl\/wp-content\/uploads\/2018\/03\/2.jpg 1240w, https:\/\/karwodrza.pl\/wp-content\/uploads\/2018\/03\/2-212x300.jpg 212w, https:\/\/karwodrza.pl\/wp-content\/uploads\/2018\/03\/2-768x1086.jpg 768w, https:\/\/karwodrza.pl\/wp-content\/uploads\/2018\/03\/2-724x1024.jpg 724w, https:\/\/karwodrza.pl\/wp-content\/uploads\/2018\/03\/2-191x270.jpg 191w\" sizes=\"auto, (max-width: 1240px) 100vw, 1240px\" \/> <img loading=\"lazy\" decoding=\"async\" class=\"aligncenter wp-image-521 size-full\" src=\"https:\/\/karwodrza.pl\/wp-content\/uploads\/2018\/03\/3.jpg\" alt=\"\" width=\"987\" height=\"577\" srcset=\"https:\/\/karwodrza.pl\/wp-content\/uploads\/2018\/03\/3.jpg 987w, https:\/\/karwodrza.pl\/wp-content\/uploads\/2018\/03\/3-300x175.jpg 300w, https:\/\/karwodrza.pl\/wp-content\/uploads\/2018\/03\/3-768x449.jpg 768w, https:\/\/karwodrza.pl\/wp-content\/uploads\/2018\/03\/3-462x270.jpg 462w\" sizes=\"auto, (max-width: 987px) 100vw, 987px\" \/> <img loading=\"lazy\" decoding=\"async\" class=\"aligncenter wp-image-522 size-full\" src=\"https:\/\/karwodrza.pl\/wp-content\/uploads\/2018\/03\/4.jpg\" alt=\"\" width=\"1240\" height=\"1754\" srcset=\"https:\/\/karwodrza.pl\/wp-content\/uploads\/2018\/03\/4.jpg 1240w, https:\/\/karwodrza.pl\/wp-content\/uploads\/2018\/03\/4-212x300.jpg 212w, https:\/\/karwodrza.pl\/wp-content\/uploads\/2018\/03\/4-768x1086.jpg 768w, https:\/\/karwodrza.pl\/wp-content\/uploads\/2018\/03\/4-724x1024.jpg 724w, https:\/\/karwodrza.pl\/wp-content\/uploads\/2018\/03\/4-191x270.jpg 191w\" sizes=\"auto, (max-width: 1240px) 100vw, 1240px\" \/> <img loading=\"lazy\" decoding=\"async\" class=\"aligncenter wp-image-523 size-full\" src=\"https:\/\/karwodrza.pl\/wp-content\/uploads\/2018\/03\/5.jpg\" alt=\"\" width=\"1240\" height=\"1754\" srcset=\"https:\/\/karwodrza.pl\/wp-content\/uploads\/2018\/03\/5.jpg 1240w, https:\/\/karwodrza.pl\/wp-content\/uploads\/2018\/03\/5-212x300.jpg 212w, https:\/\/karwodrza.pl\/wp-content\/uploads\/2018\/03\/5-768x1086.jpg 768w, https:\/\/karwodrza.pl\/wp-content\/uploads\/2018\/03\/5-724x1024.jpg 724w, https:\/\/karwodrza.pl\/wp-content\/uploads\/2018\/03\/5-191x270.jpg 191w\" sizes=\"auto, (max-width: 1240px) 100vw, 1240px\" \/> <img loading=\"lazy\" decoding=\"async\" class=\"aligncenter wp-image-524 size-full\" src=\"https:\/\/karwodrza.pl\/wp-content\/uploads\/2018\/03\/6.jpg\" alt=\"\" width=\"1240\" height=\"1754\" srcset=\"https:\/\/karwodrza.pl\/wp-content\/uploads\/2018\/03\/6.jpg 1240w, https:\/\/karwodrza.pl\/wp-content\/uploads\/2018\/03\/6-212x300.jpg 212w, https:\/\/karwodrza.pl\/wp-content\/uploads\/2018\/03\/6-768x1086.jpg 768w, https:\/\/karwodrza.pl\/wp-content\/uploads\/2018\/03\/6-724x1024.jpg 724w, https:\/\/karwodrza.pl\/wp-content\/uploads\/2018\/03\/6-191x270.jpg 191w\" sizes=\"auto, (max-width: 1240px) 100vw, 1240px\" \/> <img loading=\"lazy\" decoding=\"async\" class=\"aligncenter wp-image-525 size-full\" src=\"https:\/\/karwodrza.pl\/wp-content\/uploads\/2018\/03\/7.jpg\" alt=\"\" width=\"1240\" height=\"1754\" srcset=\"https:\/\/karwodrza.pl\/wp-content\/uploads\/2018\/03\/7.jpg 1240w, https:\/\/karwodrza.pl\/wp-content\/uploads\/2018\/03\/7-212x300.jpg 212w, https:\/\/karwodrza.pl\/wp-content\/uploads\/2018\/03\/7-768x1086.jpg 768w, https:\/\/karwodrza.pl\/wp-content\/uploads\/2018\/03\/7-724x1024.jpg 724w, https:\/\/karwodrza.pl\/wp-content\/uploads\/2018\/03\/7-191x270.jpg 191w\" sizes=\"auto, (max-width: 1240px) 100vw, 1240px\" \/><\/h1>\n<h1 style=\"text-align: center;\"><strong style=\"color: #ff0000;\">Pliki do pobrania:<\/strong><\/h1>\n<h4><span style=\"color: #000080;\"><a href=\"https:\/\/karwodrza.pl\/wp-content\/uploads\/2018\/03\/Formularz-zg\u0142oszeniowy-uczestnika-ChRRR.pdf\">Formularz zg\u0142oszeniowy uczestnika ChRRR<\/a><\/span><\/h4>\n<h4><span style=\"color: #000080;\"><a href=\"https:\/\/karwodrza.pl\/wp-content\/uploads\/2018\/03\/O\u015bwiadzenie-zgoda-rodzica-opiekuna-na-udzia\u0142-dziecka-w-ChRRR.pdf\">O\u015bwiadzenie, zgoda rodzica, opiekuna na udzia\u0142 dziecka w ChRRR<\/a><\/span><\/h4>\n<h4><span style=\"color: #000080;\"><a href=\"https:\/\/karwodrza.pl\/wp-content\/uploads\/2018\/03\/Regulamin-ChRRR.pdf\">Regulamin ChRRR<\/a><\/span><\/h4>\n<h4><span style=\"color: #000080;\"><a href=\"https:\/\/karwodrza.pl\/wp-content\/uploads\/2018\/03\/Mapka-ChRRR.pdf\">Mapka ChRRR\u00a0<\/a><\/span><\/h4>\n<h4><span style=\"color: #000080;\"><a href=\"https:\/\/karwodrza.pl\/wp-content\/uploads\/2018\/03\/Zaproszenie-na-ChRRR.pdf\">Zaproszenie na ChRRR<\/a><\/span><\/h4>\n<p>______________________________________________________________________________<\/p>\n<h4><span style=\"color: #000080;\">09.05.2018<\/span><\/h4>\n<h4 style=\"text-align: center;\"><span style=\"color: #000080;\">Ponownie TEMI o ChRRR<\/span><\/h4>\n<p><img loading=\"lazy\" decoding=\"async\" class=\"aligncenter wp-image-797 size-large\" src=\"https:\/\/karwodrza.pl\/wp-content\/uploads\/2018\/05\/20180509_184429-1024x984.jpg\" alt=\"\" width=\"640\" height=\"615\" srcset=\"https:\/\/karwodrza.pl\/wp-content\/uploads\/2018\/05\/20180509_184429-1024x984.jpg 1024w, https:\/\/karwodrza.pl\/wp-content\/uploads\/2018\/05\/20180509_184429-300x288.jpg 300w, https:\/\/karwodrza.pl\/wp-content\/uploads\/2018\/05\/20180509_184429-768x738.jpg 768w, https:\/\/karwodrza.pl\/wp-content\/uploads\/2018\/05\/20180509_184429-281x270.jpg 281w\" sizes=\"auto, (max-width: 640px) 100vw, 640px\" \/><\/p>\n<p>______________________________________________________________________________<\/p>\n<h4><span style=\"color: #800000;\">03.05.2018<\/span><\/h4>\n<h4 style=\"text-align: center;\"><span style=\"color: #800000;\">Zapraszamy na film podsumowuj\u0105cy I ChRRR\u00a0 \ud83d\ude42<\/span><\/h4>\n<div class='embed-container'><iframe loading=\"lazy\" title=\"I Charytatywny Rodzinny Rajd Rowerowy przez Karwodrz\u0119 \u201eSzlakiem Naszych Przodk\u00f3w\u201d - 22.04.2018\" width=\"1920\" height=\"1080\" src=\"https:\/\/www.youtube.com\/embed\/t07oU2JAKsA?feature=oembed\" frameborder=\"0\" allow=\"accelerometer; autoplay; clipboard-write; encrypted-media; gyroscope; picture-in-picture; web-share\" referrerpolicy=\"strict-origin-when-cross-origin\" allowfullscreen><\/iframe><\/div>\n<p>______________________________________________________________________________<\/p>\n<h4><span style=\"color: #000080;\">02.05.2018<\/span><\/h4>\n<h4 style=\"text-align: center;\"><span style=\"color: #000080;\">TEMI o ChRRR<\/span><\/h4>\n<p><img loading=\"lazy\" decoding=\"async\" class=\"aligncenter wp-image-792 size-large\" src=\"https:\/\/karwodrza.pl\/wp-content\/uploads\/2018\/05\/20180503_105730-552x1024.jpg\" alt=\"\" width=\"552\" height=\"1024\" srcset=\"https:\/\/karwodrza.pl\/wp-content\/uploads\/2018\/05\/20180503_105730-552x1024.jpg 552w, https:\/\/karwodrza.pl\/wp-content\/uploads\/2018\/05\/20180503_105730-162x300.jpg 162w, https:\/\/karwodrza.pl\/wp-content\/uploads\/2018\/05\/20180503_105730-768x1424.jpg 768w, https:\/\/karwodrza.pl\/wp-content\/uploads\/2018\/05\/20180503_105730-146x270.jpg 146w\" sizes=\"auto, (max-width: 552px) 100vw, 552px\" \/><\/p>\n<p>______________________________________________________________________________<\/p>\n<h4><span style=\"color: #800000;\">27.04.2018<\/span><\/h4>\n<h4 style=\"text-align: center;\"><span style=\"color: #800000;\">Miasto i Ludzie o ChRRR<\/span><\/h4>\n<p><img loading=\"lazy\" decoding=\"async\" class=\"aligncenter wp-image-784 size-full\" src=\"https:\/\/karwodrza.pl\/wp-content\/uploads\/2018\/04\/31416896_2401347246545998_3741679782044106752_n.jpg\" alt=\"\" width=\"2967\" height=\"1685\" srcset=\"https:\/\/karwodrza.pl\/wp-content\/uploads\/2018\/04\/31416896_2401347246545998_3741679782044106752_n.jpg 2967w, https:\/\/karwodrza.pl\/wp-content\/uploads\/2018\/04\/31416896_2401347246545998_3741679782044106752_n-300x170.jpg 300w, https:\/\/karwodrza.pl\/wp-content\/uploads\/2018\/04\/31416896_2401347246545998_3741679782044106752_n-768x436.jpg 768w, https:\/\/karwodrza.pl\/wp-content\/uploads\/2018\/04\/31416896_2401347246545998_3741679782044106752_n-1024x582.jpg 1024w, https:\/\/karwodrza.pl\/wp-content\/uploads\/2018\/04\/31416896_2401347246545998_3741679782044106752_n-475x270.jpg 475w\" sizes=\"auto, (max-width: 2967px) 100vw, 2967px\" \/><\/p>\n<p>______________________________________________________________________________<\/p>\n<p><span style=\"color: #000080;\"><strong>23.04.2018<\/strong><\/span><\/p>\n<h4 style=\"text-align: center;\"><span style=\"color: #000080;\">Szanowni Pa\u0144stwo, zapraszam na podsumowanie I Charytatywnego Rodzinnego Rajdu Rowerowego przez Karwodrz\u0119 \u201eSZLAKIEM NASZYCH PRZODK\u00d3W\u201d \u2013 Karwodrza, 22.04.2018.<\/span><br \/>\n<span style=\"color: #000080;\">Zaczn\u0119 od podzi\u0119kowania.<\/span><br \/>\n<span style=\"color: #000080;\">W imieniu organizatora \u2013 STOWARZYSZENIA MI\u0141O\u015aNIK\u00d3W KARWODRZY, dzi\u0119kuj\u0119 bez wyj\u0105tku WSZYSTKIM, kt\u00f3rzy aktywnie w\u0142\u0105czyli si\u0119 zar\u00f3wno w organizacj\u0119 jak i aktywne uczestnictwo w naszej imprezie. Dzi\u0119kuj\u0119 za wszystkie wp\u0142aty i dary przekazane przez sponsor\u00f3w (instytucje), przez wpisowe od os\u00f3b prywatnych uczestnicz\u0105cych w rajdzie (wp\u0142aty na konto), oraz za wszelkie wp\u0142aty podczas imprezy na boisku w Karwodrzy (wpisowe, zakup i licytacja r\u00f3\u017cnorakich przedmiot\u00f3w i wolne datki).\u00a0Na rajd wpisa\u0142o si\u0119 173 osoby, a 151 aktywnie wyruszy\u0142o.<\/span><br \/>\n<span style=\"color: #000080;\">Dzi\u0119kuj\u0119 WSZYSTKIM, kt\u00f3rzy pomogli nam, organizatorom z SMK przygotowa\u0107 rajd tak, by by\u0142 mo\u017cliwie na jak najwy\u017cszym poziomie. Mamy nadziej\u0119, \u017ce uda\u0142o nam si\u0119 to osi\u0105gn\u0105\u0107. Prosz\u0119 pami\u0119ta\u0107 (dodam na usprawiedliwienie ewentualnych niedoci\u0105gni\u0119\u0107), \u017ce by\u0142a to pierwsza impreza w Karwodrzy w tym klimacie i w dodatku organizowana przez osoby, kt\u00f3re podj\u0119\u0142y si\u0119 takiego przedsi\u0119wzi\u0119cia r\u00f3wnie\u017c po raz pierwszy. Tym bardziej ciesz\u0105 nas s\u0142owa uznania, pochwa\u0142y i gratulacje za przygotowanie rajdu.<\/span><br \/>\n<span style=\"color: #000080;\">Poniewa\u017c dobrych ludzi pomagaj\u0105cych nam \u201eod zaplecza\u201d by\u0142o tak du\u017co, to nie b\u0119d\u0119 nawet stara\u0142 si\u0119 wymieni\u0107 wszystkich, gdy\u017c na pewno o kim\u015b bym zapomnia\u0142, a nie chcia\u0142bym tego zrobi\u0107. Podkre\u015bl\u0119 tylko, (bo czuj\u0119 wewn\u0119trznie tak\u0105 potrzeb\u0119), \u017ce nie uda\u0142oby si\u0119 wszystko tak dobrze gdyby nie Panie z KKK (Kreatywny Klub Kobiet) z Karwodrzy, oraz weso\u0142a gromadka z DPS (Dom Pomocy Spo\u0142ecznej), \u015aDS (\u015arodowiskowy Dom Samopomocy) i WTZ (Warsztat Terapii Zaj\u0119ciowej) z Karwodrzy. Dzi\u0119kuj\u0119 r\u00f3wnie\u017c Panu Markowi Krzemieniowi i Kazimierzowi Gawrya\u0142owi \u2013 gospodarzom Karwodrzy. Wielkie, wielkie, wielkie dzi\u0119ki wszystkim!<\/span><br \/>\n<span style=\"color: #000080;\">A teraz cyfry:<\/span><br \/>\n<span style=\"color: #000080;\">* In PLUS (wp\u0142aty, datki itp.):<\/span><br \/>\n<span style=\"color: #000080;\">\u2013 Od sponsor\u00f3w (instytucje), poza dobrami rzeczowymi produkowanymi przez ww. otrzymali\u015bmy wp\u0142aty na konto SMK w kwocie 4.300 z\u0142.<\/span><br \/>\n<span style=\"color: #000080;\">\u2013 Od uczestnik\u00f3w rajdu (wpisowe) pomi\u0119dzy 1 marca, a 23 kwietnia b.r. otrzymali\u015bmy wp\u0142aty na konto SMK w kwocie 3.970 z\u0142.<\/span><br \/>\n<span style=\"color: #000080;\">\u2013 Od os\u00f3b w dniu rajdu (wpisowe, zakup ciast i innych pyszno\u015bci, licytacja wystawionych przedmiot\u00f3w, wolne datki) zebrali\u015bmy \u0142\u0105cznie 6.986 z\u0142. Pieni\u0105dze te zosta\u0142y dzi\u015b przeliczone komisyjnie i wp\u0142acone r\u00f3wnie\u017c dzi\u015b na konto SMK do pozosta\u0142ej zebranej wcze\u015bniej kwoty.<\/span><br \/>\n<span style=\"color: #000080;\">\u0141\u0105cznie zebrali\u015bmy 15.256 z\u0142.<\/span><br \/>\n<span style=\"color: #000080;\">* In MINUS (koszty):<\/span><br \/>\n<span style=\"color: #000080;\">\u2013 Na zakupy zwi\u0105zane z przygotowaniem pakiet\u00f3w startowych, baner\u00f3w, opakowa\u0144, \u015brodk\u00f3w czysto\u015bci, nagr\u00f3d dla uczestnik\u00f3w, medali, koszulek itp. wydali\u015bmy 3.139,49 z\u0142.<\/span><br \/>\n<span style=\"color: #000080;\">Ostateczna kwota, przelana dzi\u015b po po\u0142udniu z konta SMK na konto Pana Krzysztofa Krzemienia wynios\u0142a 12.116,51 z\u0142. Wszystkie podane wy\u017cej kwoty s\u0105 odnotowane w postaci historii przelew\u00f3w i faktur zakupu.<\/span><br \/>\n<span style=\"color: #000080;\">Zatem ko\u0144cz\u0105c, raz jeszcze dzi\u0119kujemy i zapraszamy w przysz\u0142ym roku. Troch\u0119 inna trasa, troch\u0119 inne atrakcje i inna osoba z Karwodrzy, kt\u00f3rej b\u0119dziemy pomaga\u0107. Bardzo wst\u0119pna data II ChRRR to 21.04.2019. \u015aled\u017acie nasz profil na FB i stron\u0119 karwodrza.pl<\/span><br \/>\n<span style=\"color: #000080;\">Z pozdrowieniami:<\/span><br \/>\n<span style=\"color: #000080;\">\u0141ukasz W\u0142odarz<\/span><br \/>\n<span style=\"color: #000080;\">SMK<\/span><\/h4>\n<p><img loading=\"lazy\" decoding=\"async\" class=\"aligncenter wp-image-721 size-full\" src=\"https:\/\/karwodrza.pl\/wp-content\/uploads\/2018\/04\/plakat-a3-\u2014-kopia.jpg\" alt=\"\" width=\"5051\" height=\"3451\" srcset=\"https:\/\/karwodrza.pl\/wp-content\/uploads\/2018\/04\/plakat-a3-\u2014-kopia.jpg 5051w, https:\/\/karwodrza.pl\/wp-content\/uploads\/2018\/04\/plakat-a3-\u2014-kopia-300x205.jpg 300w, https:\/\/karwodrza.pl\/wp-content\/uploads\/2018\/04\/plakat-a3-\u2014-kopia-768x525.jpg 768w, https:\/\/karwodrza.pl\/wp-content\/uploads\/2018\/04\/plakat-a3-\u2014-kopia-1024x700.jpg 1024w, https:\/\/karwodrza.pl\/wp-content\/uploads\/2018\/04\/plakat-a3-\u2014-kopia-395x270.jpg 395w\" sizes=\"auto, (max-width: 5051px) 100vw, 5051px\" \/> <img loading=\"lazy\" decoding=\"async\" class=\"aligncenter wp-image-722 size-full\" src=\"https:\/\/karwodrza.pl\/wp-content\/uploads\/2018\/04\/20180423_181432_resize.jpg\" alt=\"\" width=\"4250\" height=\"2390\" srcset=\"https:\/\/karwodrza.pl\/wp-content\/uploads\/2018\/04\/20180423_181432_resize.jpg 4250w, https:\/\/karwodrza.pl\/wp-content\/uploads\/2018\/04\/20180423_181432_resize-300x169.jpg 300w, https:\/\/karwodrza.pl\/wp-content\/uploads\/2018\/04\/20180423_181432_resize-768x432.jpg 768w, https:\/\/karwodrza.pl\/wp-content\/uploads\/2018\/04\/20180423_181432_resize-1024x576.jpg 1024w, https:\/\/karwodrza.pl\/wp-content\/uploads\/2018\/04\/20180423_181432_resize-480x270.jpg 480w\" sizes=\"auto, (max-width: 4250px) 100vw, 4250px\" \/><\/p>\n<p>______________________________________________________________________________<\/p>\n<h4 style=\"text-align: left;\"><span style=\"color: #800000;\">23.04.2018<\/span><\/h4>\n<h4 style=\"text-align: center;\"><span style=\"color: #800000;\">Szanowni Pa\u0144stwo!<\/span><\/h4>\n<h4 style=\"text-align: center;\"><span style=\"color: #800000;\">Wielkie, wielkie, wielkie dzi\u0119ki!!!<\/span><\/h4>\n<h4 style=\"text-align: center;\"><span style=\"color: #800000;\">Ju\u017c wkr\u00f3tce podsumowanie rajdu i datk\u00f3w, kt\u00f3re zebrali\u015bmy dzi\u0119ki Pa\u0144stwa wielkim sercom dla Pana Krzysztofa!<\/span><\/h4>\n<p>______________________________________________________________________________<\/p>\n<h4><span style=\"color: #000080;\">21.04.2018 (godz. 23:45)<\/span><\/h4>\n<h4 style=\"text-align: center;\"><span style=\"color: #000080;\">Rada starszych w sk\u0142adnie jednoosobowym, przez ponad 6 godzin zapakowa\u0142a 140 pakiet\u00f3w startowych. Robota niby prosta, a da\u0142a w&#8230; ko\u015b\u0107\u00a0 \ud83d\ude09<\/span><br \/>\n<span style=\"color: #000080;\">Pora i\u015b\u0107 spa\u0107, bo z kilka godzin zaczynamy!<\/span><br \/>\n<span style=\"color: #000080;\">Z pozdrowieniami &#8211; ORGANIZATOR SMK\u00a0 \ud83d\ude42<\/span><\/h4>\n<p>______________________________________________________________________________<\/p>\n<h4 style=\"text-align: left;\"><span style=\"color: #800000;\"><strong>19.04.2018<\/strong><\/span><\/h4>\n<h4 style=\"text-align: center;\"><span style=\"color: #800000;\">Ju\u017c niespe\u0142na 3 dni!\u00a0<span class=\"_47e3 _5mfr\" title=\"Emotikon grin\"><img loading=\"lazy\" decoding=\"async\" class=\"img\" role=\"presentation\" src=\"https:\/\/static.xx.fbcdn.net\/images\/emoji.php\/v9\/f51\/1\/16\/1f603.png\" alt=\"\" width=\"16\" height=\"16\" \/><\/span><\/span><br \/>\n<span style=\"color: #800000;\">Pogoda zam\u00f3wiona.<\/span><br \/>\n<span style=\"color: #800000;\">Ciasta i chleb si\u0119 piek\u0105, a smalec dojrzewa.<\/span><br \/>\n<span style=\"color: #800000;\">Woda i napoje jad\u0105 z hurtowni, a pakiety startowe si\u0119 pakuj\u0105.<\/span><br \/>\n<span style=\"color: #800000;\">Przedmioty na licytacje z DPS, WTZ i \u015aDS czekaj\u0105 na &#8222;kto da wi\u0119cej&#8221;.<span class=\"text_exposed_show\"><br \/>\nJeszcze tylko chleb pod postaci\u0105 m\u0105ki, a kie\u0142basa biega po chlewiku, ale i na nich przyjdzie czas. W ko\u0144cu musi by\u0107 \u015bwie\u017co!<br \/>\nMamy nadziej\u0119, \u017ce ko\u0142a napompowane, przerzutki wyregulowane, siode\u0142ka nie cisn\u0105 i nastr\u00f3j oczekiwania udziela si\u0119 wszystkim.<br \/>\nDo zobaczenia w najbli\u017csz\u0105 niedziel\u0119 ju\u017c od godz. 13:00!!!<\/span><\/span><\/h4>\n<p>______________________________________________________________________________<\/p>\n<h4><span style=\"color: #000080;\"><strong>12.04.2018<\/strong><\/span><\/h4>\n<h4 style=\"text-align: center;\"><span style=\"color: #000080;\">Klika &#8222;og\u0142osze\u0144\u00a0parafialnych&#8221; w zwi\u0105zku ze zbli\u017caj\u0105cym si\u0119 ChRRR:<br \/>\n1. Zaleca si\u0119, by uczestnicy (a dzieci obowi\u0105zkowo) podczas przejazdu posiadali na g\u0142owie kask rowerowy. Stawiamy na bezpiecze\u0144stwo!<br \/>\n2. \u0106wicz umys\u0142! Zapami\u0119taj numer, pod kt\u00f3rym jeste\u015b zg\u0142oszony do rajdu. U\u0142atwi nam to i przyspieszy wydawanie pakiet\u00f3w startowych. Masz kr\u00f3tk\u0105 pami\u0119\u0107? Zapisz sobie\u00a0<span class=\"_47e3 _5mfr\" title=\"Emotikon wink\"><img loading=\"lazy\" decoding=\"async\" class=\"img\" role=\"presentation\" src=\"https:\/\/static.xx.fbcdn.net\/images\/emoji.php\/v9\/f57\/1\/16\/1f609.png\" alt=\"\" width=\"16\" height=\"16\" \/><\/span><br \/>\nDla przypomnienia lista uczestnik\u00f3w tu &#8211;\u00a0<a href=\"https:\/\/karwodrza.pl\/index.php\/rajd\/\" target=\"_blank\" rel=\"noopener nofollow\" data-ft=\"{&quot;tn&quot;:&quot;-U&quot;}\" data-lynx-mode=\"asynclazy\" data-lynx-uri=\"https:\/\/l.facebook.com\/l.php?u=http%3A%2F%2Fkarwodrza.pl%2Findex.php%2Frajd%2F&amp;h=ATMp3ZpArd16tf7oigax6Tz-8KLoraaCb0N-c9XoAYqyIElx2OT1C-bz3FwKrC1KEryVhs0hPNRtPBSJIBDQ15GmHhE5z3vpYsSww34yphVyqlPU7bfENv7bqn796lqtSk6WfbOBDhQ\">https:\/\/karwodrza.pl\/index.php\/rajd\/<\/a><br \/>\n3. Ubierz si\u0119 tak, by jecha\u0142o Ci si\u0119 wygodnie. Pami\u0119taj jednak przy tym, \u017ce trasa poza asfaltem prowadzi r\u00f3wnie\u017c przez las (wprawdzie drogami utwardzonymi, ale&#8230;) i miejscami mo\u017ce jednak &#8222;by\u0107 mi\u0119kko&#8221;. Z tego powodu swoje najlepsze ciuchy zak\u0142adasz na w\u0142asn\u0105 odpowiedzialno\u015b\u0107\u00a0<span class=\"_47e3 _5mfr\" title=\"Emotikon wink\"><img loading=\"lazy\" decoding=\"async\" class=\"img\" role=\"presentation\" src=\"https:\/\/static.xx.fbcdn.net\/images\/emoji.php\/v9\/f57\/1\/16\/1f609.png\" alt=\"\" width=\"16\" height=\"16\" \/><\/span><br \/>\n4. Dzi\u0119ki uprzejmo\u015bci Dyrekcji Szko\u0142y Podstawowej w Karwodrzy, uczestnicy mog\u0105 skorzysta\u0107 z parkingu po\u0142o\u017conego przy szkole. W dniu rajdu brama b\u0119dzie otwarta od godz. 12:00. Poni\u017cej mapka z oznaczeniem parkingu.<br \/>\n5. Warsztat Terapii Zaj\u0119ciowej przy DPS w Karwodrzy poza przedmiotami przeznaczonymi do licytacji na rzecz Pana Krzysztofa, przewidzia\u0142 r\u00f3wnie\u017c punkt, w kt\u00f3rym dzieciaki b\u0119d\u0105 mog\u0142y si\u0119 wykaza\u0107 w&#8230;.. no w\u0142a\u015bnie. To niespodzianka! Tym bardziej zapraszamy\u00a0<span class=\"_47e3 _5mfr\" title=\"Emotikon smile\"><img loading=\"lazy\" decoding=\"async\" class=\"img\" role=\"presentation\" src=\"https:\/\/static.xx.fbcdn.net\/images\/emoji.php\/v9\/f4c\/1\/16\/1f642.png\" alt=\"\" width=\"16\" height=\"16\" \/><\/span><br \/>\nI to tyle\u00a0<span class=\"_47e3 _5mfr\" title=\"Emotikon smile\"><img loading=\"lazy\" decoding=\"async\" class=\"img\" role=\"presentation\" src=\"https:\/\/static.xx.fbcdn.net\/images\/emoji.php\/v9\/f4c\/1\/16\/1f642.png\" alt=\"\" width=\"16\" height=\"16\" \/><\/span><br \/>\nMasz pytania? Pisz!<br \/>\nA my zaczynamy odliczanie: 10&#8230;..<\/span><\/h4>\n<p><img loading=\"lazy\" decoding=\"async\" class=\"aligncenter wp-image-696 size-full\" src=\"https:\/\/karwodrza.pl\/wp-content\/uploads\/2018\/04\/Parking.jpg\" alt=\"\" width=\"921\" height=\"538\" srcset=\"https:\/\/karwodrza.pl\/wp-content\/uploads\/2018\/04\/Parking.jpg 921w, https:\/\/karwodrza.pl\/wp-content\/uploads\/2018\/04\/Parking-300x175.jpg 300w, https:\/\/karwodrza.pl\/wp-content\/uploads\/2018\/04\/Parking-768x449.jpg 768w, https:\/\/karwodrza.pl\/wp-content\/uploads\/2018\/04\/Parking-462x270.jpg 462w\" sizes=\"auto, (max-width: 921px) 100vw, 921px\" \/><\/p>\n<p>______________________________________________________________________________<\/p>\n<h4><span style=\"color: #800000;\"><strong>09.04.2018<\/strong><\/span><\/h4>\n<h4 style=\"text-align: center;\"><span style=\"color: #800000;\">Czas leci nieub\u0142aganie. Do rajdu pozosta\u0142o coraz mniej czasu. Zg\u0142osze\u0144 przybywa i aktualnie jest ich ju\u017c ponad120! Ale czym wi\u0119cej tym lepiej, bo cel jest szczytny i ka\u017cda z\u0142ot\u00f3wka si\u0119 liczy!<\/span><br \/>\n<span style=\"color: #800000;\">Pami\u0119tajcie, \u017ce poza przejazdem rower\u00f3w dooko\u0142a Karwodrzy, na boisku przewidzianych jest wiele atrakcji. I dla ma\u0142ych i dla du\u017cych.<\/span><br \/>\n<span style=\"color: #800000;\">Jedne z nich, to m.in. stoisko Pa\u0144 z KKK w r\u00f3\u017cnymi wypiekami, kt\u00f3re b\u0119dzie mo\u017cna naby\u0107, oraz licytacja przedmiot\u00f3w przekazanych przez Warsztat Terapii Zaj\u0119ciowych przy DPS w Karwodrzy. Ca\u0142y doch\u00f3d z zakup\u00f3w i licytacji zostanie oczywi\u015bcie przekazany Panu Krzysztofowi.<\/span><br \/>\n<span style=\"color: #800000;\">Zach\u0119camy do licznego udzia\u0142u wszystkich rowerzyst\u00f3w, ale r\u00f3wnie\u017c osoby, kt\u00f3re nie je\u017cd\u017c\u0105, a chc\u0105 wzi\u0105\u0107 udzia\u0142 w atrakcjach na boisku LKKS Karwodrza\u00a0 \ud83d\ude42<\/span><\/h4>\n<p>______________________________________________________________________________<\/p>\n<h4><span style=\"color: #000080;\"><strong>29.03.2018<\/strong><\/span><\/h4>\n<h4 style=\"text-align: center;\"><span style=\"color: #000080;\">Uwaga, uwaga!!!<\/span><br \/>\n<span style=\"color: #000080;\">Dodatkowa atrakcja i dodatkowe nagrody!<\/span><br \/>\n<span style=\"color: #000080;\">Og\u0142aszamy konkurs dla dzieci (od 0 do 18 lat), na wiersz o Karwordzy. I niewa\u017cne czy tylko o swoim podw\u00f3rku, czy o szkole, a mo\u017ce o OSP lub ukochanym s\u0105siedzie. Wa\u017cne, by Karwodrza by\u0142a w tym wierszu motywem przewodnim.<\/span><br \/>\n<span style=\"color: #000080;\">Wszystkie wiersze prosz\u0119 przes\u0142a\u0107 najp\u00f3\u017aniej do pi\u0105tku 20 kwietnia na adres mailowy lukaszwlodarz@karwodrza.pl<\/span><br \/>\n<span style=\"color: #000080;\">Rozstrzygni\u0119cie, odczytanie i wr\u0119czenie nagr\u00f3d 22.04 podczas ChRRR.<\/span><br \/>\n<span style=\"color: #000080;\">Zapraszamy wszystkie dzieci (czy to bior\u0105ce udzia\u0142 w radzie czy nie), do konkursu\u00a0 \ud83d\ude42<\/span><\/h4>\n<p>______________________________________________________________________________<\/p>\n<h4><span style=\"color: #800000;\"><strong>26.03.2018<\/strong><\/span><\/h4>\n<h4 style=\"text-align: center;\"><span style=\"color: #800000;\"><strong>Docieraj\u0105 do nas g\u0142osy, \u017ce s\u0105 osoby w Karwodrzy i okolicy, kt\u00f3re ch\u0119tnie zg\u0142osi\u0142yby si\u0119 na rajd, ale nie maj\u0105 drukarki, lub innych mo\u017cliwo\u015bci pozyskania formularza zg\u0142oszeniowego na ChRRR.<\/strong><\/span><\/h4>\n<h4 style=\"text-align: center;\"><span style=\"color: #800000;\"><strong>Zatem w obu sklepach w Karwodrzy s\u0105 do pobrania gotowe, wydrukowane formularze. Wystarczy je zabra\u0107, wype\u0142ni\u0107 i (je\u015bli si\u0119 nie ma bankowego konta z obs\u0142ug\u0105 internetow\u0105 i mo\u017cliwo\u015bci dokonania przelewu) wraz z wp\u0142at\u0105 dostarczy\u0107 pod adres Stowarzyszenia Mi\u0142o\u015bnik\u00f3w Karwodrzy &#8211; Karwodrza 29. Wszyscy, kt\u00f3rzy zg\u0142osz\u0105 si\u0119 w ten spos\u00f3b zostan\u0105 dopisani do listy uczestnik\u00f3w.<\/strong><\/span><\/h4>\n<h4 style=\"text-align: center;\"><span style=\"color: #ff0000;\"><strong>Dodatkowo informujemy, \u017ce kasujemy dat\u0119 graniczn\u0105 31.03 i zg\u0142oszenia na rajd zbieramy do ostatniej chwili, tzn. do godz. 13:59 dnia 22.04.2018, przy czym pakiety startowe gwarantujemy 100 (stu) pierwszym zg\u0142oszonym osobom.\u00a0Kolejne osoby zg\u0142aszaj\u0105ce si\u0119, otrzymaj\u0105 r\u00f3\u017cne gad\u017cety (smycze, koszulki itp) do wyczerpania zapas\u00f3w. Zapraszamy do dalszego zapisywania si\u0119. Cel szczytny!<\/strong><\/span><\/h4>\n<hr \/>\n<h4><span style=\"color: #800000;\">23.03.2018<\/span><\/h4>\n<h4 style=\"text-align: center;\"><span style=\"color: #800000;\">TEMI o planowanym rajdzie<\/span><\/h4>\n<p><img loading=\"lazy\" decoding=\"async\" class=\"aligncenter wp-image-619 size-full\" src=\"https:\/\/karwodrza.pl\/wp-content\/uploads\/2018\/03\/20180321_134911.jpg\" alt=\"\" width=\"2961\" height=\"2661\" srcset=\"https:\/\/karwodrza.pl\/wp-content\/uploads\/2018\/03\/20180321_134911.jpg 2961w, https:\/\/karwodrza.pl\/wp-content\/uploads\/2018\/03\/20180321_134911-300x270.jpg 300w, https:\/\/karwodrza.pl\/wp-content\/uploads\/2018\/03\/20180321_134911-768x690.jpg 768w, https:\/\/karwodrza.pl\/wp-content\/uploads\/2018\/03\/20180321_134911-1024x920.jpg 1024w\" sizes=\"auto, (max-width: 2961px) 100vw, 2961px\" \/><\/p>\n<h4>_______________________________________________________________________<\/h4>\n<h4><span style=\"color: #000080;\"><strong>02.03.2018<\/strong><\/span><\/h4>\n<h4 style=\"text-align: center;\"><span style=\"color: #0000ff;\">Jeste\u015b ciekaw jak b\u0119dzie wygl\u0105da\u0142a impreza, ale nie je\u017adzisz na rowerze? Nie ma problemu! Zapraszamy na boisko!<\/span><br \/>\n<span style=\"color: #0000ff;\">W czasie, gdy b\u0119dzie trwa\u0142 przejazd rower\u00f3w przez Karwodrz\u0119, na boisku planowane s\u0105 r\u00f3\u017cne atrakcje &#8211; niespodzianki\u00a0 \ud83d\ude42<\/span><br \/>\n<span style=\"color: #0000ff;\">Chcesz pokaza\u0107 swoje hobby? Malujesz, haftujesz, zajmujesz si\u0119 r\u0119kodzie\u0142em lub pieczesz pyszne ciasta i chcesz si\u0119 tym pochwali\u0107? Super! Ch\u0119tnie poka\u017cemy to na naszych stoiskach!<\/span><br \/>\n<span style=\"color: #0000ff;\">Masz ciekawe pomys\u0142y? Chcesz si\u0119 z nami nimi podzieli\u0107 i pom\u00f3c w realiz<span class=\"text_exposed_show\">acji ChRRR? No to rewelacyjnie!<br \/>\nZapraszamy do kontaktu, poprzez komentarze, prywatne wiadomo\u015bci, maila (lukaszwlodarz@karwodrza.pl) i telefon (696475090).<\/span><\/span><\/h4>\n<hr \/>\n<h2 style=\"text-align: center;\"><span style=\"color: #800000;\">Patronat medialny:<\/span><\/h2>\n<h2><img loading=\"lazy\" decoding=\"async\" class=\"size-full wp-image-576 aligncenter\" src=\"https:\/\/karwodrza.pl\/wp-content\/uploads\/2018\/03\/eska_cmyk_tar98_1.jpg\" alt=\"\" width=\"274\" height=\"115\" \/><\/h2>\n<h2><img loading=\"lazy\" decoding=\"async\" class=\"size-medium wp-image-577 aligncenter\" src=\"https:\/\/karwodrza.pl\/wp-content\/uploads\/2018\/03\/pobrane.jpg\" alt=\"\" width=\"240\" height=\"122\" \/><img loading=\"lazy\" decoding=\"async\" class=\"wp-image-598 size-medium aligncenter\" src=\"https:\/\/karwodrza.pl\/wp-content\/uploads\/2018\/03\/logo_dk-300x82.jpg\" alt=\"\" width=\"300\" height=\"82\" srcset=\"https:\/\/karwodrza.pl\/wp-content\/uploads\/2018\/03\/logo_dk-300x82.jpg 300w, https:\/\/karwodrza.pl\/wp-content\/uploads\/2018\/03\/logo_dk-768x210.jpg 768w, https:\/\/karwodrza.pl\/wp-content\/uploads\/2018\/03\/logo_dk-1024x280.jpg 1024w, https:\/\/karwodrza.pl\/wp-content\/uploads\/2018\/03\/logo_dk-604x165.jpg 604w\" sizes=\"auto, (max-width: 300px) 100vw, 300px\" \/><\/h2>\n<p>&nbsp;<\/p>\n<h2 style=\"text-align: center;\"><span style=\"color: #800000;\">Sponsorzy:<\/span><\/h2>\n<p><img loading=\"lazy\" decoding=\"async\" class=\"alignnone size-medium wp-image-683\" src=\"https:\/\/karwodrza.pl\/wp-content\/uploads\/2018\/04\/12345-300x126.jpg\" alt=\"\" width=\"300\" height=\"126\" srcset=\"https:\/\/karwodrza.pl\/wp-content\/uploads\/2018\/04\/12345-300x126.jpg 300w, https:\/\/karwodrza.pl\/wp-content\/uploads\/2018\/04\/12345.jpg 482w\" sizes=\"auto, (max-width: 300px) 100vw, 300px\" \/><img loading=\"lazy\" decoding=\"async\" class=\"alignnone wp-image-679 size-thumbnail\" src=\"https:\/\/karwodrza.pl\/wp-content\/uploads\/2018\/04\/IMG_8566-\u2014-kopia-150x150.jpg\" alt=\"\" width=\"150\" height=\"150\" srcset=\"https:\/\/karwodrza.pl\/wp-content\/uploads\/2018\/04\/IMG_8566-\u2014-kopia-150x150.jpg 150w, https:\/\/karwodrza.pl\/wp-content\/uploads\/2018\/04\/IMG_8566-\u2014-kopia-300x300.jpg 300w, https:\/\/karwodrza.pl\/wp-content\/uploads\/2018\/04\/IMG_8566-\u2014-kopia-768x768.jpg 768w, https:\/\/karwodrza.pl\/wp-content\/uploads\/2018\/04\/IMG_8566-\u2014-kopia-1024x1024.jpg 1024w, https:\/\/karwodrza.pl\/wp-content\/uploads\/2018\/04\/IMG_8566-\u2014-kopia-270x270.jpg 270w\" sizes=\"auto, (max-width: 150px) 100vw, 150px\" \/><img loading=\"lazy\" decoding=\"async\" class=\"alignnone size-medium wp-image-636\" src=\"https:\/\/karwodrza.pl\/wp-content\/uploads\/2018\/03\/13206316-300x155.png\" alt=\"\" width=\"300\" height=\"155\" srcset=\"https:\/\/karwodrza.pl\/wp-content\/uploads\/2018\/03\/13206316-300x155.png 300w, https:\/\/karwodrza.pl\/wp-content\/uploads\/2018\/03\/13206316-768x396.png 768w, https:\/\/karwodrza.pl\/wp-content\/uploads\/2018\/03\/13206316-524x270.png 524w, https:\/\/karwodrza.pl\/wp-content\/uploads\/2018\/03\/13206316.png 970w\" sizes=\"auto, (max-width: 300px) 100vw, 300px\" \/><img loading=\"lazy\" decoding=\"async\" class=\"alignnone wp-image-616 size-medium\" src=\"https:\/\/karwodrza.pl\/wp-content\/uploads\/2018\/03\/KARMOT_Logo_pdst_CMYK-300x200.jpg\" alt=\"\" width=\"300\" height=\"200\" srcset=\"https:\/\/karwodrza.pl\/wp-content\/uploads\/2018\/03\/KARMOT_Logo_pdst_CMYK-300x200.jpg 300w, https:\/\/karwodrza.pl\/wp-content\/uploads\/2018\/03\/KARMOT_Logo_pdst_CMYK-768x512.jpg 768w, https:\/\/karwodrza.pl\/wp-content\/uploads\/2018\/03\/KARMOT_Logo_pdst_CMYK-1024x683.jpg 1024w, https:\/\/karwodrza.pl\/wp-content\/uploads\/2018\/03\/KARMOT_Logo_pdst_CMYK-405x270.jpg 405w\" sizes=\"auto, (max-width: 300px) 100vw, 300px\" \/><img loading=\"lazy\" decoding=\"async\" class=\"alignnone wp-image-570 size-medium\" src=\"https:\/\/karwodrza.pl\/wp-content\/uploads\/2018\/03\/11039213_128582630807631_1978992867328696588_n-300x300.png\" alt=\"\" width=\"300\" height=\"300\" srcset=\"https:\/\/karwodrza.pl\/wp-content\/uploads\/2018\/03\/11039213_128582630807631_1978992867328696588_n-300x300.png 300w, https:\/\/karwodrza.pl\/wp-content\/uploads\/2018\/03\/11039213_128582630807631_1978992867328696588_n-150x150.png 150w, https:\/\/karwodrza.pl\/wp-content\/uploads\/2018\/03\/11039213_128582630807631_1978992867328696588_n.png 768w, https:\/\/karwodrza.pl\/wp-content\/uploads\/2018\/03\/11039213_128582630807631_1978992867328696588_n-270x270.png 270w\" sizes=\"auto, (max-width: 300px) 100vw, 300px\" \/> <img loading=\"lazy\" decoding=\"async\" class=\"alignnone wp-image-600 size-medium\" src=\"https:\/\/karwodrza.pl\/wp-content\/uploads\/2018\/03\/logo_S_nowe-page-001-300x222.jpg\" alt=\"\" width=\"300\" height=\"222\" srcset=\"https:\/\/karwodrza.pl\/wp-content\/uploads\/2018\/03\/logo_S_nowe-page-001-300x222.jpg 300w, https:\/\/karwodrza.pl\/wp-content\/uploads\/2018\/03\/logo_S_nowe-page-001-768x569.jpg 768w, https:\/\/karwodrza.pl\/wp-content\/uploads\/2018\/03\/logo_S_nowe-page-001-1024x758.jpg 1024w, https:\/\/karwodrza.pl\/wp-content\/uploads\/2018\/03\/logo_S_nowe-page-001-365x270.jpg 365w, https:\/\/karwodrza.pl\/wp-content\/uploads\/2018\/03\/logo_S_nowe-page-001.jpg 1754w\" sizes=\"auto, (max-width: 300px) 100vw, 300px\" \/> <img loading=\"lazy\" decoding=\"async\" class=\"alignnone wp-image-601 size-medium\" src=\"https:\/\/karwodrza.pl\/wp-content\/uploads\/2018\/03\/LOGO-page-001-300x237.jpg\" alt=\"\" width=\"300\" height=\"237\" srcset=\"https:\/\/karwodrza.pl\/wp-content\/uploads\/2018\/03\/LOGO-page-001-300x237.jpg 300w, https:\/\/karwodrza.pl\/wp-content\/uploads\/2018\/03\/LOGO-page-001-768x606.jpg 768w, https:\/\/karwodrza.pl\/wp-content\/uploads\/2018\/03\/LOGO-page-001-1024x808.jpg 1024w, https:\/\/karwodrza.pl\/wp-content\/uploads\/2018\/03\/LOGO-page-001-342x270.jpg 342w, https:\/\/karwodrza.pl\/wp-content\/uploads\/2018\/03\/LOGO-page-001.jpg 1325w\" sizes=\"auto, (max-width: 300px) 100vw, 300px\" \/> <img loading=\"lazy\" decoding=\"async\" class=\"alignnone wp-image-572 size-medium\" src=\"https:\/\/karwodrza.pl\/wp-content\/uploads\/2018\/03\/Logo_WIMED-300x126.jpg\" alt=\"\" width=\"300\" height=\"126\" srcset=\"https:\/\/karwodrza.pl\/wp-content\/uploads\/2018\/03\/Logo_WIMED-300x126.jpg 300w, https:\/\/karwodrza.pl\/wp-content\/uploads\/2018\/03\/Logo_WIMED-768x323.jpg 768w, https:\/\/karwodrza.pl\/wp-content\/uploads\/2018\/03\/Logo_WIMED-1024x431.jpg 1024w, https:\/\/karwodrza.pl\/wp-content\/uploads\/2018\/03\/Logo_WIMED-604x254.jpg 604w, https:\/\/karwodrza.pl\/wp-content\/uploads\/2018\/03\/Logo_WIMED.jpg 1074w\" sizes=\"auto, (max-width: 300px) 100vw, 300px\" \/> <img loading=\"lazy\" decoding=\"async\" class=\"alignnone size-medium wp-image-573\" src=\"https:\/\/karwodrza.pl\/wp-content\/uploads\/2018\/03\/LOGO1NEW2018-page-001-300x141.jpg\" alt=\"\" width=\"300\" height=\"141\" srcset=\"https:\/\/karwodrza.pl\/wp-content\/uploads\/2018\/03\/LOGO1NEW2018-page-001-300x141.jpg 300w, https:\/\/karwodrza.pl\/wp-content\/uploads\/2018\/03\/LOGO1NEW2018-page-001-768x360.jpg 768w, https:\/\/karwodrza.pl\/wp-content\/uploads\/2018\/03\/LOGO1NEW2018-page-001-1024x480.jpg 1024w, https:\/\/karwodrza.pl\/wp-content\/uploads\/2018\/03\/LOGO1NEW2018-page-001-575x270.jpg 575w, https:\/\/karwodrza.pl\/wp-content\/uploads\/2018\/03\/LOGO1NEW2018-page-001.jpg 1217w\" sizes=\"auto, (max-width: 300px) 100vw, 300px\" \/> <img loading=\"lazy\" decoding=\"async\" class=\"alignnone size-medium wp-image-574\" src=\"https:\/\/karwodrza.pl\/wp-content\/uploads\/2018\/03\/logo-sinclair-s-pred-rgb-300x57.jpg\" alt=\"\" width=\"300\" height=\"57\" srcset=\"https:\/\/karwodrza.pl\/wp-content\/uploads\/2018\/03\/logo-sinclair-s-pred-rgb-300x57.jpg 300w, https:\/\/karwodrza.pl\/wp-content\/uploads\/2018\/03\/logo-sinclair-s-pred-rgb-768x145.jpg 768w, https:\/\/karwodrza.pl\/wp-content\/uploads\/2018\/03\/logo-sinclair-s-pred-rgb-1024x193.jpg 1024w, https:\/\/karwodrza.pl\/wp-content\/uploads\/2018\/03\/logo-sinclair-s-pred-rgb-604x114.jpg 604w\" sizes=\"auto, (max-width: 300px) 100vw, 300px\" \/> <img loading=\"lazy\" decoding=\"async\" class=\"alignnone size-medium wp-image-575\" src=\"https:\/\/karwodrza.pl\/wp-content\/uploads\/2018\/03\/whirlpool_logo-300x100.jpg\" alt=\"\" width=\"300\" height=\"100\" srcset=\"https:\/\/karwodrza.pl\/wp-content\/uploads\/2018\/03\/whirlpool_logo-300x100.jpg 300w, https:\/\/karwodrza.pl\/wp-content\/uploads\/2018\/03\/whirlpool_logo-768x256.jpg 768w, https:\/\/karwodrza.pl\/wp-content\/uploads\/2018\/03\/whirlpool_logo-1024x342.jpg 1024w, https:\/\/karwodrza.pl\/wp-content\/uploads\/2018\/03\/whirlpool_logo-604x201.jpg 604w\" sizes=\"auto, (max-width: 300px) 100vw, 300px\" \/><\/p>\n<hr \/>\n<h1><\/h1>\n<h1 style=\"text-align: center;\"><span style=\"color: #800000;\"><strong>LISTA UCZESTNIK\u00d3W<\/strong><\/span><\/h1>\n<p style=\"text-align: center;\"><span style=\"color: #000080;\"><strong>(Przes\u0142any wype\u0142niony formularz i dokonana wp\u0142ata na konto)<\/strong><\/span><\/p>\n<h5 style=\"text-align: center;\"><span style=\"color: #ff0000;\"><strong>Zg\u0142oszenia do dnia 22.04.2018, do godz. 13:59.<\/strong><\/span><\/h5>\n<h5 style=\"text-align: center;\"><span style=\"color: #ff0000;\"><strong>Gwarancja pakiet\u00f3w startowych dla pierwszych 100 (stu) os\u00f3b!<\/strong><\/span><\/h5>\n<p>&nbsp;<\/p>\n<ol>\n<li>Damian G. \u2013 Rzesz\u00f3w (doros\u0142y, roz. S) \u2013 singiel<\/li>\n<li>Jadwiga W. \u2013 Karwodrza (doros\u0142y, roz. S) \u2309<\/li>\n<li>Filip W. \u2013 Karwodrza (dziecko)\u00a0 \u00a0 \u00a0 \u00a0 \u00a0 \u00a0 \u00a0 \u00a0 \u00a0 \u00a0 \u00a0 \u00a0\u232a &#8211; familijny<\/li>\n<li>Mateusz W. \u2013 Karwodrza (dziecko)\u00a0 \u00a0 \u00a0 \u00a0 \u00a0 \u00a0 \u00a0 \u230b<\/li>\n<li>Tomasz Z. &#8211; Rzesz\u00f3w (doros\u0142y, roz. M) &#8211; singiel<\/li>\n<li>Krzysztof P. &#8211; Rzesz\u00f3w (doros\u0142y, roz. L) &#8211; singiel<\/li>\n<li>Wies\u0142awa P. &#8211; Rzesz\u00f3w (doros\u0142y, roz. M) &#8211; singiel<\/li>\n<li>Dorota S. &#8211; Tuch\u00f3w (doros\u0142y, roz. S)\u00a0 \u2309<\/li>\n<li>Janusz S. &#8211; Tuch\u00f3w (doros\u0142y, roz. M)\u00a0\u232a &#8211; familijny<\/li>\n<li>Milena S. &#8211; Tuch\u00f3w (dziecko)\u00a0 \u00a0 \u00a0 \u00a0 \u00a0 \u00a0 \u00a0 \u00a0\u230b<\/li>\n<li>Jakub K. &#8211; Rudna Wielka (doros\u0142y, roz. M) &#8211; singiel<\/li>\n<li>Krzysztof K. &#8211; Rzesz\u00f3w (doros\u0142y, roz. L) &#8211; singiel<\/li>\n<li>Marek K. &#8211; Pogwizd\u00f3w (doros\u0142y, roz. L) &#8211; sinliel<\/li>\n<li>Tomasz W. &#8211; Edynburg (doros\u0142y, roz. XXL) &#8211; singiel<\/li>\n<li>Mateusz W. &#8211; Rzesz\u00f3w (doros\u0142y, roz. XL) &#8211; singiel<\/li>\n<li>Agnieszka P. &#8211; Rzesz\u00f3w (doros\u0142y, roz. S) &#8211; singiel<\/li>\n<li>Pawe\u0142 K. &#8211; Karwodrza (doros\u0142y, roz. M)\u00a0\u2309 &#8211; familijny<\/li>\n<li>Kacper K. &#8211; Karwodrza (dziecko)\u00a0 \u00a0 \u00a0 \u00a0 \u00a0 \u00a0 \u00a0\u230b<\/li>\n<li>Bartosz P. &#8211; Rzesz\u00f3w (doros\u0142y, roz. M) &#8211; singiel<\/li>\n<li>Marek Cz. &#8211; Tarn\u00f3w (doros\u0142y, roz. L) &#8211; singiel<\/li>\n<li>Robert K. &#8211; Lisia G\u00f3ra (doros\u0142y, roz. XL)\u00a0\u2309 &#8211; familijny<\/li>\n<li>Natalia K. &#8211; Lisia G\u00f3ra (dziecko)\u00a0 \u00a0 \u00a0 \u00a0 \u00a0 \u00a0 \u00a0 \u00a0 \u230b<\/li>\n<li>Piotr T. &#8211; Gorlice (doros\u0142y, roz. L)\u00a0 \u00a0 \u00a0 \u00a0 \u00a0 \u00a0 \u00a0\u2309 &#8211; familijny<\/li>\n<li>Miros\u0142awa T. &#8211; Gorlice (doros\u0142y, roz. M)\u00a0\u230b<\/li>\n<li>Mieczys\u0142aw J. &#8211; Karwodrza (doros\u0142y, roz. L) &#8211; singiel<\/li>\n<li>Monika K. &#8211; Karwodrza (doros\u0142y, roz. S)\u00a0\u2309<\/li>\n<li>Nikola K. &#8211; Karwodrza (dziecko)\u00a0 \u00a0 \u00a0 \u00a0 \u00a0 \u00a0 \u00a0 \u00a0 \u00a0\u232a &#8211; familijny<\/li>\n<li>Bartosz K. &#8211; Karwodrza (dziecko)\u00a0 \u00a0 \u00a0 \u00a0 \u00a0 \u00a0 \u00a0 \u230b<\/li>\n<li>\u0141ukasz W. &#8211; Karwodrza (doros\u0142y, roz. XL)\u00a0\u2309<\/li>\n<li>Kacper W. &#8211; Karwodrza (dziecko)\u00a0 \u00a0 \u00a0 \u00a0 \u00a0 \u00a0 \u00a0 \u00a0 \u00a0\u232a &#8211; familijny<\/li>\n<li>Lena W. &#8211; Karwodrza (dziecko)\u00a0 \u00a0 \u00a0 \u00a0 \u00a0 \u00a0 \u00a0 \u00a0 \u00a0 \u00a0 \u00a0\u230b<\/li>\n<li>Jerzy W. &#8211; Tarn\u00f3w (doros\u0142y, roz. L) &#8211; singiel<\/li>\n<li>Agnieszka P. &#8211; Karwodrza (doros\u0142y, roz. XL) &#8211; singiel<\/li>\n<li>Stefan P. &#8211; Karwodrza (doros\u0142y, roz. XL) &#8211; singiel<\/li>\n<li>Barbara O. &#8211; Karwodrza (doros\u0142y, roz. L)\u00a0\u2309 &#8211; familijny<\/li>\n<li>Micha\u0142 O. &#8211; Karwodrza (dziecko)\u00a0 \u00a0 \u00a0 \u00a0 \u00a0 \u00a0 \u00a0 \u00a0 \u00a0\u230b<\/li>\n<li>Ma\u0142gorzata I. &#8211; Karwodrza (doros\u0142y, roz. M) &#8211; singiel<\/li>\n<li>Piotr K. &#8211; Tuch\u00f3w (doros\u0142y, roz. XL)\u00a0\u2309 &#8211; familijny<\/li>\n<li>Marta S. &#8211; Tuch\u00f3w (doros\u0142y, roz. L)\u00a0 \u230b<\/li>\n<li>Mieczys\u0142aw K. &#8211; Karwodrza (doros\u0142y, roz. XL) &#8211; singiel<\/li>\n<li>Alina K. &#8211; Karwodrza (doros\u0142y, roz. M) &#8211; singiel<\/li>\n<li>Karolina K. &#8211; Karwodrza (doros\u0142y, roz. L) &#8211; singiel<\/li>\n<li>Sylwia J. &#8211; Nowodworze (doros\u0142y, roz. L)\u00a0 \u00a0\u2309 &#8211; familijny<\/li>\n<li>Pawe\u0142 J. &#8211; Nowodworze (doros\u0142y, roz. XL) \u230b<\/li>\n<li>Bogdan P. &#8211; Karwodrza (doros\u0142y, roz. L)\u00a0\u2309 &#8211; familijny<\/li>\n<li>Szymon P. &#8211; Karwodrza (dziecko)\u00a0 \u00a0 \u00a0 \u00a0 \u00a0 \u00a0 \u00a0\u230b<\/li>\n<li>Katarzyna J. &#8211; \u0141\u0119towice (doros\u0142y, roz. M) &#8211; singiel<\/li>\n<li>Marcin L. &#8211; Tarn\u00f3w (doros\u0142y, roz. M)\u00a0 \u2309<\/li>\n<li>Joanna L. &#8211;\u00a0Tarn\u00f3w (doros\u0142y, roz. M)\u00a0\u232a &#8211; familijny<\/li>\n<li>Blanka L. &#8211; Tarn\u00f3w (dziecko)\u00a0 \u00a0 \u00a0 \u00a0 \u00a0 \u00a0 \u00a0 \u00a0 \u232a<\/li>\n<li>Lena L. &#8211; Tarn\u00f3w (dziecko)\u00a0 \u00a0 \u00a0 \u00a0 \u00a0 \u00a0 \u00a0 \u00a0 \u00a0 \u00a0\u00a0\u230b<\/li>\n<li>Piotr Z. &#8211; Tuch\u00f3w (doros\u0142y, roz. XL)\u00a0\u2309<\/li>\n<li>Agata Z. &#8211; Tuch\u00f3w (doros\u0142y, roz. L)\u00a0 \u00a0\u232a<\/li>\n<li>Izabela Z. &#8211; Tuch\u00f3w (dziecko)\u00a0 \u00a0 \u00a0 \u00a0 \u00a0 \u00a0 \u00a0\u232a &#8211; familijny<\/li>\n<li>Wiktoria Z. &#8211; Tuch\u00f3w (dziecko)\u00a0 \u00a0 \u00a0 \u00a0 \u00a0 \u232a<\/li>\n<li>Hubert Z. &#8211; Tuch\u00f3w (dziecko)\u00a0 \u00a0 \u00a0 \u00a0 \u00a0 \u00a0 \u230b<\/li>\n<li>Krzysztof G. &#8211; Tuch\u00f3w (doros\u0142y, roz. XL)\u00a0\u2309 &#8211; familijny<\/li>\n<li>Micha\u0142 G. &#8211; Tuch\u00f3w (dziecko)\u00a0 \u00a0 \u00a0 \u00a0 \u00a0 \u00a0 \u00a0 \u00a0 \u00a0 \u00a0 \u00a0 \u230b<\/li>\n<li>Artur S. &#8211; Zab\u0142\u0119dza (doros\u0142y, roz. M) &#8211; singiel<\/li>\n<li>Renata C. &#8211; Piotrkowice (doros\u0142y, roz. M) &#8211; singiel<\/li>\n<li>Bartosz B. &#8211; Tuch\u00f3w (doros\u0142y, roz. M)\u00a0\u2309<\/li>\n<li>Lidia B. &#8211; Tuch\u00f3w (doros\u0142y, roz. S)\u00a0 \u00a0 \u00a0 \u00a0 \u232a &#8211; familijny<\/li>\n<li>Szymon B. &#8211; Tuch\u00f3w (dziecko)\u00a0 \u00a0 \u00a0 \u00a0 \u00a0 \u00a0 \u00a0 \u232a<\/li>\n<li>Hubert B. &#8211; Tuch\u00f3w (dziecko)\u00a0 \u00a0 \u00a0 \u00a0 \u00a0 \u00a0 \u00a0 \u00a0 \u230b<\/li>\n<li>Joanna \u0141. &#8211; Rzepiennik Biskupi (doros\u0142y, roz. S) &#8211; singiel<\/li>\n<li>Krystyna K. &#8211; Zab\u0142\u0119dza (doros\u0142y, roz. L) &#8211; singiel<\/li>\n<li>Marzena S. &#8211; Buchcice (doros\u0142y, roz. XL) &#8211; singiel<\/li>\n<li>Alicja O. &#8211; \u0141owcz\u00f3w (dziecko) &#8211; singiel<\/li>\n<li>Aleksandra W. &#8211; \u0141owcz\u00f3w (dziecko) &#8211; singiel<\/li>\n<li>Micha\u0142 K. &#8211; \u0141owcz\u00f3w (dziecko) &#8211; singiel<\/li>\n<li>Nikodem M. &#8211; \u0141owcz\u00f3w (dziecko) &#8211; singiel<\/li>\n<li>Jakub \u0141. &#8211; \u0141owcz\u00f3w (dziecko) &#8211; singiel<\/li>\n<li>Arkadiusz S. &#8211; \u0141owcz\u00f3w (dziecko) &#8211; singiel<\/li>\n<li>Lena M. &#8211; \u0141owcz\u00f3w (dziecko) &#8211; singiel<\/li>\n<li>Dominik F. &#8211; \u0141owcz\u00f3w (dziecko) &#8211; singiel<\/li>\n<li>Julia M. &#8211; \u0141owcz\u00f3w (dziecko) &#8211; singiel<\/li>\n<li>Bart\u0142omiej J. &#8211; Paw\u0119z\u00f3w (doros\u0142y, roz. M) &#8211; singiel<\/li>\n<li>Rafa\u0142 P. &#8211; Karwodrza (doros\u0142y, roz. XL)\u00a0 \u00a0 \u00a0 \u00a0 \u00a0 \u00a0\u2309<\/li>\n<li>Bernadetta P. &#8211; Karwodrza (doros\u0142y, roz. S)\u00a0\u232a &#8211; familijny<\/li>\n<li>Natalia P. &#8211; Karwodrza (dziecko)\u00a0 \u00a0 \u00a0 \u00a0 \u00a0 \u00a0 \u00a0 \u00a0 \u00a0 \u00a0 \u00a0 \u230b<\/li>\n<li>Maciej S. &#8211; Burzyn (doros\u0142y, roz. L)\u00a0\u2309 &#8211; familijny<\/li>\n<li>Anna S. &#8211; Burzyn (doros\u0142y, roz. S)\u00a0 \u00a0\u230b<\/li>\n<li>Marcin S. &#8211; Karwodrza (doros\u0142y, roz. M) &#8211; singiel<\/li>\n<li>Edyta K. &#8211; Karwodrza (doros\u0142y, roz. M)\u00a0\u2309<\/li>\n<li>Karolina K. &#8211; Karwodrza (dziecko)\u00a0 \u00a0 \u00a0 \u00a0 \u00a0\u00a0\u232a &#8211; familijny<\/li>\n<li>Jakub K. &#8211; Karwodrza (dziecko)\u00a0 \u00a0 \u00a0 \u00a0 \u00a0 \u00a0 \u00a0 \u230b<\/li>\n<li>Jakub W. &#8211; Tarn\u00f3w (dziecko) &#8211; singiel<\/li>\n<li>Robert W. &#8211; Tarn\u00f3w (doros\u0142y, roz. XL) &#8211; singiel<\/li>\n<li>Grzegorz N. &#8211; Tuch\u00f3w (doros\u0142y, roz. M) &#8211; singiel<\/li>\n<li>Dawid Sz. &#8211; Karwodrza (dziecko) &#8211; singiel<\/li>\n<li>Dorota Sz. &#8211; Karwodrza (doros\u0142y, roz. M)\u00a0\u2309<\/li>\n<li>Piotr Sz. &#8211; Karwodrza (doros\u0142y, roz. L)\u00a0 \u00a0 \u00a0 \u00a0\u232a\u00a0&#8211; familijny<\/li>\n<li>Julia Sz. &#8211; Karwodrza (dziecko)\u00a0 \u00a0 \u00a0 \u00a0 \u00a0 \u00a0 \u00a0 \u00a0 \u00a0 \u00a0 \u232a<\/li>\n<li>Amelia Sz. &#8211; Karwodrza (dziecko)\u00a0 \u00a0 \u00a0 \u00a0 \u00a0 \u00a0 \u00a0 \u00a0\u230b<\/li>\n<li>Henryk K. &#8211; Tarn\u00f3w (doros\u0142y, roz. M) &#8211; singiel<\/li>\n<li>Wies\u0142awa K. &#8211; Tarn\u00f3w (doros\u0142y, roz. M)\u00a0 \u00a0 \u00a0\u2309<\/li>\n<li>Przemys\u0142aw K. &#8211; Tarn\u00f3w (doros\u0142y, roz. S)\u00a0\u232a &#8211; familijny<\/li>\n<li>Nela K. &#8211; Tarn\u00f3w (dziecko)\u00a0 \u00a0 \u00a0 \u00a0 \u00a0 \u00a0 \u00a0 \u00a0 \u00a0 \u00a0 \u00a0 \u00a0 \u00a0 \u00a0 \u00a0\u232a<\/li>\n<li>Jeremi K. &#8211; Tarn\u00f3w (dziecko)\u00a0 \u00a0 \u00a0 \u00a0 \u00a0 \u00a0 \u00a0 \u00a0 \u00a0 \u00a0 \u00a0 \u00a0 \u230b<\/li>\n<li>Kacper K. &#8211; Radlna (doros\u0142y, roz. S) &#8211; singiel\u00a0 &#8211;\u00a0 <span style=\"color: #ff0000;\"><strong>Pierwsze 100 os\u00f3b &#8211; gwarancja pakiet\u00f3w startowych. Kolejne osoby &#8211; r\u00f3\u017cne gad\u017cety (smycze, koszulki itp) do wyczerpania zapas\u00f3w. Zapraszamy do dalszego zapisywania si\u0119. Cel szczytny!<\/strong><\/span><\/li>\n<li>Stanis\u0142aw P. &#8211; Buchcice (doros\u0142y, roz. XL) &#8211; singiel<\/li>\n<li>Marcin Sz. &#8211; Karwodrza (doros\u0142y, roz. XL)\u00a0\u2309<\/li>\n<li>Jakub Sz. &#8211; Karwodrza (dziecko)\u00a0 \u00a0 \u00a0 \u00a0 \u00a0 \u00a0 \u00a0 \u00a0 \u00a0 \u232a &#8211; familijny<\/li>\n<li>Wiktoria Sz. &#8211; Karwodrza (dziecko)\u00a0 \u00a0 \u00a0 \u00a0 \u00a0 \u00a0 \u00a0\u230b<\/li>\n<li>Maria Sz. &#8211; Karwodrza (doros\u0142y, roz. M) &#8211; singiel<\/li>\n<li>Jan S. &#8211; Karwodrza (doros\u0142y, roz. M) &#8211; singiel<\/li>\n<li>Bogdan Cz. &#8211; Tuch\u00f3w (doros\u0142y, roz. L)\u00a0 \u00a0 \u00a0 \u00a0 \u2309<\/li>\n<li>Ma\u0142gorzata Cz. &#8211; Tuch\u00f3w (doros\u0142y, roz. S)\u00a0\u232a &#8211; familijny<\/li>\n<li>Zuzanna Cz. &#8211; Tuch\u00f3w (dziecko)\u00a0 \u00a0 \u00a0 \u00a0 \u00a0 \u00a0 \u00a0 \u00a0 \u00a0 \u00a0\u232a<\/li>\n<li>Wojciech Cz. &#8211; Tuch\u00f3w (dziecko)\u00a0 \u00a0 \u00a0 \u00a0 \u00a0 \u00a0 \u00a0 \u00a0 \u00a0 \u230b<\/li>\n<li>Stanis\u0142awa J. &#8211; Karwodrza (doros\u0142y, roz. M) &#8211; singiel<\/li>\n<li>Dawid K. &#8211; \u015awiebodzin (dziecko) &#8211; singiel<\/li>\n<li>Mateusz K. &#8211; Tuch\u00f3w (doros\u0142y, roz. L)\u00a0\u2309 &#8211; familijny<\/li>\n<li>Konstanty K. &#8211; Tuch\u00f3w (dziecko)\u00a0 \u00a0 \u00a0 \u00a0 \u00a0\u00a0\u230b<\/li>\n<li>\u0141ukasz T. &#8211; Zab\u0142\u0119dza (doros\u0142y, roz. L) &#8211; singiel<\/li>\n<li>Waldemar D. &#8211; Karwodrza (doros\u0142y, roz. L)\u00a0 \u2309<\/li>\n<li>Franciszka D. &#8211; Karwodrza (doros\u0142y, roz. M) \u232a &#8211; familijny<\/li>\n<li>Jan D. &#8211; Karwodrza (dziecko)\u00a0 \u00a0 \u00a0 \u00a0 \u00a0 \u00a0 \u00a0 \u00a0 \u00a0 \u00a0 \u00a0 \u00a0 \u00a0 \u00a0 \u00a0\u232a<\/li>\n<li>Tomasz D. &#8211; Karwodrza (dziecko)\u00a0 \u00a0 \u00a0 \u00a0 \u00a0 \u00a0 \u00a0 \u00a0 \u00a0 \u00a0 \u230b<\/li>\n<li>Sylwia S. &#8211; Karwodrza (doros\u0142y, roz. L) &#8211; singiel<\/li>\n<li>Marek S. &#8211; Karwodrza (doros\u0142y, roz. L)\u00a0\u2309<\/li>\n<li>Anita S. &#8211; Karwodrza (doros\u0142y, roz. L)\u00a0 \u00a0\u232a &#8211; familijny<\/li>\n<li>Sabina S. &#8211; Karwodrza (dziecko)\u00a0 \u00a0 \u00a0 \u00a0 \u00a0 \u00a0 \u230b<\/li>\n<li>Anna J. &#8211; Karwodrza\u00a0 \u00a0 \u00a0 \u00a0 \u00a0 \u2309<\/li>\n<li>Kazimierz J. &#8211; Karwodrza\u00a0\u232a &#8211; familijny<\/li>\n<li>Eliza J. &#8211; Karwodrza\u00a0 \u00a0 \u00a0 \u00a0 \u00a0 \u00a0\u230b<\/li>\n<li>Kazimierz J. &#8211; Karwodrza (doros\u0142y, roz. XL) &#8211; singiel<\/li>\n<li>Leonardo B. &#8211; Rzesz\u00f3w (dziecko) &#8211; singiel<\/li>\n<li>Danuta P. &#8211; Karwodrza (doros\u0142y, roz. XL)\u00a0\u2309 &#8211; familijny<\/li>\n<li>Ludwik P. &#8211; Karwodrza (doros\u0142y, roz. XL)\u00a0\u230b<\/li>\n<li>Oskar K. &#8211; Trzemesna (dziecko) &#8211; singiel<\/li>\n<li>Filip Sz. &#8211; Karwodrza (dziecko) &#8211; singiel<\/li>\n<li>Dawid P. &#8211; Karwodrza &#8211; singiel<\/li>\n<li>Jakub W. &#8211; Tuch\u00f3w (doros\u0142y, roz. XL)\u00a0 \u00a0 \u00a0 \u00a0\u2309<\/li>\n<li>Agnieszka W. &#8211; Tuch\u00f3w (doros\u0142y, roz. L)\u00a0 \u232a &#8211; familijny<\/li>\n<li>Izabela W. &#8211; Tuch\u00f3w (dziecko)\u00a0 \u00a0 \u00a0 \u00a0 \u00a0 \u00a0 \u00a0 \u00a0 \u00a0 \u00a0 \u230b<\/li>\n<li>Tadeusz S. &#8211; Karwodrza (doros\u0142y, roz. L)\u00a0\u2309 &#8211; familijny<\/li>\n<li>Justyna S. &#8211; Karwodrza (dziecko)\u00a0 \u00a0 \u00a0 \u00a0 \u00a0 \u00a0 \u00a0\u00a0\u230b<\/li>\n<li>Agnieszka K. &#8211; Karwodrza (doros\u0142y, roz. L)\u00a0\u2309 &#8211; familijny<\/li>\n<li>Jakub K. &#8211; Karwodrza (dziecko)\u00a0 \u00a0 \u00a0 \u00a0 \u00a0 \u00a0 \u00a0 \u00a0 \u00a0 \u00a0 \u00a0 \u230b<\/li>\n<li>Wac\u0142aw K. &#8211; Meszna Op. (doros\u0142y)\u00a0 \u00a0 \u00a0\u2309<\/li>\n<li>Katarzyna K. &#8211; Meszna Op. (doros\u0142y)\u00a0\u232a &#8211; familijny<\/li>\n<li>Bartosz K. &#8211; Meszna Op. (dziecko)\u00a0 \u00a0 \u00a0 \u232a<\/li>\n<li>Miko\u0142aj K. &#8211; Meszna Op. (dziecko)\u00a0 \u00a0 \u00a0 \u230b<\/li>\n<li>Mariusz D. &#8211; Meszna Op. (doros\u0142y)\u00a0 \u00a0\u2309<\/li>\n<li>Marta D. &#8211; Meszna Op. (doros\u0142y)\u00a0 \u00a0 \u00a0 \u00a0 \u232a &#8211; familijny<\/li>\n<li>Zuzanna D. &#8211; Meszna Op. (dziecko)\u00a0\u230b\u00a0 &#8211;\u00a0 <strong><span style=\"color: #ff0000;\">Poni\u017cej osoby zapisane w biurze rajdu w dniu startu:<\/span><\/strong><\/li>\n<li>J\u00f3zef W.<\/li>\n<li>Wojciech W.<\/li>\n<li>Magdalena G.<\/li>\n<li>Natalia K.<\/li>\n<li>Albert B.<\/li>\n<li>Klaudia B.<\/li>\n<li>Balbina Sz.<\/li>\n<li>Katarzyna K.<\/li>\n<li>Dominika A.<\/li>\n<li>Pawe\u0142 K.<\/li>\n<li>Szymon W.<\/li>\n<li>Adam W.<\/li>\n<li>Pawe\u0142 P.<\/li>\n<li>Agata P.<\/li>\n<li>Jakub P.<\/li>\n<li>Piotr P.<\/li>\n<li>Zuzanna P.<\/li>\n<li>Bogus\u0142aw Sz.<\/li>\n<li>Katarzyna W.<\/li>\n<li>Pawe\u0142 W.<\/li>\n<li>Dagmara R.<\/li>\n<li>Pawe\u0142 R.<\/li>\n<li>Filip R.<\/li>\n<li>Maja R.<\/li>\n<li>Marek M.<\/li>\n<li>Maria P.\u00a0 &#8211;\u00a0 <span style=\"color: #ff0000;\"><strong>\u0141\u0105cznie zapisane 173 osoby. Na starcie zg\u0142osi\u0142o si\u0119 i wyruszy\u0142o w drog\u0119 151 os\u00f3b. Dzi\u0119ki wszystkim za wsp\u00f3ln\u0105 niedziel\u0119 i datki dla Pana Krzysztofa Krzemienia\u00a0 \ud83d\ude42<\/strong><\/span><\/li>\n<\/ol>\n","protected":false},"excerpt":{"rendered":"<p>(EDIT 09.05.2018 &#8211; Podsumowanie poni\u017cej w w\u0105tku) _____________________________________________________________________________ ZAPISY TRWAJ\u0104 DO 22.04!!! Charytatywny Rodzinny Rajd Rowerowy\u00a0przez Karwodrz\u0119 \u201eSzlakiem Naszych Przodk\u00f3w\u201d (Pliki do pobrania i lista zarejestrowanych uczestnik\u00f3w na dole strony) Pliki do pobrania: Formularz zg\u0142oszeniowy uczestnika ChRRR O\u015bwiadzenie, zgoda rodzica, opiekuna na udzia\u0142 dziecka w ChRRR Regulamin ChRRR Mapka ChRRR\u00a0 Zaproszenie na ChRRR ______________________________________________________________________________ 09.05.2018&hellip; <br \/> <a class=\"read-more\" href=\"https:\/\/karwodrza.pl\/index.php\/rajd\/\">Dowiedz si\u0119 wi\u0119cej<\/a><\/p>\n","protected":false},"author":2,"featured_media":0,"parent":0,"menu_order":0,"comment_status":"closed","ping_status":"closed","template":"","meta":{"footnotes":""},"class_list":["post-393","page","type-page","status-publish","hentry"],"_links":{"self":[{"href":"https:\/\/karwodrza.pl\/index.php\/wp-json\/wp\/v2\/pages\/393","targetHints":{"allow":["GET"]}}],"collection":[{"href":"https:\/\/karwodrza.pl\/index.php\/wp-json\/wp\/v2\/pages"}],"about":[{"href":"https:\/\/karwodrza.pl\/index.php\/wp-json\/wp\/v2\/types\/page"}],"author":[{"embeddable":true,"href":"https:\/\/karwodrza.pl\/index.php\/wp-json\/wp\/v2\/users\/2"}],"replies":[{"embeddable":true,"href":"https:\/\/karwodrza.pl\/index.php\/wp-json\/wp\/v2\/comments?post=393"}],"version-history":[{"count":106,"href":"https:\/\/karwodrza.pl\/index.php\/wp-json\/wp\/v2\/pages\/393\/revisions"}],"predecessor-version":[{"id":800,"href":"https:\/\/karwodrza.pl\/index.php\/wp-json\/wp\/v2\/pages\/393\/revisions\/800"}],"wp:attachment":[{"href":"https:\/\/karwodrza.pl\/index.php\/wp-json\/wp\/v2\/media?parent=393"}],"curies":[{"name":"wp","href":"https:\/\/api.w.org\/{rel}","templated":true}]}}