{"id":2693,"date":"2024-03-27T11:09:46","date_gmt":"2024-03-27T10:09:46","guid":{"rendered":"https:\/\/karwodrza.pl\/?page_id=2693"},"modified":"2026-04-13T14:40:04","modified_gmt":"2026-04-13T12:40:04","slug":"ogloszenia-soleckie","status":"publish","type":"page","link":"https:\/\/karwodrza.pl\/index.php\/ogloszenia-soleckie\/","title":{"rendered":"Og\u0142oszenia So\u0142eckie"},"content":{"rendered":"\n<p class=\"has-black-color has-text-color has-link-color has-small-font-size wp-elements-76aae29eb7471f500b95e654034fc90b\">13.04.2026<\/p>\n\n\n\n<p class=\"has-black-color has-text-color has-link-color has-medium-font-size wp-elements-4fd2d09a6429984c0fb3fa8a030a59b4\">So\u0142tys Karwodrzy wraz z rad\u0105 informuj\u0105, \u017ce w najbli\u017cszy czwartek, tj. 16 kwietnia od godz. 17:00 odb\u0119dzie si\u0119 objazd dr\u00f3g w naszej miejscowo\u015bci w celu zweryfikowania ich stanu i zaplanowania koniecznych prac. Osoby zainteresowane proszone s\u0105 o zg\u0142oszenia problem\u00f3w pisemnie lub telefonicznie pod nr: 511470626 (so\u0142tys Micha\u0142 Mikos) lub 696475090 (radny \u0141ukasz W\u0142odarz).<\/p>\n\n\n\n<p class=\"has-black-color has-text-color has-link-color wp-elements-ed04b9ac59fe4b06920a11fdb118d0f7\">__________________________________________________<\/p>\n\n\n\n<p class=\"has-black-color has-text-color has-link-color has-small-font-size wp-elements-c17a92d3f314d5e1efd54e7eac65fdc7\">03.04.2026<\/p>\n\n\n\n<figure class=\"wp-block-image size-large\"><img loading=\"lazy\" decoding=\"async\" width=\"1024\" height=\"1024\" src=\"https:\/\/karwodrza.pl\/wp-content\/uploads\/2026\/04\/Zyczenia-Wielkanoc-2026-rada-solecka-1024x1024.png\" alt=\"\" class=\"wp-image-4063\" srcset=\"https:\/\/karwodrza.pl\/wp-content\/uploads\/2026\/04\/Zyczenia-Wielkanoc-2026-rada-solecka-1024x1024.png 1024w, https:\/\/karwodrza.pl\/wp-content\/uploads\/2026\/04\/Zyczenia-Wielkanoc-2026-rada-solecka-300x300.png 300w, https:\/\/karwodrza.pl\/wp-content\/uploads\/2026\/04\/Zyczenia-Wielkanoc-2026-rada-solecka-150x150.png 150w, https:\/\/karwodrza.pl\/wp-content\/uploads\/2026\/04\/Zyczenia-Wielkanoc-2026-rada-solecka-768x768.png 768w, https:\/\/karwodrza.pl\/wp-content\/uploads\/2026\/04\/Zyczenia-Wielkanoc-2026-rada-solecka-1080x1080.png 1080w, https:\/\/karwodrza.pl\/wp-content\/uploads\/2026\/04\/Zyczenia-Wielkanoc-2026-rada-solecka.png 1254w\" sizes=\"auto, (max-width: 1024px) 100vw, 1024px\" \/><\/figure>\n\n\n\n<p class=\"has-black-color has-text-color has-link-color wp-elements-ed04b9ac59fe4b06920a11fdb118d0f7\">__________________________________________________<\/p>\n\n\n\n<p class=\"has-black-color has-text-color has-link-color has-small-font-size wp-elements-10c25416be1216d0a8ac9b8e7253b046\">08.03.2026<\/p>\n\n\n\n<figure class=\"wp-block-image size-large\"><img loading=\"lazy\" decoding=\"async\" width=\"1024\" height=\"768\" src=\"https:\/\/karwodrza.pl\/wp-content\/uploads\/2026\/03\/WhatsApp-Image-2026-03-08-at-16.06.08-1024x768.jpg\" alt=\"\" class=\"wp-image-3966\" srcset=\"https:\/\/karwodrza.pl\/wp-content\/uploads\/2026\/03\/WhatsApp-Image-2026-03-08-at-16.06.08-1024x768.jpg 1024w, https:\/\/karwodrza.pl\/wp-content\/uploads\/2026\/03\/WhatsApp-Image-2026-03-08-at-16.06.08-300x225.jpg 300w, https:\/\/karwodrza.pl\/wp-content\/uploads\/2026\/03\/WhatsApp-Image-2026-03-08-at-16.06.08-768x576.jpg 768w, https:\/\/karwodrza.pl\/wp-content\/uploads\/2026\/03\/WhatsApp-Image-2026-03-08-at-16.06.08-1536x1152.jpg 1536w, https:\/\/karwodrza.pl\/wp-content\/uploads\/2026\/03\/WhatsApp-Image-2026-03-08-at-16.06.08-1440x1080.jpg 1440w, https:\/\/karwodrza.pl\/wp-content\/uploads\/2026\/03\/WhatsApp-Image-2026-03-08-at-16.06.08.jpg 2048w\" sizes=\"auto, (max-width: 1024px) 100vw, 1024px\" \/><\/figure>\n\n\n\n<p class=\"has-black-color has-text-color has-link-color wp-elements-ed04b9ac59fe4b06920a11fdb118d0f7\">__________________________________________________<\/p>\n\n\n\n<p class=\"has-black-color has-text-color has-link-color has-small-font-size wp-elements-80db857736478620148348b361d784ba\">01.03.2026<\/p>\n\n\n\n<figure class=\"wp-block-image size-large\"><img loading=\"lazy\" decoding=\"async\" width=\"713\" height=\"1024\" src=\"https:\/\/karwodrza.pl\/wp-content\/uploads\/2026\/03\/20260301_142823-713x1024.jpg\" alt=\"\" class=\"wp-image-3956\" srcset=\"https:\/\/karwodrza.pl\/wp-content\/uploads\/2026\/03\/20260301_142823-713x1024.jpg 713w, https:\/\/karwodrza.pl\/wp-content\/uploads\/2026\/03\/20260301_142823-209x300.jpg 209w, https:\/\/karwodrza.pl\/wp-content\/uploads\/2026\/03\/20260301_142823-768x1103.jpg 768w, https:\/\/karwodrza.pl\/wp-content\/uploads\/2026\/03\/20260301_142823-1070x1536.jpg 1070w, https:\/\/karwodrza.pl\/wp-content\/uploads\/2026\/03\/20260301_142823-1426x2048.jpg 1426w, https:\/\/karwodrza.pl\/wp-content\/uploads\/2026\/03\/20260301_142823-1024x1471.jpg 1024w, https:\/\/karwodrza.pl\/wp-content\/uploads\/2026\/03\/20260301_142823-752x1080.jpg 752w, https:\/\/karwodrza.pl\/wp-content\/uploads\/2026\/03\/20260301_142823-scaled.jpg 1783w\" sizes=\"auto, (max-width: 713px) 100vw, 713px\" \/><\/figure>\n\n\n\n<p class=\"has-black-color has-text-color has-link-color wp-elements-ed04b9ac59fe4b06920a11fdb118d0f7\">__________________________________________________<\/p>\n\n\n\n<p class=\"has-black-color has-text-color has-link-color has-small-font-size wp-elements-5dbcfc43aef9215782bcda21ad62c0a4\">11.02.2026<\/p>\n\n\n\n<figure class=\"wp-block-gallery has-nested-images columns-1 is-cropped wp-block-gallery-1 is-layout-flex wp-block-gallery-is-layout-flex\">\n<figure class=\"wp-block-image size-large\"><img loading=\"lazy\" decoding=\"async\" width=\"2402\" height=\"1714\" data-id=\"3935\" src=\"https:\/\/karwodrza.pl\/wp-content\/uploads\/2026\/02\/1-1024x731.jpg\" alt=\"\" class=\"wp-image-3935\" srcset=\"https:\/\/karwodrza.pl\/wp-content\/uploads\/2026\/02\/1-1024x731.jpg 1024w, https:\/\/karwodrza.pl\/wp-content\/uploads\/2026\/02\/1-300x214.jpg 300w, https:\/\/karwodrza.pl\/wp-content\/uploads\/2026\/02\/1-768x548.jpg 768w, https:\/\/karwodrza.pl\/wp-content\/uploads\/2026\/02\/1-1536x1096.jpg 1536w, https:\/\/karwodrza.pl\/wp-content\/uploads\/2026\/02\/1-2048x1461.jpg 2048w, https:\/\/karwodrza.pl\/wp-content\/uploads\/2026\/02\/1-1514x1080.jpg 1514w\" sizes=\"auto, (max-width: 2402px) 100vw, 2402px\" \/><\/figure>\n\n\n\n<figure class=\"wp-block-image size-large\"><img loading=\"lazy\" decoding=\"async\" width=\"1024\" height=\"755\" data-id=\"3936\" src=\"https:\/\/karwodrza.pl\/wp-content\/uploads\/2026\/02\/2-1024x755.jpg\" alt=\"\" class=\"wp-image-3936\" srcset=\"https:\/\/karwodrza.pl\/wp-content\/uploads\/2026\/02\/2-1024x755.jpg 1024w, https:\/\/karwodrza.pl\/wp-content\/uploads\/2026\/02\/2-300x221.jpg 300w, https:\/\/karwodrza.pl\/wp-content\/uploads\/2026\/02\/2-768x566.jpg 768w, https:\/\/karwodrza.pl\/wp-content\/uploads\/2026\/02\/2-1536x1133.jpg 1536w, https:\/\/karwodrza.pl\/wp-content\/uploads\/2026\/02\/2-2048x1510.jpg 2048w, https:\/\/karwodrza.pl\/wp-content\/uploads\/2026\/02\/2-1464x1080.jpg 1464w\" sizes=\"auto, (max-width: 1024px) 100vw, 1024px\" \/><\/figure>\n<\/figure>\n\n\n\n<p><a href=\"https:\/\/www.tuchow.pl\/dla-mieszkancow\/gospodarka-odpadami\/\">https:\/\/www.tuchow.pl\/dla-mieszkancow\/gospodarka-odpadami\/<\/a><\/p>\n\n\n\n<p class=\"has-black-color has-text-color has-link-color wp-elements-ed04b9ac59fe4b06920a11fdb118d0f7\">__________________________________________________<\/p>\n\n\n\n<p class=\"has-black-color has-text-color has-link-color has-small-font-size wp-elements-c1ad115bcf6dcc45f246848dec5a095b\">07.02.2026<\/p>\n\n\n\n<figure class=\"wp-block-image size-large\"><img loading=\"lazy\" decoding=\"async\" width=\"1024\" height=\"720\" src=\"https:\/\/karwodrza.pl\/wp-content\/uploads\/2026\/02\/WhatsApp-Image-2026-02-07-at-17.49.02-1-1024x720.jpg\" alt=\"\" class=\"wp-image-3931\" srcset=\"https:\/\/karwodrza.pl\/wp-content\/uploads\/2026\/02\/WhatsApp-Image-2026-02-07-at-17.49.02-1-1024x720.jpg 1024w, https:\/\/karwodrza.pl\/wp-content\/uploads\/2026\/02\/WhatsApp-Image-2026-02-07-at-17.49.02-1-300x211.jpg 300w, https:\/\/karwodrza.pl\/wp-content\/uploads\/2026\/02\/WhatsApp-Image-2026-02-07-at-17.49.02-1-768x540.jpg 768w, https:\/\/karwodrza.pl\/wp-content\/uploads\/2026\/02\/WhatsApp-Image-2026-02-07-at-17.49.02-1-1536x1080.jpg 1536w, https:\/\/karwodrza.pl\/wp-content\/uploads\/2026\/02\/WhatsApp-Image-2026-02-07-at-17.49.02-1.jpg 2025w\" sizes=\"auto, (max-width: 1024px) 100vw, 1024px\" \/><\/figure>\n\n\n\n<p class=\"has-black-color has-text-color has-link-color wp-elements-ed04b9ac59fe4b06920a11fdb118d0f7\">__________________________________________________<\/p>\n\n\n\n<p class=\"has-black-color has-text-color has-link-color has-small-font-size wp-elements-25480fb806f2ff9fa79dbbbdf5a89d3d\">23.01.2026<\/p>\n\n\n\n<p class=\"has-black-color has-text-color has-link-color has-medium-font-size wp-elements-2804b2c53b3cf000219b299ba4f08fc0\">UWAGA, WA\u017bNA INFORMACJA!!! So\u0142tys i radny Karwodrzy informuj\u0105, \u017ce Gmina Tuch\u00f3w NIE ZLECI\u0141A \u017cadnych audyt\u00f3w energetycznych, oraz NIE WYS\u0141A\u0141A w teren swoich pracownik\u00f3w z szeroko poj\u0119tymi tematami zwi\u0105zanymi z u\u017cywanymi \u017ar\u00f3d\u0142ami energii, u\u017cywanymi kot\u0142ami, fotowoltaik\u0105, z pytaniami o wysoko\u015b\u0107 rachunk\u00f3w za pr\u0105d, gaz itd. itp. W przypadku odwiedzenia Pa\u0144stwa domu przez osoby chc\u0105ce podj\u0105\u0107 takie tematy, prosimy o daleko id\u0105c\u0105 ostro\u017cno\u015b\u0107! Prosimy r\u00f3wnie\u017c o przekazanie tej informacji s\u0105siadom i osobom mieszkaj\u0105cym samotnie, szczeg\u00f3lnie bez dost\u0119pu do internetu. W przypadku jakichkolwiek w\u0105tpliwo\u015bci, a w szczeg\u00f3lno\u015bci w przypadku proponowania przez ww. osoby jakich\u015b ofert lub podpisu dokument\u00f3w, prosimy BEZWZGL\u0118DNIE skontaktowa\u0107 si\u0119 z Gmin\u0105 Tuch\u00f3w. B\u0105d\u017amy czujni i dbajmy o swoje bezpiecze\u0144stwo, szczeg\u00f3lnie w czasach oszustw i wy\u0142udze\u0144!<\/p>\n\n\n\n<p class=\"has-black-color has-text-color has-link-color wp-elements-ed04b9ac59fe4b06920a11fdb118d0f7\">__________________________________________________<\/p>\n\n\n\n<p class=\"has-black-color has-text-color has-link-color has-small-font-size wp-elements-13bdc586584d8faeeb2521f3f80a4e99\">09.01.2026<\/p>\n\n\n\n<figure class=\"wp-block-image size-large\"><img loading=\"lazy\" decoding=\"async\" width=\"756\" height=\"1024\" src=\"https:\/\/karwodrza.pl\/wp-content\/uploads\/2026\/01\/610919494_915584724130748_1976999683156262552_n-756x1024.jpg\" alt=\"\" class=\"wp-image-3924\" srcset=\"https:\/\/karwodrza.pl\/wp-content\/uploads\/2026\/01\/610919494_915584724130748_1976999683156262552_n-756x1024.jpg 756w, https:\/\/karwodrza.pl\/wp-content\/uploads\/2026\/01\/610919494_915584724130748_1976999683156262552_n-221x300.jpg 221w, https:\/\/karwodrza.pl\/wp-content\/uploads\/2026\/01\/610919494_915584724130748_1976999683156262552_n-768x1040.jpg 768w, https:\/\/karwodrza.pl\/wp-content\/uploads\/2026\/01\/610919494_915584724130748_1976999683156262552_n-1134x1536.jpg 1134w, https:\/\/karwodrza.pl\/wp-content\/uploads\/2026\/01\/610919494_915584724130748_1976999683156262552_n-1024x1387.jpg 1024w, https:\/\/karwodrza.pl\/wp-content\/uploads\/2026\/01\/610919494_915584724130748_1976999683156262552_n-797x1080.jpg 797w, https:\/\/karwodrza.pl\/wp-content\/uploads\/2026\/01\/610919494_915584724130748_1976999683156262552_n.jpg 1512w\" sizes=\"auto, (max-width: 756px) 100vw, 756px\" \/><\/figure>\n\n\n\n<p class=\"has-black-color has-text-color has-link-color wp-elements-ed04b9ac59fe4b06920a11fdb118d0f7\">__________________________________________________<\/p>\n\n\n\n<p class=\"has-black-color has-text-color has-link-color has-small-font-size wp-elements-9cf112155bfabba7e3ba6dfc488ac31e\">29.12.2025<\/p>\n\n\n\n<p class=\"has-black-color has-text-color has-link-color has-medium-font-size wp-elements-d72f294fa39f7534776d4011bc05875d\">Informujemy, \u017ce w ka\u017cdy trzeci pi\u0105tek miesi\u0105ca (poza lipcem gdy jest urlop), w Domu Stra\u017caka w Karwodrzy, w godzinach od 17:00 do 19:00, swoje dy\u017cury dla mieszka\u0144c\u00f3w b\u0119d\u0105 pe\u0142ni\u0107 radny Rady Miejskiej \u0141ukasz W\u0142odarz i so\u0142tys Karwodrzy Micha\u0142 Mikos. W roku 2026 b\u0119d\u0105 to dni: 16.I, 20.II, 20.III, 17.IV, 15.V, 19.VI, 21.VIII, 18.IX, 16.X, 20.XI i 18.XII.<\/p>\n\n\n\n<p class=\"has-black-color has-text-color has-link-color wp-elements-ed04b9ac59fe4b06920a11fdb118d0f7\">__________________________________________________<\/p>\n\n\n\n<p class=\"has-black-color has-text-color has-link-color has-small-font-size wp-elements-1c660ccf4c423b177e41d65de87b1330\">23.12.2025<\/p>\n\n\n\n<figure class=\"wp-block-image size-large\"><img loading=\"lazy\" decoding=\"async\" width=\"1024\" height=\"819\" src=\"https:\/\/karwodrza.pl\/wp-content\/uploads\/2025\/12\/WesolycH-i-spokojnych-swiat-1024x819.png\" alt=\"\" class=\"wp-image-3838\" srcset=\"https:\/\/karwodrza.pl\/wp-content\/uploads\/2025\/12\/WesolycH-i-spokojnych-swiat-1024x819.png 1024w, https:\/\/karwodrza.pl\/wp-content\/uploads\/2025\/12\/WesolycH-i-spokojnych-swiat-300x240.png 300w, https:\/\/karwodrza.pl\/wp-content\/uploads\/2025\/12\/WesolycH-i-spokojnych-swiat-768x614.png 768w, https:\/\/karwodrza.pl\/wp-content\/uploads\/2025\/12\/WesolycH-i-spokojnych-swiat-1536x1229.png 1536w, https:\/\/karwodrza.pl\/wp-content\/uploads\/2025\/12\/WesolycH-i-spokojnych-swiat-1350x1080.png 1350w, https:\/\/karwodrza.pl\/wp-content\/uploads\/2025\/12\/WesolycH-i-spokojnych-swiat.png 2000w\" sizes=\"auto, (max-width: 1024px) 100vw, 1024px\" \/><\/figure>\n\n\n\n<p class=\"has-black-color has-text-color has-link-color wp-elements-ed04b9ac59fe4b06920a11fdb118d0f7\">__________________________________________________<\/p>\n\n\n\n<p class=\"has-black-color has-text-color has-link-color has-small-font-size wp-elements-69fb602f5e6b63224e5d0f0afa565eff\">12.11.2025<\/p>\n\n\n\n<p class=\"has-black-color has-text-color has-link-color has-medium-font-size wp-elements-dca1a3c98dcefa87190009e2b162a26f\">Program &#8222;Czyste Powietrze&#8221; w Gminie Tuch\u00f3w. Spotkanie prowadzone przez pracownik\u00f3w naszej gminy. Zapraszamy wszystkich zainteresowanych.<\/p>\n\n\n\n<p class=\"has-black-color has-text-color has-link-color has-medium-font-size wp-elements-1a4fe688670ceb82cbf2e2c282c8fcd5\">Szczeg\u00f3\u0142y: <a href=\"https:\/\/www.tuchow.pl\/przyjdz-i-zapytaj-o-dotacje-program-czyste-powietrze-w-twojej-gminie\/\" target=\"_blank\" rel=\"noreferrer noopener\">https:\/\/www.tuchow.pl\/przyjdz-i-zapytaj-o-dotacje-program-czyste-powietrze-w-twojej-gminie\/<\/a><\/p>\n\n\n\n<p class=\"has-black-color has-text-color has-link-color wp-elements-ed04b9ac59fe4b06920a11fdb118d0f7\">__________________________________________________<\/p>\n\n\n\n<p class=\"has-black-color has-text-color has-link-color has-small-font-size wp-elements-6c3d688856b913417b333b9ef5725046\">11.11.2025<\/p>\n\n\n\n<figure class=\"wp-block-image size-large\"><img loading=\"lazy\" decoding=\"async\" width=\"1024\" height=\"768\" src=\"https:\/\/karwodrza.pl\/wp-content\/uploads\/2025\/11\/IMG-20251111-WA0000-1024x768.jpg\" alt=\"\" class=\"wp-image-3790\" srcset=\"https:\/\/karwodrza.pl\/wp-content\/uploads\/2025\/11\/IMG-20251111-WA0000-1024x768.jpg 1024w, https:\/\/karwodrza.pl\/wp-content\/uploads\/2025\/11\/IMG-20251111-WA0000-300x225.jpg 300w, https:\/\/karwodrza.pl\/wp-content\/uploads\/2025\/11\/IMG-20251111-WA0000-768x576.jpg 768w, https:\/\/karwodrza.pl\/wp-content\/uploads\/2025\/11\/IMG-20251111-WA0000-1536x1152.jpg 1536w, https:\/\/karwodrza.pl\/wp-content\/uploads\/2025\/11\/IMG-20251111-WA0000-1440x1080.jpg 1440w, https:\/\/karwodrza.pl\/wp-content\/uploads\/2025\/11\/IMG-20251111-WA0000.jpg 2048w\" sizes=\"auto, (max-width: 1024px) 100vw, 1024px\" \/><\/figure>\n\n\n\n<p class=\"has-black-color has-text-color has-link-color wp-elements-ed04b9ac59fe4b06920a11fdb118d0f7\">__________________________________________________<\/p>\n\n\n\n<p class=\"has-black-color has-text-color has-link-color has-small-font-size wp-elements-3028589b1ab58eeeee7d6958e61ee228\">07.09.2025<\/p>\n\n\n<div class=\"wp-block-image\">\n<figure class=\"aligncenter size-large\"><img loading=\"lazy\" decoding=\"async\" width=\"1024\" height=\"640\" src=\"https:\/\/karwodrza.pl\/wp-content\/uploads\/2025\/09\/WhatsApp-Image-2025-09-07-at-20.29.15-1024x640.jpg\" alt=\"\" class=\"wp-image-3623\" srcset=\"https:\/\/karwodrza.pl\/wp-content\/uploads\/2025\/09\/WhatsApp-Image-2025-09-07-at-20.29.15-1024x640.jpg 1024w, https:\/\/karwodrza.pl\/wp-content\/uploads\/2025\/09\/WhatsApp-Image-2025-09-07-at-20.29.15-300x188.jpg 300w, https:\/\/karwodrza.pl\/wp-content\/uploads\/2025\/09\/WhatsApp-Image-2025-09-07-at-20.29.15-768x480.jpg 768w, https:\/\/karwodrza.pl\/wp-content\/uploads\/2025\/09\/WhatsApp-Image-2025-09-07-at-20.29.15-1536x960.jpg 1536w, https:\/\/karwodrza.pl\/wp-content\/uploads\/2025\/09\/WhatsApp-Image-2025-09-07-at-20.29.15.jpg 1555w\" sizes=\"auto, (max-width: 1024px) 100vw, 1024px\" \/><\/figure>\n<\/div>\n\n\n<p class=\"has-black-color has-text-color has-link-color wp-elements-ed04b9ac59fe4b06920a11fdb118d0f7\">__________________________________________________<\/p>\n\n\n\n<p class=\"has-black-color has-text-color has-link-color has-small-font-size wp-elements-1db0f59c5baf7ca1ec111300b1c8eb41\">21.08.2025<\/p>\n\n\n\n<p class=\"has-black-color has-text-color has-link-color has-medium-font-size wp-elements-e8c4116450ca0978cb0c5758503d84d8\">Og\u0142oszenie so\u0142tysa w sprawie inwentaryzacji znak\u00f3w geodezyjnych na terenie gminy Tuch\u00f3w: <a href=\"https:\/\/www.tuchow.pl\/ogloszenia\/inwentaryzacji-poziomej-osnowy-geodezyjnej-na-obszarze-calego-powiatu-tarnowskiego\/\" target=\"_blank\" rel=\"noreferrer noopener\">https:\/\/www.tuchow.pl\/ogloszenia\/inwentaryzacji-poziomej-osnowy-geodezyjnej-na-obszarze-calego-powiatu-tarnowskiego\/<\/a><\/p>\n\n\n\n<p class=\"has-black-color has-text-color has-link-color wp-elements-ed04b9ac59fe4b06920a11fdb118d0f7\">__________________________________________________<\/p>\n\n\n\n<p class=\"has-black-color has-text-color has-link-color has-small-font-size wp-elements-d94fe19774a13dd4dc98a8ae10caa913\">31.07.2025<\/p>\n\n\n\n<p class=\"has-black-color has-text-color has-link-color has-medium-font-size wp-elements-a6df797b3c780cbe979433051b64a770\">Informujemy, \u017ce w dniach pomi\u0119dzy 4 a 8 sierpnia w godzinach popo\u0142udniowych, do drzwi mieszka\u0144c\u00f3w Karwodrza G\u00f3ra i Galia, kt\u00f3re organizuj\u0105 w tym roku do\u017cynki, zapukaj\u0105 przedstawiciele ich odcink\u00f3w, z tradycyjn\u0105 pro\u015bb\u0105 o datek na przygotowanie wie\u0144ca i uroczysto\u015bci. Z g\u00f3ry dzi\u0119kujemy za ka\u017cde wsparcie.<\/p>\n\n\n\n<p class=\"has-black-color has-text-color has-link-color wp-elements-ed04b9ac59fe4b06920a11fdb118d0f7\">__________________________________________________<\/p>\n\n\n\n<p class=\"has-black-color has-text-color has-link-color has-small-font-size wp-elements-7cb3b2691ec7736ed3119b48c7d36953\">24.07.2025<\/p>\n\n\n\n<p class=\"has-black-color has-text-color has-link-color has-medium-font-size wp-elements-450f78c444660028594e8c05b16e9840\">Ruszy\u0142y prace nad przyst\u0105pieniem do sporz\u0105dzenia miejscowego planu zagospodarowania przestrzennego Gminy Tuch\u00f3w, m.in. dla miejscowo\u015bci Karwodrza. Wszystkich zainteresowanych odsy\u0142amy do szczeg\u00f3\u0142\u00f3w w poni\u017cszych linkach lub do kontaktu z tuchowskim ratuszem.<\/p>\n\n\n\n<p class=\"has-medium-font-size\"><a href=\"https:\/\/www.tuchow.pl\/ogloszenia\/nowe-plany-miejscowe-dla-buchcic-karwodrzy-lowczowa-mesznej-opackiej-i-trzemesnej\/\" target=\"_blank\" rel=\"noreferrer noopener\">https:\/\/www.tuchow.pl\/ogloszenia\/nowe-plany-miejscowe-dla-buchcic-karwodrzy-lowczowa-mesznej-opackiej-i-trzemesnej\/<\/a><\/p>\n\n\n\n<p class=\"has-medium-font-size\"><a href=\"https:\/\/bip.malopolska.pl\/umtuchow,a,2709416,obwieszczenie-burmistrza-tuchowa-z-dnia-17-lipca-2025-r-w-sprawie-przystapienia-do-sporzadzenia-miej.html\" target=\"_blank\" rel=\"noreferrer noopener\">https:\/\/bip.malopolska.pl\/umtuchow,a,2709416,obwieszczenie-burmistrza-tuchowa-z-dnia-17-lipca-2025-r-w-sprawie-przystapienia-do-sporzadzenia-miej.html<\/a><\/p>\n\n\n\n<p class=\"has-black-color has-text-color has-link-color wp-elements-ed04b9ac59fe4b06920a11fdb118d0f7\">__________________________________________________<\/p>\n\n\n\n<p class=\"has-black-color has-text-color has-link-color has-small-font-size wp-elements-8c2baf4584f2cf8f76ed0a02dab62fbe\">12.07.2025<\/p>\n\n\n\n<p class=\"has-black-color has-text-color has-link-color has-medium-font-size wp-elements-206e5d799cebd63ac55716e463b7baf5\">Informacja po zebraniu 10.07 w sprawie kontynuacji rozbudowy kanalizacji w Karwodrzy. Osoby mieszkaj\u0105ce przy budowanej nitce kanalizacji proszone s\u0105 o kontakt z Dorzeczem Bia\u0142ej w celu podpisania umowy o podpi\u0119cie. Szczeg\u00f3\u0142y poni\u017cej.<\/p>\n\n\n\n<figure class=\"wp-block-image size-large\"><img loading=\"lazy\" decoding=\"async\" width=\"1024\" height=\"584\" src=\"https:\/\/karwodrza.pl\/wp-content\/uploads\/2025\/07\/20250710_174528-1024x584.jpg\" alt=\"\" class=\"wp-image-3530\" srcset=\"https:\/\/karwodrza.pl\/wp-content\/uploads\/2025\/07\/20250710_174528-1024x584.jpg 1024w, https:\/\/karwodrza.pl\/wp-content\/uploads\/2025\/07\/20250710_174528-300x171.jpg 300w, https:\/\/karwodrza.pl\/wp-content\/uploads\/2025\/07\/20250710_174528-768x438.jpg 768w, https:\/\/karwodrza.pl\/wp-content\/uploads\/2025\/07\/20250710_174528-1536x877.jpg 1536w, https:\/\/karwodrza.pl\/wp-content\/uploads\/2025\/07\/20250710_174528-2048x1169.jpg 2048w, https:\/\/karwodrza.pl\/wp-content\/uploads\/2025\/07\/20250710_174528-1893x1080.jpg 1893w\" sizes=\"auto, (max-width: 1024px) 100vw, 1024px\" \/><\/figure>\n\n\n\n<figure class=\"wp-block-image size-large\"><img loading=\"lazy\" decoding=\"async\" width=\"1024\" height=\"958\" src=\"https:\/\/karwodrza.pl\/wp-content\/uploads\/2025\/07\/20250712_185844-1024x958.jpg\" alt=\"\" class=\"wp-image-3531\" srcset=\"https:\/\/karwodrza.pl\/wp-content\/uploads\/2025\/07\/20250712_185844-1024x958.jpg 1024w, https:\/\/karwodrza.pl\/wp-content\/uploads\/2025\/07\/20250712_185844-300x281.jpg 300w, https:\/\/karwodrza.pl\/wp-content\/uploads\/2025\/07\/20250712_185844-768x718.jpg 768w, https:\/\/karwodrza.pl\/wp-content\/uploads\/2025\/07\/20250712_185844-1155x1080.jpg 1155w, https:\/\/karwodrza.pl\/wp-content\/uploads\/2025\/07\/20250712_185844.jpg 1534w\" sizes=\"auto, (max-width: 1024px) 100vw, 1024px\" \/><\/figure>\n\n\n\n<p class=\"has-black-color has-text-color has-link-color wp-elements-ed04b9ac59fe4b06920a11fdb118d0f7\">__________________________________________________<\/p>\n\n\n\n<p class=\"has-black-color has-text-color has-link-color has-small-font-size wp-elements-bc0a1037931ae3327070a849267bbd5b\">10.07.2025<\/p>\n\n\n\n<p class=\"has-black-color has-text-color has-link-color has-medium-font-size wp-elements-1d8ae56b6026d282d7f6668893ea9bee\">W dniu dzisiejszym zosta\u0142o zako\u0144czone asfaltowanie drogi w Karwodrza-Piek\u0142o. Prosimy o ostro\u017cno\u015b\u0107 podczas jazdy \u015bwie\u017co asfaltowan\u0105 drog\u0105, poniewa\u017c po po\u0142o\u017ceniu nowej nawierzchni obni\u017cy\u0142o si\u0119 pobocze. B\u0119dzie ono wykonywane w przysz\u0142ym tygodniu, a do czasu jego wykonania (podniesienia) prosimy wszystkich o zachowanie szczeg\u00f3lnej ostro\u017cno\u015bci szczeg\u00f3lnie podczas wymijania. Dzi\u0119kujemy.<\/p>\n\n\n\n<p class=\"has-black-color has-text-color has-link-color wp-elements-ed04b9ac59fe4b06920a11fdb118d0f7\">__________________________________________________<\/p>\n\n\n\n<p class=\"has-black-color has-text-color has-link-color has-small-font-size wp-elements-bc0a1037931ae3327070a849267bbd5b\">10.07.2025<\/p>\n\n\n\n<p class=\"has-black-color has-text-color has-link-color has-medium-font-size wp-elements-373fd22300a795842efc81f60f14cfea\">Ze wzgl\u0119du na popraw\u0119 warunk\u00f3w atmosferycznych, w dniu dzisiejszym rozpoczyna si\u0119 asfaltowanie drogi w Karwodrza-Piek\u0142o.<\/p>\n\n\n\n<p class=\"has-black-color has-text-color has-link-color wp-elements-ed04b9ac59fe4b06920a11fdb118d0f7\">__________________________________________________<\/p>\n\n\n\n<p class=\"has-black-color has-text-color has-link-color has-small-font-size wp-elements-792b48cfe1982b607a32d7259b377cc8\">09.07.2025<\/p>\n\n\n\n<p class=\"has-black-color has-text-color has-link-color has-medium-font-size wp-elements-3ed1dbca2c95bba248b5128d4c0a1da4\">Ze wzgl\u0119du na warunki pogodowe, dzi\u015b nie rozpocznie si\u0119 asfaltowanie drogi w Karwodrza-Piek\u0142o. Decyzja w sprawie asfaltowania jutro, zostanie podj\u0119ta jutro rano na podstawie aktualnej pogody.<\/p>\n\n\n\n<p class=\"has-black-color has-text-color has-link-color wp-elements-ed04b9ac59fe4b06920a11fdb118d0f7\">__________________________________________________<\/p>\n\n\n\n<p class=\"has-black-color has-text-color has-link-color has-small-font-size wp-elements-6d8fdf314cda1cae9e9119685d6c9b98\">08.07.2025<\/p>\n\n\n\n<p class=\"has-black-color has-text-color has-link-color has-medium-font-size wp-elements-a6fefa28bdee05961ee578ea050aea7b\">UWAGA!!! Wa\u017cna informacja dla mieszka\u0144c\u00f3w Karwodrza-Piek\u0142o! W \u015brod\u0119 9 lipca od ok. 11:00 do p\u00f3\u017aniego popo\u0142udnia, oraz w czwartek 10 lipca od ok. 6:00 do popo\u0142udnia, b\u0119dzie asfaltowana droga &#8222;na Piekle&#8221;. Podczas asfaltowania ten odcinek drogi b\u0119dzie nieprzejezdny! Prosz\u0119 o tym pami\u0119ta\u0107, planuj\u0105c ewentualne wyjazdy. W przypadku z\u0142ych warunk\u00f3w atmosferycznych, powy\u017csze daty mog\u0105 ulec zmianie, o czym b\u0119dziemy Pa\u0144stwa informowa\u0107. Przepraszamy za zaistnia\u0142e utrudnienie i prosimy o zachowanie ostro\u017cno\u015bci podaczas wykonywanych prac na drodze. Dzi\u0119kujemy.<\/p>\n\n\n\n<figure class=\"wp-block-image size-large\"><img loading=\"lazy\" decoding=\"async\" width=\"1024\" height=\"536\" src=\"https:\/\/karwodrza.pl\/wp-content\/uploads\/2025\/07\/Zrzut-ekranu-2025-07-08-130026-1024x536.png\" alt=\"\" class=\"wp-image-3520\" srcset=\"https:\/\/karwodrza.pl\/wp-content\/uploads\/2025\/07\/Zrzut-ekranu-2025-07-08-130026-1024x536.png 1024w, https:\/\/karwodrza.pl\/wp-content\/uploads\/2025\/07\/Zrzut-ekranu-2025-07-08-130026-300x157.png 300w, https:\/\/karwodrza.pl\/wp-content\/uploads\/2025\/07\/Zrzut-ekranu-2025-07-08-130026-768x402.png 768w, https:\/\/karwodrza.pl\/wp-content\/uploads\/2025\/07\/Zrzut-ekranu-2025-07-08-130026.png 1468w\" sizes=\"auto, (max-width: 1024px) 100vw, 1024px\" \/><\/figure>\n\n\n\n<p class=\"has-black-color has-text-color has-link-color wp-elements-ed04b9ac59fe4b06920a11fdb118d0f7\">__________________________________________________<\/p>\n\n\n\n<p class=\"has-black-color has-text-color has-link-color has-small-font-size wp-elements-54b460163115dbe8c642f86743156b5e\">04.07.2025<\/p>\n\n\n\n<figure class=\"wp-block-image size-large\"><img loading=\"lazy\" decoding=\"async\" width=\"725\" height=\"1024\" src=\"https:\/\/karwodrza.pl\/wp-content\/uploads\/2025\/07\/Messenger_creation_BDD0E4B4-B6F1-4D4D-8438-6DC023BF6DE4-725x1024.jpg\" alt=\"\" class=\"wp-image-3517\" srcset=\"https:\/\/karwodrza.pl\/wp-content\/uploads\/2025\/07\/Messenger_creation_BDD0E4B4-B6F1-4D4D-8438-6DC023BF6DE4-725x1024.jpg 725w, https:\/\/karwodrza.pl\/wp-content\/uploads\/2025\/07\/Messenger_creation_BDD0E4B4-B6F1-4D4D-8438-6DC023BF6DE4-212x300.jpg 212w, https:\/\/karwodrza.pl\/wp-content\/uploads\/2025\/07\/Messenger_creation_BDD0E4B4-B6F1-4D4D-8438-6DC023BF6DE4-768x1085.jpg 768w, https:\/\/karwodrza.pl\/wp-content\/uploads\/2025\/07\/Messenger_creation_BDD0E4B4-B6F1-4D4D-8438-6DC023BF6DE4-1087x1536.jpg 1087w, https:\/\/karwodrza.pl\/wp-content\/uploads\/2025\/07\/Messenger_creation_BDD0E4B4-B6F1-4D4D-8438-6DC023BF6DE4-1450x2048.jpg 1450w, https:\/\/karwodrza.pl\/wp-content\/uploads\/2025\/07\/Messenger_creation_BDD0E4B4-B6F1-4D4D-8438-6DC023BF6DE4-1024x1446.jpg 1024w, https:\/\/karwodrza.pl\/wp-content\/uploads\/2025\/07\/Messenger_creation_BDD0E4B4-B6F1-4D4D-8438-6DC023BF6DE4-765x1080.jpg 765w, https:\/\/karwodrza.pl\/wp-content\/uploads\/2025\/07\/Messenger_creation_BDD0E4B4-B6F1-4D4D-8438-6DC023BF6DE4-scaled.jpg 1812w\" sizes=\"auto, (max-width: 725px) 100vw, 725px\" \/><\/figure>\n\n\n\n<p class=\"has-black-color has-text-color has-link-color wp-elements-ed04b9ac59fe4b06920a11fdb118d0f7\">__________________________________________________<\/p>\n\n\n\n<p class=\"has-black-color has-text-color has-link-color has-small-font-size wp-elements-71bdc895326943197ebb07f70632dc8f\">18.06.2025<\/p>\n\n\n\n<p class=\"has-black-color has-text-color has-link-color has-medium-font-size wp-elements-fb5cbbff19dcc38618f1eeef78047574\">Informujemy, \u017ce w dniu 18 czerwca 2025 r. Sp\u00f3\u0142ka Komunalna \u201eDorzecze Bia\u0142ej\u201d podpisa\u0142a umow\u0119 z wykonawc\u0105 inwestycji pn.&nbsp;<em>\u201eRozbudowa sieci wodoci\u0105gowej i kanalizacji sanitarnej na terenie Gminy Tuch\u00f3w\u201d<\/em>, dotycz\u0105c\u0105 m.in. wykonania pozosta\u0142ej cz\u0119\u015bci kanalizacji zaplanowanej w Karwodrzy. Realizacja inwestycji stanowi kolejny krok w kierunku poprawy jako\u015bci \u017cycia mieszka\u0144c\u00f3w oraz ochrony \u015brodowiska na terenie Gminy Tuch\u00f3w.<\/p>\n\n\n\n<div class=\"wp-block-group\"><div class=\"wp-block-group__inner-container is-layout-constrained wp-block-group-is-layout-constrained\">\n<p class=\"has-black-color has-text-color has-link-color has-medium-font-size wp-elements-17eff2543955bd8cdaa7d00b492c370f\">Szczeg\u00f3\u0142y w linku: <a href=\"https:\/\/www.tuchow.pl\/ogloszenia\/umowa-podpisana-rusza-budowa-kanalizacji-w-karwodrzy-i-zabledzy\/\" target=\"_blank\" rel=\"noreferrer noopener\">https:\/\/www.tuchow.pl\/ogloszenia\/umowa-podpisana-rusza-budowa-kanalizacji-w-karwodrzy-i-zabledzy\/<\/a><\/p>\n<\/div><\/div>\n\n\n\n<p class=\"has-black-color has-text-color has-link-color wp-elements-ed04b9ac59fe4b06920a11fdb118d0f7\">__________________________________________________<\/p>\n\n\n\n<p class=\"has-black-color has-text-color has-link-color has-small-font-size wp-elements-71bdc895326943197ebb07f70632dc8f\">18.06.2025<\/p>\n\n\n\n<figure class=\"wp-block-image size-large\"><img loading=\"lazy\" decoding=\"async\" width=\"727\" height=\"1024\" src=\"https:\/\/karwodrza.pl\/wp-content\/uploads\/2025\/06\/A3-1_page-0001-727x1024.jpg\" alt=\"\" class=\"wp-image-3444\" srcset=\"https:\/\/karwodrza.pl\/wp-content\/uploads\/2025\/06\/A3-1_page-0001-727x1024.jpg 727w, https:\/\/karwodrza.pl\/wp-content\/uploads\/2025\/06\/A3-1_page-0001-213x300.jpg 213w, https:\/\/karwodrza.pl\/wp-content\/uploads\/2025\/06\/A3-1_page-0001-768x1081.jpg 768w, https:\/\/karwodrza.pl\/wp-content\/uploads\/2025\/06\/A3-1_page-0001-1091x1536.jpg 1091w, https:\/\/karwodrza.pl\/wp-content\/uploads\/2025\/06\/A3-1_page-0001-1454x2048.jpg 1454w, https:\/\/karwodrza.pl\/wp-content\/uploads\/2025\/06\/A3-1_page-0001-1024x1442.jpg 1024w, https:\/\/karwodrza.pl\/wp-content\/uploads\/2025\/06\/A3-1_page-0001-767x1080.jpg 767w, https:\/\/karwodrza.pl\/wp-content\/uploads\/2025\/06\/A3-1_page-0001.jpg 1779w\" sizes=\"auto, (max-width: 727px) 100vw, 727px\" \/><\/figure>\n\n\n\n<p class=\"has-black-color has-text-color has-link-color wp-elements-ed04b9ac59fe4b06920a11fdb118d0f7\">__________________________________________________<\/p>\n\n\n\n<p class=\"has-black-color has-text-color has-link-color has-small-font-size wp-elements-01a68cdd225e0654fa2cd7c087d69f1a\">01.06.2025<\/p>\n\n\n\n<p class=\"has-black-color has-text-color has-link-color has-medium-font-size wp-elements-d7d937f18a648ad47eb1b8130d1ab397\">Najlepsze \u017cyczenia dla wszystkich dzieci ma\u0142ych i du\u017cych z okazji ich \u015bwi\u0119ta, sk\u0142ada so\u0142tys Karwodrzy z rad\u0105 so\u0142eck\u0105 i radnym \ud83d\ude42<\/p>\n\n\n\n<p class=\"has-black-color has-text-color has-link-color wp-elements-ed04b9ac59fe4b06920a11fdb118d0f7\">__________________________________________________<\/p>\n\n\n\n<p class=\"has-black-color has-text-color has-link-color has-small-font-size wp-elements-c32b33841ae251b68ac62ef02cda8e8d\">30.05.2025<\/p>\n\n\n\n<p class=\"has-black-color has-text-color has-link-color has-medium-font-size wp-elements-f60198980123f60868aa0aa97c4344bd\">So\u0142tys Karwodrzy informuje, \u017ce ze wzgl\u0119d\u00f3w pogodowych koszenie poboczy dr\u00f3g w Karwodrzy zosta\u0142o przeniesione na przysz\u0142y tydzie\u0144.<\/p>\n\n\n\n<p class=\"has-black-color has-text-color has-link-color wp-elements-ed04b9ac59fe4b06920a11fdb118d0f7\">__________________________________________________<\/p>\n\n\n\n<p class=\"has-black-color has-text-color has-link-color has-small-font-size wp-elements-1673a1f8dc14c9b856208fa1184b4443\">24.05.2025<\/p>\n\n\n\n<p class=\"has-black-color has-text-color has-link-color has-medium-font-size wp-elements-37f16fcac3b7ab1558afde06b1e4734b\">UWAGA!!! Ostrze\u017cenie przed oszustami BLIK! W ostatnim czasie w naszej okolicy obserwujemy wzrost liczby oszustw z wykorzystaniem systemu BLIK. Przest\u0119pcy staj\u0105 si\u0119 coraz bardziej wyrafinowani, dlatego wa\u017cne jest, aby zachowa\u0107 szczeg\u00f3ln\u0105 ostro\u017cno\u015b\u0107 i zna\u0107 metody ich dzia\u0142ania. Pami\u0119taj: nigdy nie podawaj kodu BLIK ani nie potwierdzaj p\u0142atno\u015bci, je\u015bli nie masz absolutnej pewno\u015bci, komu przekazujesz pieni\u0105dze lub co autoryzujesz. Je\u015bli znajomy prosi Ci\u0119 poprzez Messengera lub WhatsAppa o przelew BLIK, to zanim go wykonasz, zadzwo\u0144 do niego i potwierd\u017a osobi\u015bcie prawdziwo\u015b\u0107 tej pro\u015bby. B\u0105d\u017amy ostro\u017cni!<\/p>\n\n\n\n<p class=\"has-black-color has-text-color has-link-color wp-elements-ed04b9ac59fe4b06920a11fdb118d0f7\">__________________________________________________<\/p>\n\n\n\n<p class=\"has-black-color has-text-color has-link-color has-small-font-size wp-elements-8c9f346513a82fcd09f6da43fc1bd409\">22.05.2025<\/p>\n\n\n\n<p class=\"has-black-color has-text-color has-link-color has-medium-font-size wp-elements-382229ef8e26054e18633af44243ac63\">Informujemy, \u017ce w ostatnim tygodniu dzi\u0119ki pracy starszej cz\u0119\u015bci cz\u0142onk\u00f3w M\u0142odzie\u017cowej Dru\u017cyny Po\u017carniczej funkcjonuj\u0105cej przy OSP Karwodrza, zosta\u0142y wymalowane \u0142awki przy Otwartej Strefie Aktywno\u015bci usytu\u0142owanej obok remizy w Karwodrzy. Dzi\u0119kujemy m\u0142odzie\u017cy za zaanga\u017cowanie i \u017cyczymy mi\u0142ego korzystania z obiektu. Jednocze\u015bnie prosimy o zachowanie porz\u0105dku w tym miejscu. Dzi\u0119kujemy \ud83d\ude42<\/p>\n\n\n\n<figure class=\"wp-block-image size-large\"><img loading=\"lazy\" decoding=\"async\" width=\"1024\" height=\"768\" src=\"https:\/\/karwodrza.pl\/wp-content\/uploads\/2025\/05\/WhatsApp-Image-2025-05-21-at-12.51-tile-1024x768.jpg\" alt=\"\" class=\"wp-image-3426\" srcset=\"https:\/\/karwodrza.pl\/wp-content\/uploads\/2025\/05\/WhatsApp-Image-2025-05-21-at-12.51-tile-1024x768.jpg 1024w, https:\/\/karwodrza.pl\/wp-content\/uploads\/2025\/05\/WhatsApp-Image-2025-05-21-at-12.51-tile-300x225.jpg 300w, https:\/\/karwodrza.pl\/wp-content\/uploads\/2025\/05\/WhatsApp-Image-2025-05-21-at-12.51-tile-768x576.jpg 768w, https:\/\/karwodrza.pl\/wp-content\/uploads\/2025\/05\/WhatsApp-Image-2025-05-21-at-12.51-tile-1536x1152.jpg 1536w, https:\/\/karwodrza.pl\/wp-content\/uploads\/2025\/05\/WhatsApp-Image-2025-05-21-at-12.51-tile-2048x1536.jpg 2048w, https:\/\/karwodrza.pl\/wp-content\/uploads\/2025\/05\/WhatsApp-Image-2025-05-21-at-12.51-tile-1440x1080.jpg 1440w\" sizes=\"auto, (max-width: 1024px) 100vw, 1024px\" \/><\/figure>\n\n\n\n<p class=\"has-black-color has-text-color has-link-color wp-elements-ed04b9ac59fe4b06920a11fdb118d0f7\">__________________________________________________<\/p>\n\n\n\n<p class=\"has-black-color has-text-color has-link-color has-small-font-size wp-elements-48251f1792d96638b7411dbb45df3c3e\">21.05.2025<\/p>\n\n\n\n<p class=\"has-black-color has-text-color has-link-color has-medium-font-size wp-elements-18741f4a85f97c7c47d330f45fcb3445\">So\u0142tys Karwodrzy informuje, \u017ce w przysz\u0142ym tygodniu w naszej miejscowo\u015bci odb\u0119dzie si\u0119 koszenie poboczy dr\u00f3g.<\/p>\n\n\n\n<p class=\"has-black-color has-text-color has-link-color wp-elements-ed04b9ac59fe4b06920a11fdb118d0f7\">__________________________________________________<\/p>\n\n\n\n<p class=\"has-black-color has-text-color has-link-color has-small-font-size wp-elements-5e1814dbda8713f6f44f12da4a7c9931\">14.05.2025<\/p>\n\n\n\n<figure class=\"wp-block-image size-large\"><img loading=\"lazy\" decoding=\"async\" width=\"1024\" height=\"741\" src=\"https:\/\/karwodrza.pl\/wp-content\/uploads\/2025\/05\/20250514_072223-horz-1024x741.jpg\" alt=\"\" class=\"wp-image-3419\" srcset=\"https:\/\/karwodrza.pl\/wp-content\/uploads\/2025\/05\/20250514_072223-horz-1024x741.jpg 1024w, https:\/\/karwodrza.pl\/wp-content\/uploads\/2025\/05\/20250514_072223-horz-300x217.jpg 300w, https:\/\/karwodrza.pl\/wp-content\/uploads\/2025\/05\/20250514_072223-horz-768x555.jpg 768w, https:\/\/karwodrza.pl\/wp-content\/uploads\/2025\/05\/20250514_072223-horz-1536x1111.jpg 1536w, https:\/\/karwodrza.pl\/wp-content\/uploads\/2025\/05\/20250514_072223-horz-2048x1481.jpg 2048w, https:\/\/karwodrza.pl\/wp-content\/uploads\/2025\/05\/20250514_072223-horz-1493x1080.jpg 1493w\" sizes=\"auto, (max-width: 1024px) 100vw, 1024px\" \/><\/figure>\n\n\n\n<figure class=\"wp-block-image size-large\"><img loading=\"lazy\" decoding=\"async\" width=\"699\" height=\"1024\" src=\"https:\/\/karwodrza.pl\/wp-content\/uploads\/2025\/05\/20250514_072244-vert-699x1024.jpg\" alt=\"\" class=\"wp-image-3420\" srcset=\"https:\/\/karwodrza.pl\/wp-content\/uploads\/2025\/05\/20250514_072244-vert-699x1024.jpg 699w, https:\/\/karwodrza.pl\/wp-content\/uploads\/2025\/05\/20250514_072244-vert-205x300.jpg 205w, https:\/\/karwodrza.pl\/wp-content\/uploads\/2025\/05\/20250514_072244-vert-768x1125.jpg 768w, https:\/\/karwodrza.pl\/wp-content\/uploads\/2025\/05\/20250514_072244-vert-1049x1536.jpg 1049w, https:\/\/karwodrza.pl\/wp-content\/uploads\/2025\/05\/20250514_072244-vert-1398x2048.jpg 1398w, https:\/\/karwodrza.pl\/wp-content\/uploads\/2025\/05\/20250514_072244-vert-1024x1500.jpg 1024w, https:\/\/karwodrza.pl\/wp-content\/uploads\/2025\/05\/20250514_072244-vert-737x1080.jpg 737w, https:\/\/karwodrza.pl\/wp-content\/uploads\/2025\/05\/20250514_072244-vert-scaled.jpg 1748w\" sizes=\"auto, (max-width: 699px) 100vw, 699px\" \/><\/figure>\n\n\n\n<p class=\"has-black-color has-text-color has-link-color wp-elements-ed04b9ac59fe4b06920a11fdb118d0f7\">__________________________________________________<\/p>\n\n\n\n<p class=\"has-black-color has-text-color has-link-color has-small-font-size wp-elements-f158275bc31d707af865ffd0420cbc86\">10.05.2025<\/p>\n\n\n<div class=\"wp-block-image\">\n<figure class=\"alignleft size-large\"><img loading=\"lazy\" decoding=\"async\" width=\"1024\" height=\"640\" src=\"https:\/\/karwodrza.pl\/wp-content\/uploads\/2025\/05\/20250510_131233-1024x640.jpg\" alt=\"\" class=\"wp-image-3414\" srcset=\"https:\/\/karwodrza.pl\/wp-content\/uploads\/2025\/05\/20250510_131233-1024x640.jpg 1024w, https:\/\/karwodrza.pl\/wp-content\/uploads\/2025\/05\/20250510_131233-300x188.jpg 300w, https:\/\/karwodrza.pl\/wp-content\/uploads\/2025\/05\/20250510_131233-768x480.jpg 768w, https:\/\/karwodrza.pl\/wp-content\/uploads\/2025\/05\/20250510_131233-1536x960.jpg 1536w, https:\/\/karwodrza.pl\/wp-content\/uploads\/2025\/05\/20250510_131233-1728x1080.jpg 1728w, https:\/\/karwodrza.pl\/wp-content\/uploads\/2025\/05\/20250510_131233.jpg 1910w\" sizes=\"auto, (max-width: 1024px) 100vw, 1024px\" \/><\/figure>\n<\/div>\n\n\n<p class=\"has-black-color has-text-color has-link-color wp-elements-ed04b9ac59fe4b06920a11fdb118d0f7\">__________________________________________________<\/p>\n\n\n\n<p class=\"has-black-color has-text-color has-link-color has-small-font-size wp-elements-ec1ec7b79810f6658bcea569a90a9d28\">19.04.2025<\/p>\n\n\n\n<figure class=\"wp-block-image size-large\"><img loading=\"lazy\" decoding=\"async\" width=\"724\" height=\"1024\" src=\"https:\/\/karwodrza.pl\/wp-content\/uploads\/2025\/04\/Jezus-Zmartwychwstal-724x1024.jpg\" alt=\"\" class=\"wp-image-3378\" srcset=\"https:\/\/karwodrza.pl\/wp-content\/uploads\/2025\/04\/Jezus-Zmartwychwstal-724x1024.jpg 724w, https:\/\/karwodrza.pl\/wp-content\/uploads\/2025\/04\/Jezus-Zmartwychwstal-212x300.jpg 212w, https:\/\/karwodrza.pl\/wp-content\/uploads\/2025\/04\/Jezus-Zmartwychwstal-768x1086.jpg 768w, https:\/\/karwodrza.pl\/wp-content\/uploads\/2025\/04\/Jezus-Zmartwychwstal-1086x1536.jpg 1086w, https:\/\/karwodrza.pl\/wp-content\/uploads\/2025\/04\/Jezus-Zmartwychwstal-1448x2048.jpg 1448w, https:\/\/karwodrza.pl\/wp-content\/uploads\/2025\/04\/Jezus-Zmartwychwstal-1024x1449.jpg 1024w, https:\/\/karwodrza.pl\/wp-content\/uploads\/2025\/04\/Jezus-Zmartwychwstal-763x1080.jpg 763w, https:\/\/karwodrza.pl\/wp-content\/uploads\/2025\/04\/Jezus-Zmartwychwstal.jpg 1587w\" sizes=\"auto, (max-width: 724px) 100vw, 724px\" \/><\/figure>\n\n\n\n<p class=\"has-black-color has-text-color has-link-color wp-elements-ed04b9ac59fe4b06920a11fdb118d0f7\">__________________________________________________<\/p>\n\n\n\n<p class=\"has-black-color has-text-color has-link-color has-small-font-size wp-elements-707cff5ddfc513087a5100ea691af915\">04.04.2025<\/p>\n\n\n\n<p class=\"has-black-color has-text-color has-link-color has-medium-font-size wp-elements-37ce9b310ff5c009fe7b3d07feebe5ef\">Wczoraj rada so\u0142ecka z so\u0142tysem i radnym dokonali objazdu dr\u00f3g gminnych w Karwodrzy. Zosta\u0142y zanotowane konkretne potrzeby, kt\u00f3re b\u0119d\u0105 realizowane w zaplanowanej kolejno\u015bci z uwzgl\u0119dnieniem mo\u017cliwo\u015bci finansowych so\u0142ectwa. Dzi\u0119kujemy za wszystkie wnioski i uwagi.<\/p>\n\n\n\n<p class=\"has-black-color has-text-color has-link-color wp-elements-ed04b9ac59fe4b06920a11fdb118d0f7\">__________________________________________________<\/p>\n\n\n\n<p class=\"has-black-color has-text-color has-link-color has-small-font-size wp-elements-82287d3242490ceb8deac788e56db2e6\">30.03.2025<\/p>\n\n\n\n<p class=\"has-black-color has-text-color has-link-color has-medium-font-size wp-elements-829fcd614f861288b7238cc1e3d6abcc\">So\u0142tys Karwodrzy wraz z rad\u0105 informuj\u0105, \u017ce w najbli\u017cszy czwartek, tj. 3 kwietnia od godz. 17:00 odb\u0119dzie si\u0119 objazd dr\u00f3g w naszej miejscowo\u015bci w celu zweryfikowania ich stanu i zaplanowania koniecznych prac. Osoby zainteresowane proszone s\u0105 o zg\u0142oszenia problem\u00f3w pisemnie lub telefonicznie pod nr: 511470626 (so\u0142tys Micha\u0142 Mikos) lub 696475090 (radny \u0141ukasz W\u0142odarz).<\/p>\n\n\n\n<p class=\"has-black-color has-text-color has-link-color wp-elements-ed04b9ac59fe4b06920a11fdb118d0f7\">__________________________________________________<\/p>\n\n\n\n<p class=\"has-black-color has-text-color has-link-color has-small-font-size wp-elements-9d5efc9d8d8c3a4d3dc9679a59107afd\">20.03.2025<\/p>\n\n\n\n<p class=\"has-black-color has-text-color has-link-color has-medium-font-size wp-elements-94b7c2c1eac854dd42d54fe6782d56a3\">Ze wzgl\u0119du na inne obowi\u0105zki s\u0142u\u017cbowe, dy\u017cur so\u0142tysa i radnego zaplanowany na 21.03.2025 zostaje przeniesiony na przysz\u0142y pi\u0105tek, tj. na 28.03.2025 w godz. od 17:00 do 19:00. Przepraszamy za utrudnienia.<\/p>\n\n\n\n<p class=\"has-black-color has-text-color has-link-color wp-elements-ed04b9ac59fe4b06920a11fdb118d0f7\">__________________________________________________<\/p>\n\n\n\n<p class=\"has-black-color has-text-color has-link-color has-small-font-size wp-elements-877db4d934445636a8da4c68816911e6\">17.03.2025<\/p>\n\n\n\n<p class=\"has-black-color has-text-color has-link-color has-medium-font-size wp-elements-8c20aa2ab1810e8fbeb5030a3aaed606\">Dyrektor MOSiR informuje, \u017ce ze wzgl\u0119du na prace remontowe na boisku w Karwodrzy, w tym tygodniu nie b\u0119dzie mo\u017cliwe korzystanie z obiektu.<\/p>\n\n\n\n<p class=\"has-black-color has-text-color has-link-color wp-elements-ed04b9ac59fe4b06920a11fdb118d0f7\">__________________________________________________<\/p>\n\n\n\n<p class=\"has-black-color has-text-color has-link-color has-small-font-size wp-elements-b1ae5afd7da130966d9854296da25979\">08.03.2025<\/p>\n\n\n\n<figure class=\"wp-block-image size-large\"><img loading=\"lazy\" decoding=\"async\" width=\"1024\" height=\"725\" src=\"https:\/\/karwodrza.pl\/wp-content\/uploads\/2025\/03\/WhatsApp-Image-2025-03-08-at-16.32.51-1024x725.jpg\" alt=\"\" class=\"wp-image-3302\" srcset=\"https:\/\/karwodrza.pl\/wp-content\/uploads\/2025\/03\/WhatsApp-Image-2025-03-08-at-16.32.51-1024x725.jpg 1024w, https:\/\/karwodrza.pl\/wp-content\/uploads\/2025\/03\/WhatsApp-Image-2025-03-08-at-16.32.51-300x212.jpg 300w, https:\/\/karwodrza.pl\/wp-content\/uploads\/2025\/03\/WhatsApp-Image-2025-03-08-at-16.32.51-768x544.jpg 768w, https:\/\/karwodrza.pl\/wp-content\/uploads\/2025\/03\/WhatsApp-Image-2025-03-08-at-16.32.51-1525x1080.jpg 1525w, https:\/\/karwodrza.pl\/wp-content\/uploads\/2025\/03\/WhatsApp-Image-2025-03-08-at-16.32.51.jpg 1535w\" sizes=\"auto, (max-width: 1024px) 100vw, 1024px\" \/><\/figure>\n\n\n\n<p class=\"has-black-color has-text-color has-link-color wp-elements-ed04b9ac59fe4b06920a11fdb118d0f7\">__________________________________________________<\/p>\n\n\n\n<p class=\"has-black-color has-text-color has-link-color has-small-font-size wp-elements-b1ae5afd7da130966d9854296da25979\">08.03.2025<\/p>\n\n\n\n<p class=\"has-black-color has-text-color has-link-color has-medium-font-size wp-elements-fde75c7c1cfd6a09dc78987c62d5ae75\">Wszystkim Paniom z Karwodrzy i ca\u0142ego \u015bwiata, najlepsze \u017cyczenia z okazji ich \u015bwi\u0119ta sk\u0142ada so\u0142tys Karwodrzy wraz z rad\u0105 so\u0142eck\u0105 i radnym \ud83d\ude42<\/p>\n\n\n<div class=\"wp-block-image\">\n<figure class=\"aligncenter size-full\"><img loading=\"lazy\" decoding=\"async\" width=\"632\" height=\"613\" src=\"https:\/\/karwodrza.pl\/wp-content\/uploads\/2025\/03\/1934de1b6ec41fc3a9f99a251a0bfb9a.jpg\" alt=\"\" class=\"wp-image-3296\" srcset=\"https:\/\/karwodrza.pl\/wp-content\/uploads\/2025\/03\/1934de1b6ec41fc3a9f99a251a0bfb9a.jpg 632w, https:\/\/karwodrza.pl\/wp-content\/uploads\/2025\/03\/1934de1b6ec41fc3a9f99a251a0bfb9a-300x291.jpg 300w\" sizes=\"auto, (max-width: 632px) 100vw, 632px\" \/><\/figure>\n<\/div>\n\n\n<p class=\"has-black-color has-text-color has-link-color wp-elements-ed04b9ac59fe4b06920a11fdb118d0f7\">__________________________________________________<\/p>\n\n\n\n<p class=\"has-black-color has-text-color has-link-color has-small-font-size wp-elements-de00a5eac3aeda7536b53ab6263bc2d1\">05.03.2025<\/p>\n\n\n\n<p class=\"has-black-color has-text-color has-link-color has-medium-font-size wp-elements-1ffe094cf448b129a8d1d095954e2086\">Nowa linia autobusowa przez Karwodrz\u0119. Szczeg\u00f3\u0142y w linku i rozk\u0142adzie jazdy.<\/p>\n\n\n\n<p><a href=\"https:\/\/www.tuchow.pl\/ogloszenia\/rozklady-jazdy-nowych-linii-autobusowych\">https:\/\/www.tuchow.pl\/ogloszenia\/rozklady-jazdy-nowych-linii-autobusowych<\/a><\/p>\n\n\n<div class=\"wp-block-image\">\n<figure class=\"aligncenter size-large\"><img loading=\"lazy\" decoding=\"async\" width=\"724\" height=\"1024\" src=\"https:\/\/karwodrza.pl\/wp-content\/uploads\/2025\/03\/Linia-Dabrowka-Karwodrza-Trzemesna-724x1024.jpg\" alt=\"\" class=\"wp-image-3278\" srcset=\"https:\/\/karwodrza.pl\/wp-content\/uploads\/2025\/03\/Linia-Dabrowka-Karwodrza-Trzemesna-724x1024.jpg 724w, https:\/\/karwodrza.pl\/wp-content\/uploads\/2025\/03\/Linia-Dabrowka-Karwodrza-Trzemesna-212x300.jpg 212w, https:\/\/karwodrza.pl\/wp-content\/uploads\/2025\/03\/Linia-Dabrowka-Karwodrza-Trzemesna-768x1086.jpg 768w, https:\/\/karwodrza.pl\/wp-content\/uploads\/2025\/03\/Linia-Dabrowka-Karwodrza-Trzemesna-1086x1536.jpg 1086w, https:\/\/karwodrza.pl\/wp-content\/uploads\/2025\/03\/Linia-Dabrowka-Karwodrza-Trzemesna-1448x2048.jpg 1448w, https:\/\/karwodrza.pl\/wp-content\/uploads\/2025\/03\/Linia-Dabrowka-Karwodrza-Trzemesna-1024x1448.jpg 1024w, https:\/\/karwodrza.pl\/wp-content\/uploads\/2025\/03\/Linia-Dabrowka-Karwodrza-Trzemesna-764x1080.jpg 764w, https:\/\/karwodrza.pl\/wp-content\/uploads\/2025\/03\/Linia-Dabrowka-Karwodrza-Trzemesna-scaled.jpg 1810w\" sizes=\"auto, (max-width: 724px) 100vw, 724px\" \/><\/figure>\n<\/div>\n\n\n<p class=\"has-black-color has-text-color has-link-color wp-elements-ed04b9ac59fe4b06920a11fdb118d0f7\">__________________________________________________<\/p>\n\n\n\n<p class=\"has-black-color has-text-color has-link-color has-small-font-size wp-elements-f0aec2a4144637de66514d5a02eeece2\">04.03.2025<\/p>\n\n\n<div class=\"wp-block-image\">\n<figure class=\"aligncenter size-large\"><img loading=\"lazy\" decoding=\"async\" width=\"700\" height=\"1024\" src=\"https:\/\/karwodrza.pl\/wp-content\/uploads\/2025\/03\/20250304_164127-700x1024.jpg\" alt=\"\" class=\"wp-image-3275\" srcset=\"https:\/\/karwodrza.pl\/wp-content\/uploads\/2025\/03\/20250304_164127-700x1024.jpg 700w, https:\/\/karwodrza.pl\/wp-content\/uploads\/2025\/03\/20250304_164127-205x300.jpg 205w, https:\/\/karwodrza.pl\/wp-content\/uploads\/2025\/03\/20250304_164127-768x1124.jpg 768w, https:\/\/karwodrza.pl\/wp-content\/uploads\/2025\/03\/20250304_164127-1049x1536.jpg 1049w, https:\/\/karwodrza.pl\/wp-content\/uploads\/2025\/03\/20250304_164127-1399x2048.jpg 1399w, https:\/\/karwodrza.pl\/wp-content\/uploads\/2025\/03\/20250304_164127-1024x1499.jpg 1024w, https:\/\/karwodrza.pl\/wp-content\/uploads\/2025\/03\/20250304_164127-738x1080.jpg 738w, https:\/\/karwodrza.pl\/wp-content\/uploads\/2025\/03\/20250304_164127.jpg 1492w\" sizes=\"auto, (max-width: 700px) 100vw, 700px\" \/><\/figure>\n<\/div>\n\n\n<p class=\"has-black-color has-text-color has-link-color wp-elements-ed04b9ac59fe4b06920a11fdb118d0f7\">__________________________________________________<\/p>\n\n\n\n<p class=\"has-black-color has-text-color has-link-color has-small-font-size wp-elements-7d0824ab594c9f65e0e7478bf4e8a03c\">21.02.2025<\/p>\n\n\n\n<p class=\"has-black-color has-text-color has-link-color has-medium-font-size wp-elements-8de741daa0d61ad2896ebc8aade94d8e\">W zwi\u0105zku z informacjami od mieszka\u0144c\u00f3w Karwodrzy, zwi\u0105zanymi z faktem, \u017ce na terenie miejscowo\u015bci pojawili si\u0119 audytorzy energetyczni, so\u0142tys Karwodrzy informuje, \u017ce Gmina Tuch\u00f3w nie ma nic wsp\u00f3lnego z og\u0142oszonymi audytami i w \u017caden spos\u00f3b ich nie autoryzuje. PROSZ\u0118 O ZACHOWANIE SZCZEG\u00d3LNEJ OSTRO\u017bNO\u015aCI PODCZAS PODAWANIA JAKICHKOLWIEK DANYCH OSOBOWYCH I O OSTRO\u017bNO\u015a\u0106 PODCZAS PODPISYWANIA JAKICHKOLWIEK DOKUMENT\u00d3W. Ponadto bardzo prosz\u0119 o przekazanie tej informacji s\u0105siadom.<\/p>\n\n\n\n<p class=\"has-black-color has-text-color has-link-color wp-elements-ed04b9ac59fe4b06920a11fdb118d0f7\">__________________________________________________<\/p>\n\n\n\n<p class=\"has-black-color has-text-color has-link-color has-small-font-size wp-elements-dd9375c552bd17a4a0bbae77e4af9dcb\">21.01.2025<\/p>\n\n\n<div class=\"wp-block-image\">\n<figure class=\"aligncenter size-large\"><img loading=\"lazy\" decoding=\"async\" width=\"1024\" height=\"681\" src=\"https:\/\/karwodrza.pl\/wp-content\/uploads\/2025\/01\/WhatsApp-Image-2025-01-21-at-11.40.22-1-1024x681.jpg\" alt=\"\" class=\"wp-image-3210\" srcset=\"https:\/\/karwodrza.pl\/wp-content\/uploads\/2025\/01\/WhatsApp-Image-2025-01-21-at-11.40.22-1-1024x681.jpg 1024w, https:\/\/karwodrza.pl\/wp-content\/uploads\/2025\/01\/WhatsApp-Image-2025-01-21-at-11.40.22-1-300x199.jpg 300w, https:\/\/karwodrza.pl\/wp-content\/uploads\/2025\/01\/WhatsApp-Image-2025-01-21-at-11.40.22-1-768x511.jpg 768w, https:\/\/karwodrza.pl\/wp-content\/uploads\/2025\/01\/WhatsApp-Image-2025-01-21-at-11.40.22-1.jpg 1346w\" sizes=\"auto, (max-width: 1024px) 100vw, 1024px\" \/><\/figure>\n<\/div>\n\n\n<p class=\"has-black-color has-text-color has-link-color wp-elements-ed04b9ac59fe4b06920a11fdb118d0f7\">__________________________________________________<\/p>\n\n\n\n<p class=\"has-black-color has-text-color has-link-color has-small-font-size wp-elements-5a694377a9b41d7145ffb7a73d7a1c6c\">10.01.2025<\/p>\n\n\n<div class=\"wp-block-image\">\n<figure class=\"aligncenter size-large\"><img loading=\"lazy\" decoding=\"async\" width=\"1024\" height=\"727\" src=\"https:\/\/karwodrza.pl\/wp-content\/uploads\/2025\/01\/20250110_134644-1024x727.jpg\" alt=\"\" class=\"wp-image-3204\" srcset=\"https:\/\/karwodrza.pl\/wp-content\/uploads\/2025\/01\/20250110_134644-1024x727.jpg 1024w, https:\/\/karwodrza.pl\/wp-content\/uploads\/2025\/01\/20250110_134644-300x213.jpg 300w, https:\/\/karwodrza.pl\/wp-content\/uploads\/2025\/01\/20250110_134644-768x545.jpg 768w, https:\/\/karwodrza.pl\/wp-content\/uploads\/2025\/01\/20250110_134644-1536x1091.jpg 1536w, https:\/\/karwodrza.pl\/wp-content\/uploads\/2025\/01\/20250110_134644-2048x1454.jpg 2048w, https:\/\/karwodrza.pl\/wp-content\/uploads\/2025\/01\/20250110_134644-1521x1080.jpg 1521w\" sizes=\"auto, (max-width: 1024px) 100vw, 1024px\" \/><\/figure>\n<\/div>\n\n\n<p class=\"has-black-color has-text-color has-link-color wp-elements-ed04b9ac59fe4b06920a11fdb118d0f7\">__________________________________________________<\/p>\n\n\n\n<p class=\"has-black-color has-text-color has-link-color has-small-font-size wp-elements-0bb1910f43a9d309fa08c8628bfeefd5\">07.01.2025<\/p>\n\n\n\n<p class=\"has-black-color has-text-color has-link-color has-medium-font-size wp-elements-fbcb953bec716b554654293c7d9a4fb1\">Informujemy, \u017ce w ka\u017cdy trzeci pi\u0105tek miesi\u0105ca (poza kwietniem i sierpniem gdy jest to czwarty pi\u0105tek miesi\u0105ca, oraz poza lipcem gdy jest urlop), w Domu Stra\u017caka w Karwodrzy, w godzinach od 17:00 do 19:00, swoje dy\u017cury dla mieszka\u0144c\u00f3w b\u0119d\u0105 pe\u0142ni\u0107 radny Rady Miejskiej \u0141ukasz W\u0142odarz i so\u0142tys Karwodrzy Micha\u0142 Mikos. W roku 2025 b\u0119d\u0105 to dni: 17.I, 21.II, 21.III, 25.IV, 16.V, 20.VI, 22.VIII, 19.IX, 17.X, 21.XI i 19.XII.<\/p>\n\n\n\n<p class=\"has-black-color has-text-color has-link-color wp-elements-ed04b9ac59fe4b06920a11fdb118d0f7\">__________________________________________________<\/p>\n\n\n\n<p class=\"has-black-color has-text-color has-link-color has-small-font-size wp-elements-653bb2bab7cfdecd71b1f73248b882f5\">04.01.2025<\/p>\n\n\n<div class=\"wp-block-image\">\n<figure class=\"aligncenter size-large\"><img loading=\"lazy\" decoding=\"async\" width=\"1024\" height=\"648\" src=\"https:\/\/karwodrza.pl\/wp-content\/uploads\/2025\/01\/471545542_909846051325629_4740327730060678290_n-1024x648.jpg\" alt=\"\" class=\"wp-image-3178\" srcset=\"https:\/\/karwodrza.pl\/wp-content\/uploads\/2025\/01\/471545542_909846051325629_4740327730060678290_n-1024x648.jpg 1024w, https:\/\/karwodrza.pl\/wp-content\/uploads\/2025\/01\/471545542_909846051325629_4740327730060678290_n-300x190.jpg 300w, https:\/\/karwodrza.pl\/wp-content\/uploads\/2025\/01\/471545542_909846051325629_4740327730060678290_n-768x486.jpg 768w, https:\/\/karwodrza.pl\/wp-content\/uploads\/2025\/01\/471545542_909846051325629_4740327730060678290_n.jpg 1080w\" sizes=\"auto, (max-width: 1024px) 100vw, 1024px\" \/><\/figure>\n<\/div>\n\n\n<p class=\"has-black-color has-text-color has-link-color wp-elements-ed04b9ac59fe4b06920a11fdb118d0f7\">__________________________________________________<\/p>\n\n\n\n<p class=\"has-black-color has-text-color has-link-color has-small-font-size wp-elements-de7ca852652c06333b8895d1b3bb678a\">22.12.2024<\/p>\n\n\n<div class=\"wp-block-image\">\n<figure class=\"aligncenter size-large\"><img loading=\"lazy\" decoding=\"async\" width=\"1024\" height=\"819\" src=\"https:\/\/karwodrza.pl\/wp-content\/uploads\/2024\/12\/WesolycH-i-spokojnych-swiat-1024x819.jpg\" alt=\"\" class=\"wp-image-3166\" srcset=\"https:\/\/karwodrza.pl\/wp-content\/uploads\/2024\/12\/WesolycH-i-spokojnych-swiat-1024x819.jpg 1024w, https:\/\/karwodrza.pl\/wp-content\/uploads\/2024\/12\/WesolycH-i-spokojnych-swiat-300x240.jpg 300w, https:\/\/karwodrza.pl\/wp-content\/uploads\/2024\/12\/WesolycH-i-spokojnych-swiat-768x614.jpg 768w, https:\/\/karwodrza.pl\/wp-content\/uploads\/2024\/12\/WesolycH-i-spokojnych-swiat-1536x1229.jpg 1536w, https:\/\/karwodrza.pl\/wp-content\/uploads\/2024\/12\/WesolycH-i-spokojnych-swiat-1350x1080.jpg 1350w, https:\/\/karwodrza.pl\/wp-content\/uploads\/2024\/12\/WesolycH-i-spokojnych-swiat.jpg 2000w\" sizes=\"auto, (max-width: 1024px) 100vw, 1024px\" \/><\/figure>\n<\/div>\n\n\n<p class=\"has-black-color has-text-color has-link-color wp-elements-ed04b9ac59fe4b06920a11fdb118d0f7\">__________________________________________________<\/p>\n\n\n\n<p class=\"has-black-color has-text-color has-link-color has-small-font-size wp-elements-c5ce3f9f46a700f6f3b5fc821ab1cadb\">11.11.2024<\/p>\n\n\n<div class=\"wp-block-image\">\n<figure class=\"aligncenter size-large\"><img loading=\"lazy\" decoding=\"async\" width=\"1024\" height=\"768\" src=\"https:\/\/karwodrza.pl\/wp-content\/uploads\/2024\/11\/WhatsApp-Image-2024-11-11-at-18.28.30-1024x768.jpg\" alt=\"\" class=\"wp-image-3158\" srcset=\"https:\/\/karwodrza.pl\/wp-content\/uploads\/2024\/11\/WhatsApp-Image-2024-11-11-at-18.28.30-1024x768.jpg 1024w, https:\/\/karwodrza.pl\/wp-content\/uploads\/2024\/11\/WhatsApp-Image-2024-11-11-at-18.28.30-300x225.jpg 300w, https:\/\/karwodrza.pl\/wp-content\/uploads\/2024\/11\/WhatsApp-Image-2024-11-11-at-18.28.30-768x576.jpg 768w, https:\/\/karwodrza.pl\/wp-content\/uploads\/2024\/11\/WhatsApp-Image-2024-11-11-at-18.28.30-1536x1152.jpg 1536w, https:\/\/karwodrza.pl\/wp-content\/uploads\/2024\/11\/WhatsApp-Image-2024-11-11-at-18.28.30-1440x1080.jpg 1440w, https:\/\/karwodrza.pl\/wp-content\/uploads\/2024\/11\/WhatsApp-Image-2024-11-11-at-18.28.30.jpg 1600w\" sizes=\"auto, (max-width: 1024px) 100vw, 1024px\" \/><\/figure>\n<\/div>\n\n\n<p class=\"has-black-color has-text-color has-link-color wp-elements-ed04b9ac59fe4b06920a11fdb118d0f7\">__________________________________________________<\/p>\n\n\n\n<p class=\"has-black-color has-text-color has-link-color has-small-font-size wp-elements-956f678e0a8c37cea05bea37e61f3085\">15.10.2024<\/p>\n\n\n\n<p class=\"has-black-color has-text-color has-link-color has-medium-font-size wp-elements-61d7e41d0b14d247f1fe2ab8a0e1767a\">Prosimy o ostro\u017cno\u015b\u0107 podczas jazdy \u015bwie\u017co asfaltowan\u0105 drog\u0105 Karwodrza G\u00f3ra! Po po\u0142o\u017ceniu nowej nawierzchni znacz\u0105co obni\u017cy\u0142o si\u0119 pobocze! B\u0119dzie ono wykonywane w najbli\u017cszym czasie przez innego wykonawc\u0119, a do czasu jego wykonania (podniesienia) prosimy wszystkich o zachowanie szczeg\u00f3lnej ostro\u017cno\u015bci! Dzi\u0119kujemy.<\/p>\n\n\n\n<p class=\"has-black-color has-text-color has-link-color wp-elements-ed04b9ac59fe4b06920a11fdb118d0f7\">__________________________________________________<\/p>\n\n\n\n<p class=\"has-black-color has-text-color has-link-color has-small-font-size wp-elements-421c5284e2e26854b051b9ffbe297cf7\">14.10.2024<\/p>\n\n\n\n<p class=\"has-black-color has-text-color has-link-color has-medium-font-size wp-elements-8f6c1829ef7b0bef179fe302d9a61783\">Informacja o dofinansowaniu do przydomowych oczyszczalni \u015bciek\u00f3w: <a href=\"https:\/\/www.tuchow.pl\/ogloszenia\/przydomowe-oczyszczalnie-sciekow\/\">https:\/\/www.tuchow.pl\/ogloszenia\/przydomowe-oczyszczalnie-sciekow\/<\/a><\/p>\n\n\n\n<p class=\"has-black-color has-text-color has-link-color wp-elements-ed04b9ac59fe4b06920a11fdb118d0f7\">__________________________________________________<\/p>\n\n\n\n<p class=\"has-black-color has-text-color has-link-color has-small-font-size wp-elements-bc447b899cfdda9f2abfa8a6583b2a85\">10.10.2024<\/p>\n\n\n\n<p class=\"has-black-color has-text-color has-link-color has-medium-font-size wp-elements-d952b12375149ecf306af7f69becdeed\">Informujemy, \u017ce ze wzgl\u0119du na prace zwi\u0105zane z asfaltowaniem drogi Karwodrza G\u00f3ra, mog\u0105 na tym odcinku wyst\u0105pi\u0107 utrudnienia w ruchu. Prace planowane s\u0105 na 1-2 dni pomi\u0119dzy pi\u0105tkiem 11.X, a wtorkiem 15.X (w zale\u017cno\u015bci od warunk\u00f3w atmosferycznych). Przepraszamy za ewentualne utrudnienia i prosimy o ostro\u017cno\u015b\u0107.<\/p>\n\n\n<div class=\"wp-block-image\">\n<figure class=\"aligncenter size-full\"><img loading=\"lazy\" decoding=\"async\" width=\"682\" height=\"722\" src=\"https:\/\/karwodrza.pl\/wp-content\/uploads\/2024\/10\/Zrzut-ekranu-2024-10-10-090230.png\" alt=\"\" class=\"wp-image-3127\" srcset=\"https:\/\/karwodrza.pl\/wp-content\/uploads\/2024\/10\/Zrzut-ekranu-2024-10-10-090230.png 682w, https:\/\/karwodrza.pl\/wp-content\/uploads\/2024\/10\/Zrzut-ekranu-2024-10-10-090230-283x300.png 283w\" sizes=\"auto, (max-width: 682px) 100vw, 682px\" \/><\/figure>\n<\/div>\n\n\n<p class=\"has-black-color has-text-color has-link-color wp-elements-ed04b9ac59fe4b06920a11fdb118d0f7\">__________________________________________________<\/p>\n\n\n\n<p class=\"has-black-color has-text-color has-link-color has-small-font-size wp-elements-2f12f2076a1cb9ae16e34484ba5494dd\">16.09.2024<\/p>\n\n\n\n<p class=\"has-black-color has-text-color has-link-color has-medium-font-size wp-elements-baf18ba49be1982b7303b485f20275f2\">So\u0142tys wraz z rad\u0105 so\u0142eck\u0105 i radnym zach\u0119caj\u0105 mieszka\u0144c\u00f3w Karwodrzy do zbi\u00f3rki dla powodzin. Szczeg\u00f3\u0142y w linku: <a href=\"https:\/\/www.tuchow.pl\/ogloszenia\/zbiorka-dla-powodzian\/\">https:\/\/www.tuchow.pl\/ogloszenia\/zbiorka-dla-powodzian\/<\/a><\/p>\n\n\n\n<p class=\"has-black-color has-text-color has-link-color wp-elements-ed04b9ac59fe4b06920a11fdb118d0f7\">__________________________________________________<\/p>\n\n\n\n<p class=\"has-black-color has-text-color has-link-color has-small-font-size wp-elements-f8349182189234aaebd85100fa302b78\">08.09.2024<\/p>\n\n\n<div class=\"wp-block-image\">\n<figure class=\"aligncenter size-large\"><img loading=\"lazy\" decoding=\"async\" width=\"1024\" height=\"736\" src=\"https:\/\/karwodrza.pl\/wp-content\/uploads\/2024\/09\/WhatsApp-Image-2024-09-09-at-06.34.16-1024x736.jpg\" alt=\"\" class=\"wp-image-3067\" srcset=\"https:\/\/karwodrza.pl\/wp-content\/uploads\/2024\/09\/WhatsApp-Image-2024-09-09-at-06.34.16-1024x736.jpg 1024w, https:\/\/karwodrza.pl\/wp-content\/uploads\/2024\/09\/WhatsApp-Image-2024-09-09-at-06.34.16-300x216.jpg 300w, https:\/\/karwodrza.pl\/wp-content\/uploads\/2024\/09\/WhatsApp-Image-2024-09-09-at-06.34.16-768x552.jpg 768w, https:\/\/karwodrza.pl\/wp-content\/uploads\/2024\/09\/WhatsApp-Image-2024-09-09-at-06.34.16-1536x1104.jpg 1536w, https:\/\/karwodrza.pl\/wp-content\/uploads\/2024\/09\/WhatsApp-Image-2024-09-09-at-06.34.16-1502x1080.jpg 1502w, https:\/\/karwodrza.pl\/wp-content\/uploads\/2024\/09\/WhatsApp-Image-2024-09-09-at-06.34.16.jpg 1932w\" sizes=\"auto, (max-width: 1024px) 100vw, 1024px\" \/><\/figure>\n<\/div>\n\n\n<p class=\"has-black-color has-text-color has-link-color wp-elements-ed04b9ac59fe4b06920a11fdb118d0f7\">__________________________________________________<\/p>\n\n\n\n<p class=\"has-black-color has-text-color has-link-color has-small-font-size wp-elements-79424f8270ee4fae2d53c1c81ca69e96\">07.08.2024<\/p>\n\n\n\n<p class=\"has-black-color has-text-color has-link-color has-medium-font-size wp-elements-9c953f59f593dfd33384fb07733bf771\">So\u0142tys Karwodrzy zaprasza wszystkich mieszka\u0144c\u00f3w cz\u0119\u015bci: Malinik, Nowa Wie\u015b i Piek\u0142o, na kolejne spotkanie dotycz\u0105ce przygotowania tegorocznych uroczysto\u015bci do\u017cynkowych w Karwodrzy. Spotkanie odb\u0119dzie si\u0119 w najbli\u017cszy wtorek 13.08, o godz. 19:00 w Domu Stra\u017caka w Karwodrzy.<\/p>\n\n\n\n<p class=\"has-black-color has-text-color has-link-color wp-elements-ed04b9ac59fe4b06920a11fdb118d0f7\">__________________________________________________<\/p>\n\n\n\n<p class=\"has-black-color has-text-color has-link-color has-small-font-size wp-elements-2afa7ae7d71d24f28d8bfc3d86a1fbe2\">19.06.2024<\/p>\n\n\n\n<p class=\"has-black-color has-text-color has-link-color has-medium-font-size wp-elements-afbe8aa9c63cd954aaa74c26d4a7c693\">Informacje po wczorajszym zebraniu w sprawie DO\u017bYNEK w Karwodrzy. W najbli\u017cszych dniach do drzwi mieszka\u0144c\u00f3w tych cz\u0119\u015bci miejscowo\u015bci, kt\u00f3ra organizuje w tym roku do\u017cynki, zapukaj\u0105 przedstawiciele ich odcink\u00f3w, z tradycyjn\u0105 pro\u015bb\u0105 o datek na przygotowanie wie\u0144ca i uroczysto\u015bci. Dodatkowo poinformuj\u0105 o ustaleniach ostatniego zebrania i zaprosz\u0105 na kolejne. A kolejne zebranie odb\u0119dzie si\u0119 w Domu Stra\u017caka w Karwodrzy w \u015brod\u0119 17.07 o godz. 19:00. Informujemy r\u00f3wnie\u017c, \u017ce Do\u017cynki Gminne odb\u0119d\u0105 si\u0119 w niedziel\u0119 25.08 o godz. 14:00 w Bazylice Mniejszej w Tuchowie, a p\u00f3\u017aniej w amfiteatrze w Tuchowie. Do\u017cynki So\u0142eckie wraz zabaw\u0105 dla WSZYSTKICH MIESZKA\u0143C\u00d3W KARWODRZY, rozpoczn\u0105 si\u0119 w sobot\u0119 31.08 o godz. 17:00 dla dzieci, a od godz. 19:00 dla doros\u0142ych.<\/p>\n\n\n\n<p class=\"has-black-color has-text-color has-link-color wp-elements-ed04b9ac59fe4b06920a11fdb118d0f7\">__________________________________________________<\/p>\n\n\n\n<p class=\"has-black-color has-text-color has-link-color has-small-font-size wp-elements-d075974c125f7d900b3b9174e1231a38\">16.06.2024<\/p>\n\n\n\n<p class=\"has-black-color has-text-color has-link-color has-medium-font-size wp-elements-2ca4154532340d3d221a9d928aa7413a\">So\u0142tys Karwodrzy zaprasza wszystkich mieszka\u0144c\u00f3w cz\u0119\u015bci: Malinik, Nowa Wie\u015b i Piek\u0142o, na spotkanie dotycz\u0105ce przygotowania tegorocznych uroczysto\u015bci do\u017cynkowych w Karwodrzy. Spotkanie odb\u0119dzie si\u0119 w najbli\u017cszy wtorek 18.06, o godz. 19:00 w Domu Stra\u017caka w Karwodrzy.<\/p>\n\n\n\n<p class=\"has-black-color has-text-color has-link-color wp-elements-ed04b9ac59fe4b06920a11fdb118d0f7\">__________________________________________________<\/p>\n\n\n\n<p class=\"has-black-color has-text-color has-link-color has-small-font-size wp-elements-34c1a589d2a295ec8a1b8e32480395bb\">06.06.2024<\/p>\n\n\n\n<p class=\"has-black-color has-text-color has-link-color has-medium-font-size wp-elements-45dfb22e4ff9abcfb998a494582761fb\">Informujemy, \u017ce po ustaleniach z Powiatowym Zarz\u0105dem Dr\u00f3g w Tarnowie, w najbli\u017cszych dniach w Karwodrzy ob\u0119dzie si\u0119 sprz\u0105tanie drogi powiatowej po jej zimowym posypywaniu.<\/p>\n\n\n\n<p class=\"has-black-color has-text-color has-link-color wp-elements-ed04b9ac59fe4b06920a11fdb118d0f7\">__________________________________________________<\/p>\n\n\n\n<p class=\"has-black-color has-text-color has-link-color has-small-font-size wp-elements-3d7e745689ab229fd8d44ebbd3a40ffd\">25.05.2024<\/p>\n\n\n\n<p class=\"has-black-color has-text-color has-link-color has-medium-font-size wp-elements-d921f62476faabdcfebff751fac0948e\">Informujemy, \u017ce w nadchodz\u0105cym tygodniu w Karwodrzy ob\u0119dzie si\u0119 koszenie poboczy przy drogach gminnych. <\/p>\n\n\n\n<p class=\"has-black-color has-text-color has-link-color wp-elements-ed04b9ac59fe4b06920a11fdb118d0f7\">__________________________________________________<\/p>\n\n\n\n<p class=\"has-black-color has-text-color has-link-color has-small-font-size wp-elements-585e144a90f1fe0c0eb43a4a4495d896\">12.05.2024<\/p>\n\n\n\n<p class=\"has-black-color has-text-color has-link-color has-medium-font-size wp-elements-b6b12ceddec4ad86cff5b78428c9706b\">Informujemy, \u017ce w ka\u017cdy trzeci pi\u0105tek miesi\u0105ca (poza lipcem &#8211; urlop), w Domu Stra\u017caka w Karwodrzy, w godzinach od 17:00 do 19:00, swoje dy\u017cury dla mieszka\u0144c\u00f3w b\u0119d\u0105 pe\u0142ni\u0107: radny Rady Miejskiej \u0141ukasz W\u0142odarz i so\u0142tys Karwodrzy Micha\u0142 Mikos. W roku 2024 b\u0119d\u0105 to dni: 24.V, 21.VI, 23.VIII, 20.IX, 18.X, 22.XI i 20.XII.<\/p>\n\n\n\n<p class=\"has-black-color has-text-color has-link-color has-medium-font-size wp-elements-d1adb01127c3221889feec1f60435f20\">__________________________________________________<\/p>\n\n\n\n<p class=\"has-black-color has-text-color has-link-color has-small-font-size wp-elements-1d469f6ef3ea8ba7f2b0be8824365df0\">11.05.2024<\/p>\n\n\n\n<p class=\"has-black-color has-text-color has-link-color has-medium-font-size wp-elements-cb73c4f0e8581319319011c13f14615d\">Zaplanowane prace po obje\u017adzie dr\u00f3g:<\/p>\n\n\n\n<p class=\"has-black-color has-text-color has-link-color has-medium-font-size wp-elements-4ddcfc58a77e56a5de7c656caf6c0b85\">Przygotowanie dr\u00f3g wyznaczonych do asfaltowania.<\/p>\n\n\n\n<p class=\"has-black-color has-text-color has-link-color has-medium-font-size wp-elements-54e04b02756b3bc6fa63337bc25578ea\">Wykonanie umocnienia pobocza przy przepu\u015bcie.<\/p>\n\n\n\n<p class=\"has-black-color has-text-color has-link-color has-medium-font-size wp-elements-2b8d56e31770fa291d4ea602025d33c0\">Zakup korytek &#8211; wykonanie mieszka\u0144cy przysi\u00f3\u0142ka Piek\u0142o.<\/p>\n\n\n\n<p class=\"has-black-color has-text-color has-link-color has-medium-font-size wp-elements-80d24f623dfe923462e6aac775d63f02\">Poprawa ofosowania dr\u00f3g.<\/p>\n\n\n\n<p class=\"has-black-color has-text-color has-link-color has-medium-font-size wp-elements-82d8d0f408172b8c7dc68ee1f7bd7ebc\">Wycinka ga\u0142\u0119zi przy drogach gminnych.<\/p>\n\n\n\n<p class=\"has-black-color has-text-color has-link-color has-medium-font-size wp-elements-ca994bcbae16bed6f434df0de11143da\">Poprawa barier ochronnych na mostkach.<\/p>\n\n\n\n<p class=\"has-black-color has-text-color has-link-color has-medium-font-size wp-elements-3dc83f06f9fc753e1271ff45035b33b2\">Koszenie poboczy przy drogach gminnych.<\/p>\n\n\n\n<p class=\"has-black-color has-text-color has-link-color has-medium-font-size wp-elements-d1adb01127c3221889feec1f60435f20\">__________________________________________________<\/p>\n\n\n\n<p class=\"has-black-color has-text-color has-link-color has-small-font-size wp-elements-54b45cb329e211c3a466be17ce26da9a\">17.04.2024<\/p>\n\n\n\n<p class=\"has-black-color has-text-color has-link-color has-medium-font-size wp-elements-e926694138d2ed92bc58c4e18cdbe14d\">So\u0142tys Karwodrzy Micha\u0142 Mikos wraz z radnymi informuj\u0105, \u017ce w \u015brod\u0119 24 kwietnia od godz. 17:00 odb\u0119dzie si\u0119 objazd dr\u00f3g w naszej miejscowo\u015bci w celu zweryfikowania ich stanu i zaplanowania koniecznych prac.<\/p>\n","protected":false},"excerpt":{"rendered":"<p>13.04.2026 So\u0142tys Karwodrzy wraz z rad\u0105 informuj\u0105, \u017ce w najbli\u017cszy czwartek, tj. 16 kwietnia od godz. 17:00 odb\u0119dzie si\u0119 objazd dr\u00f3g w naszej miejscowo\u015bci w celu zweryfikowania ich stanu i zaplanowania koniecznych prac. Osoby zainteresowane proszone s\u0105 o zg\u0142oszenia problem\u00f3w pisemnie lub telefonicznie pod nr: 511470626 (so\u0142tys Micha\u0142 Mikos) lub 696475090 (radny \u0141ukasz W\u0142odarz). __________________________________________________&hellip; <br \/> <a class=\"read-more\" href=\"https:\/\/karwodrza.pl\/index.php\/ogloszenia-soleckie\/\">Dowiedz si\u0119 wi\u0119cej<\/a><\/p>\n","protected":false},"author":2,"featured_media":0,"parent":0,"menu_order":0,"comment_status":"closed","ping_status":"closed","template":"","meta":{"footnotes":""},"class_list":["post-2693","page","type-page","status-publish","hentry"],"_links":{"self":[{"href":"https:\/\/karwodrza.pl\/index.php\/wp-json\/wp\/v2\/pages\/2693","targetHints":{"allow":["GET"]}}],"collection":[{"href":"https:\/\/karwodrza.pl\/index.php\/wp-json\/wp\/v2\/pages"}],"about":[{"href":"https:\/\/karwodrza.pl\/index.php\/wp-json\/wp\/v2\/types\/page"}],"author":[{"embeddable":true,"href":"https:\/\/karwodrza.pl\/index.php\/wp-json\/wp\/v2\/users\/2"}],"replies":[{"embeddable":true,"href":"https:\/\/karwodrza.pl\/index.php\/wp-json\/wp\/v2\/comments?post=2693"}],"version-history":[{"count":88,"href":"https:\/\/karwodrza.pl\/index.php\/wp-json\/wp\/v2\/pages\/2693\/revisions"}],"predecessor-version":[{"id":4071,"href":"https:\/\/karwodrza.pl\/index.php\/wp-json\/wp\/v2\/pages\/2693\/revisions\/4071"}],"wp:attachment":[{"href":"https:\/\/karwodrza.pl\/index.php\/wp-json\/wp\/v2\/media?parent=2693"}],"curies":[{"name":"wp","href":"https:\/\/api.w.org\/{rel}","templated":true}]}}