{"id":1213,"date":"2019-01-11T23:00:06","date_gmt":"2019-01-11T22:00:06","guid":{"rendered":"http:\/\/karwodrza.pl\/?page_id=1213"},"modified":"2019-05-15T20:24:39","modified_gmt":"2019-05-15T18:24:39","slug":"rajd-2019","status":"publish","type":"page","link":"https:\/\/karwodrza.pl\/index.php\/rajd-2019\/","title":{"rendered":"Rajd 2019"},"content":{"rendered":"\n<p style=\"text-align:center\" class=\"has-text-color has-large-font-size has-vivid-red-color\"><strong>II Charytatywny Rodzinny Rajd Rowerowy przez Karwodrz\u0119 &#8211; 28.04.2019<\/strong><\/p>\n\n\n\n<p style=\"font-size:25px;text-align:center\" class=\"has-text-color has-vivid-cyan-blue-color\"><strong>W tym roku wspieramy OSP Karwodrza w zakupie lub doposa\u017ceniu \u015bredniego samochodu ratowniczo &#8211; ga\u015bniczego.<\/strong><\/p>\n\n\n\n<p style=\"text-align:center\" class=\"has-text-color has-medium-font-size has-luminous-vivid-orange-color\"><strong>Formularze do pobrania i lista uczestnik\u00f3w na dole strony.<\/strong><\/p>\n\n\n\n<p style=\"text-align:center\" class=\"has-text-color has-medium-font-size has-vivid-red-color\"><strong>Zapisy na II ChRRR mo\u017cliwe ca\u0142y czas przez internet i w dniu rajdu do samego startu, czyli do 28.04.2019 do godz. 13:59! <\/strong><\/p>\n\n\n\n<p style=\"text-align:center\" class=\"has-large-font-size\"><strong>29.04.2019 &#8211; Podsumowanie II ChRRR<\/strong><\/p>\n\n\n\n<p style=\"text-align:center\"><strong>Szanowni Pa\u0144stwo, zapraszam na podsumowanie II Charytatywnego Rodzinnego Rajdu Rowerowego przez Karwodrz\u0119 &#8211; Wspieramy OSP Karwodrza. 28.IV.2019.<\/strong><\/p>\n\n\n\n<p style=\"text-align:center\"><strong>Pogoda nas nie rozpieszcza\u0142a, ale dali\u015bmy rad\u0119!<\/strong><\/p>\n\n\n\n<p style=\"text-align:center\"><strong>Zaczn\u0119 od podzi\u0119kowania.<\/strong><\/p>\n\n\n\n<p style=\"text-align:center\"><strong>W imieniu organizatora \u2013 STOWARZYSZENIA MI\u0141O\u015aNIK\u00d3W KARWODRZY, oraz beneficjenta tegorocznej imprezy \u2013 OSP KARWODRZA, dzi\u0119kuj\u0119 bez wyj\u0105tku WSZYSTKIM, kt\u00f3rzy aktywnie w\u0142\u0105czyli si\u0119 zar\u00f3wno w organizacj\u0119 jak i aktywne uczestnictwo w naszej imprezie. Nie jestem w stanie wymieni\u0107 wszystkich z nazwiska, bo by\u0142o to dobrze ponad 50 os\u00f3b! Dzi\u0119kujemy za wszystkie wp\u0142aty, dary i us\u0142ugi przekazane przez sponsor\u00f3w (instytucje), za wpisowe od os\u00f3b prywatnych uczestnicz\u0105cych w rajdzie (wp\u0142aty na konto), za udzia\u0142 w aukcjach charytatywnych na Allegro (organizowanych w marcu b.r.), oraz za wszelkie wp\u0142aty i datki w dniu imprezy (wpisowe, zakup i licytacja r\u00f3\u017cnorakich przedmiot\u00f3w i \u201epyszno\u015bci\u201d, oraz za wolne datki).<\/strong><\/p>\n\n\n\n<p style=\"text-align:center\"><strong>Jeszcze raz dzi\u0119kuj\u0119 WSZYSTKIM, kt\u00f3rzy pomogli nam, organizatorom z SMK przygotowa\u0107 rajd tak, by by\u0142 mo\u017cliwie na jak najwy\u017cszym poziomie. Mamy nadziej\u0119, \u017ce uda\u0142o nam si\u0119 to osi\u0105gn\u0105\u0107 mimo niesprzyjaj\u0105cej aury na zewn\u0105trz. Poniewa\u017c jak wspomnia\u0142em, dobrych ludzi pomagaj\u0105cych nam \u201eod zaplecza\u201d by\u0142o tak du\u017co, to nie b\u0119d\u0119 nawet stara\u0142 si\u0119 ich wszystkich wymieni\u0107 z nazwiska, gdy\u017c na pewno o kim\u015b bym zapomnia\u0142, a nie chcia\u0142bym tego zrobi\u0107. Podkre\u015bl\u0119 tylko, \u017ce nie uda\u0142oby si\u0119 wszystko tak dobrze gdyby nie zaanga\u017cowanie: naszych druh\u00f3w i ich \u017con z OSP Karwodrza, Pa\u0144 z Klubu Kreatywnych Kobiet z Karwodrzy, Pa\u0144 z Ko\u0142a Gospody\u0144 Wiejskich z Trzemesnej, weso\u0142ych gromadek z HappyLandu w Tuchowie, oraz z Domu Pomocy Spo\u0142ecznej, \u015arodowiskowego Domu Samopomocy i Warsztatu Terapii Zaj\u0119ciowej z Karwodrzy, Pani J\u00f3zefie Sta\u0144czyk, DJ Krzysztofowi M\u0119\u017cykowi z Sound Protectors oraz licznym fotografom i filmuj\u0105cemu Wiktorowi Sajdakowi. Tak, b\u0119dzie film!<\/strong><\/p>\n\n\n\n<p style=\"text-align:center\"><strong>R\u00f3wnie\u017c i przede wszystkim dzi\u0119kujemy WAM, kt\u00f3rzy przyszli\u015bcie i przyprowadzili\u015bcie dzieciaki, bo dzi\u0119ki WAM zn\u00f3w uda\u0142o zebra\u0107 si\u0119 \u201eduuuuu\u017c\u0105 kas\u0119\u201d! Wielkie, wielkie, wielkie dzi\u0119ki wszystkim!<\/strong><\/p>\n\n\n\n<p style=\"text-align:center\"><strong>Teraz troch\u0119 konkret\u00f3w. Na rajd \u0142\u0105cznie wpisa\u0142o si\u0119 i pakiety startowe otrzyma\u0142o 160 os\u00f3b. Z powodu opad\u00f3w deszczu i niskiej temperatury w tras\u0119 rajdu wyruszy\u0142o 13 os\u00f3b i najwi\u0119ksze brawa nale\u017c\u0105 si\u0119 w\u0142a\u015bnie tym odwa\u017cnym! \u015aled\u017acie jednak nasz profil, bo planowany jest ponowny przejazd tej trasy dla wszystkich ch\u0119tnych, gdy tylko poprawi si\u0119 pogoda. O terminie informowa\u0107 b\u0119dziemy na naszej stronie internetowej i na profilu na FB.<\/strong><\/p>\n\n\n\n<p style=\"text-align:center\"><strong>A teraz cyfry:<\/strong><\/p>\n\n\n\n<p style=\"text-align:center\"><strong>* In PLUS (wp\u0142aty, datki itp.):<\/strong><\/p>\n\n\n\n<p style=\"text-align:center\"><strong>&#8211; Od sponsor\u00f3w (instytucje), poza dobrami rzeczowymi lub us\u0142ugami otrzymali\u015bmy wp\u0142aty na konto SMK w kwocie 3.800 z\u0142.<\/strong><\/p>\n\n\n\n<p style=\"text-align:center\"><strong>&#8211; Od uczestnik\u00f3w rajdu (wpisowe) pomi\u0119dzy 2 marca, a 27 kwietnia b.r. otrzymali\u015bmy wp\u0142aty na konto SMK w kwocie 3.040 z\u0142.<\/strong><\/p>\n\n\n\n<p style=\"text-align:center\"><strong>&#8211; Od uczestnik\u00f3w licytacji przekazanych nam przedmiot\u00f3w na aukcjach charytatywnych na Allegro otrzymali\u015bmy wp\u0142aty na konto SMK w kwocie 1.295,13 z\u0142.<\/strong><\/p>\n\n\n\n<p style=\"text-align:center\"><strong>&#8211; Od os\u00f3b w dniu rajdu (wpisowe, zakup ciast i innych pyszno\u015bci, licytacja wystawionych przedmiot\u00f3w, wolne datki) zebrali\u015bmy 5.801 z\u0142.<\/strong><\/p>\n\n\n\n<p style=\"text-align:center\"><strong>\u0141\u0105cznie zebrali\u015bmy 13.936,13 z\u0142.<\/strong><\/p>\n\n\n\n<p style=\"text-align:center\"><strong>Pieni\u0105dze zebrane w dniu imprezy zosta\u0142y przeliczone komisyjnie i wp\u0142acone dzi\u015b na konto SMK do pozosta\u0142ej zebranej wcze\u015bniej kwoty.<\/strong><\/p>\n\n\n\n<p style=\"text-align:center\">*<strong> In MINUS (koszty):<\/strong><\/p>\n\n\n\n<p style=\"text-align:center\"><strong>\u2013 Na zakupy zwi\u0105zane z przygotowaniem pakiet\u00f3w startowych, baner\u00f3w, opakowa\u0144, \u015brodk\u00f3w czysto\u015bci, nagr\u00f3d dla uczestnik\u00f3w, medali, koszulek itp. wydane zosta\u0142o \u0142\u0105cznie 3.559,92 z\u0142, z czego 2.800 z\u0142 sfinansowane zosta\u0142o przez Urz\u0105d Miasta Tuchowa (2.000 z\u0142) i fundusz so\u0142ecki (800 z\u0142), wi\u0119c faktyczne nasze koszty wynios\u0142y 759,92 z\u0142<\/strong><\/p>\n\n\n\n<p style=\"text-align:center\"><strong>Ostateczna kwota, przelana dzi\u015b po po\u0142udniu z konta SMK na konto OSP Karwodrza wynios\u0142a 13.176,21 z\u0142. Wszystkie podane wy\u017cej kwoty s\u0105 odnotowane w postaci historii przelew\u00f3w i faktur zakupu.<\/strong><\/p>\n\n\n\n<p style=\"text-align:center\"><strong>Cieszy nas bardzo to, \u017ce dzi\u0119ki Pa\u0144stwa ofiarno\u015bci mogli\u015bmy do\u0142o\u017cy\u0107 si\u0119 w prawie 5% do zakupu wozu dla naszych druh\u00f3w, a tak naprawd\u0119 dla NAS WSZYSTKICH.<\/strong><\/p>\n\n\n\n<p style=\"text-align:center\"><strong>Zatem ko\u0144cz\u0105c, raz jeszcze dzi\u0119kujemy i zapraszamy za rok na III ChRRR.<\/strong><\/p>\n\n\n\n<p style=\"text-align:right\"><strong>Z pozdrowieniami:<\/strong><\/p>\n\n\n\n<p style=\"text-align:right\"><strong>\u0141ukasz W\u0142odarz SMK<\/strong><\/p>\n\n\n\n<div class=\"wp-block-image\"><figure class=\"aligncenter\"><img loading=\"lazy\" decoding=\"async\" width=\"6417\" height=\"3623\" src=\"https:\/\/karwodrza.pl\/wp-content\/uploads\/2019\/04\/matthias-patzuda-760859-unsplash1-\u2014-kopia-2-\u2014-kopia.jpg\" alt=\"\" class=\"wp-image-1688\" srcset=\"https:\/\/karwodrza.pl\/wp-content\/uploads\/2019\/04\/matthias-patzuda-760859-unsplash1-\u2014-kopia-2-\u2014-kopia.jpg 6417w, https:\/\/karwodrza.pl\/wp-content\/uploads\/2019\/04\/matthias-patzuda-760859-unsplash1-\u2014-kopia-2-\u2014-kopia-300x169.jpg 300w, https:\/\/karwodrza.pl\/wp-content\/uploads\/2019\/04\/matthias-patzuda-760859-unsplash1-\u2014-kopia-2-\u2014-kopia-768x434.jpg 768w, https:\/\/karwodrza.pl\/wp-content\/uploads\/2019\/04\/matthias-patzuda-760859-unsplash1-\u2014-kopia-2-\u2014-kopia-1024x578.jpg 1024w, https:\/\/karwodrza.pl\/wp-content\/uploads\/2019\/04\/matthias-patzuda-760859-unsplash1-\u2014-kopia-2-\u2014-kopia-478x270.jpg 478w\" sizes=\"auto, (max-width: 6417px) 100vw, 6417px\" \/><\/figure><\/div>\n\n\n\n<div class=\"wp-block-image\"><figure class=\"aligncenter\"><img loading=\"lazy\" decoding=\"async\" width=\"1216\" height=\"1221\" src=\"https:\/\/karwodrza.pl\/wp-content\/uploads\/2019\/04\/PotwierdzenieTransakcji_20190429_202059-page-001.jpg\" alt=\"\" class=\"wp-image-1692\" srcset=\"https:\/\/karwodrza.pl\/wp-content\/uploads\/2019\/04\/PotwierdzenieTransakcji_20190429_202059-page-001.jpg 1216w, https:\/\/karwodrza.pl\/wp-content\/uploads\/2019\/04\/PotwierdzenieTransakcji_20190429_202059-page-001-150x150.jpg 150w, https:\/\/karwodrza.pl\/wp-content\/uploads\/2019\/04\/PotwierdzenieTransakcji_20190429_202059-page-001-300x300.jpg 300w, https:\/\/karwodrza.pl\/wp-content\/uploads\/2019\/04\/PotwierdzenieTransakcji_20190429_202059-page-001-768x771.jpg 768w, https:\/\/karwodrza.pl\/wp-content\/uploads\/2019\/04\/PotwierdzenieTransakcji_20190429_202059-page-001-1020x1024.jpg 1020w, https:\/\/karwodrza.pl\/wp-content\/uploads\/2019\/04\/PotwierdzenieTransakcji_20190429_202059-page-001-269x270.jpg 269w\" sizes=\"auto, (max-width: 1216px) 100vw, 1216px\" \/><\/figure><\/div>\n\n\n\n<p style=\"text-align:center\" class=\"has-medium-font-size\"><strong>28.04.2019. Godz. 22:30 &#8211; Kr\u00f3tkie info \ud83d\ude42<\/strong><\/p>\n\n\n\n<p style=\"text-align:center\" class=\"has-medium-font-size\"><strong>Dzi\u015b napisz\u0119 tylko tyle: JESTE\u015aCIE WIELCY BEZ WZGL\u0118DU NA POGOD\u0118! 13.176,21 z\u0142!!! Jutro po po\u0142udniu dok\u0142adne sprawozdanie, ale ju\u017c dzi\u015b w imieniu OSP i SMK wielkie DZI\u0118KI!  \ud83d\ude42 <\/strong><\/p>\n\n\n\n<p style=\"text-align:center\" class=\"has-medium-font-size\"><strong>27.04.2019 &#8211; Ostateczne ustalenia i informacj\u0119 odno\u015bnie II ChRRR<\/strong>. <\/p>\n\n\n\n<p style=\"text-align:center\"><strong>1. Bez wzgl\u0119du na jutrzejsz\u0105 pogod\u0119 IMPREZA SI\u0118 ODB\u0118DZIE.<br>2. Ze wzgl\u0119du na niekorzystne prognozy, ulega zmianie TYLKO miejsce biura rajdu i imprez towarzysz\u0105cych. Wszystkie atrakcje odb\u0119d\u0105 si\u0119 nie jak planowano na boisku LKKS Karwodrza, a w REMIZIE OSP KARWODRZA i w jej otoczeniu (namioty przed i altana za remiz\u0105).<br>3. Nie ulega zmianie plan i mapa przejazdu. Wyj\u0105tek mo\u017ce stanowi\u0107 jedynie ulewny deszcz. Oczywi\u015bcie je\u015bli nie chcesz ryzykowa\u0107 zmokni\u0119cia, mo\u017cesz zosta\u0107 z nami przy remizie, bo&#8230;<br>4. &#8230;nie ulegaj\u0105 zmianie zaplanowane atrakcje dla dzieci i doros\u0142ych. Konkursy z nagrodami, zabawy, aukcje charytatywne dla OSP Karwodrza, zakup domowych ciast, wiejskiego chleba ze smalcem, \u017curku, kie\u0142basy z grilla itp. Ze wzgl\u0119du na mo\u017cliwo\u015b\u0107 deszczu niedost\u0119pny b\u0119dzie jedynie dmuchany zamek. Za to z pewno\u015bci\u0105 DJ i zabawa przy muzyce u\u015bwietni\u0105 imprez\u0119.<br>5. Nie ulega zmianie odbi\u00f3r pakiet\u00f3w startowych oraz przydzia\u0142owej kie\u0142basy z grilla dla ka\u017cdego uczestnika zg\u0142oszonego do rajdu.<br>6. Nie ulega zmianie mo\u017cliwo\u015b\u0107 zapisania si\u0119 na rajd jeszcze jutro i otrzymania pe\u0142noprawnych pakiet\u00f3w! Mam jeszcze spory zapas koszulek i medali!!!<\/strong><br><strong>7. Nie ulega zmianie miejsce parkowania pojazd\u00f3w &#8211; parking powy\u017cej remizy OSP Karwodrza.<br>8. Nie ulega zmianie to, \u017ce nadal ZAPRASZAMY WAS JAK NAJLICZNIEJ! Mamy nadziej\u0119, \u017ce nie przestraszycie si\u0119 prognoz, dotrzecie wszyscy, kt\u00f3rzy planowali\u015bcie by\u0107 z nami i b\u0119dziemy si\u0119 dobrze bawi\u0107 bez wzgl\u0119du na pogod\u0119.<br>9. Nie ulega zmianie to, \u017ce WSPIERAMY OSP KARWODRZA w szczytnym celu jakim jest zakup i doposa\u017cenie samochodu dla naszych druh\u00f3w i naszego bezpiecze\u0144stwa.<br>To co??? Widzimy si\u0119 jutro??? Mamy nadziej\u0119, \u017ce tak!!!! <\/strong><\/p>\n\n\n\n<p style=\"text-align:center\" class=\"has-large-font-size\"><strong>WA\u017bNY KOMUNIKAT Z DNIA 26.04 W SPRAWIE II CHRRR!<\/strong><\/p>\n\n\n\n<p style=\"text-align:center\"><strong>\u015aLED\u0179CIE NA BIE\u017b\u0104CO NASZE WPISY!!!<br>Wprawdzie dzi\u015b pogoda jest pi\u0119kna, ale prognozy na niedziel\u0119 wygl\u0105daj\u0105 &#8222;\u015brednio&#8221;, wi\u0119c musimy bra\u0107 pod uwag\u0119 PLAN B.<br>Gdyby w niedziel\u0119 do po\u0142udnia, warunki pogodowe (w szczeg\u00f3lno\u015bci opady deszczu) okaza\u0142y si\u0119 na tyle z\u0142e, ze uniemo\u017cliwia\u0142yby przejazd uczestnik\u00f3w rajdu wyznaczon\u0105 tras\u0105, to impreza I TAK SI\u0118 ODB\u0118DZIE, ale b\u0119dzie wygl\u0105da\u0142a nieco inaczej. Zostanie przeniesiona z boiska LKKS Karwodrza do remizy OSP Karwodrza i do altany le\u017c\u0105cej za ww. remiz\u0105.<br>Pozosta\u0142a cz\u0119\u015b\u0107, tzn. zabawy i konkursy dla dzieci, aukcje charytatywne, sprzeda\u017c ciast i innych smako\u0142yk\u00f3w, kie\u0142baski z grilla i oczywi\u015bcie wr\u0119czenie pakiet\u00f3w startowych ODB\u0118D\u0104 SI\u0118 NORMALNIE!<br>Dlatego prosimy, \u015aLED\u0179CIE NA BIE\u017b\u0104CO NASZE WPISY, bo tam w niedziel\u0119 przed po\u0142udniem b\u0119dzie podana ostateczna informacja o przebiegu rajdu.<br>Liczymy ca\u0142y czas, \u017ce uda nam si\u0119 go zrealizowa\u0107 tak jak planowali\u015bmy i mimo mo\u017ce ni\u017cszej temperatury, deszcz nie pokrzy\u017cuje nam plan\u00f3w  \ud83d\ude42<\/strong><\/p>\n\n\n\n<div class=\"wp-block-image\"><figure class=\"aligncenter\"><img loading=\"lazy\" decoding=\"async\" width=\"3861\" height=\"2730\" src=\"https:\/\/karwodrza.pl\/wp-content\/uploads\/2019\/03\/Plakat-IIChRRR-2019_resize.jpg\" alt=\"\" class=\"wp-image-1485\" srcset=\"https:\/\/karwodrza.pl\/wp-content\/uploads\/2019\/03\/Plakat-IIChRRR-2019_resize.jpg 3861w, https:\/\/karwodrza.pl\/wp-content\/uploads\/2019\/03\/Plakat-IIChRRR-2019_resize-300x212.jpg 300w, https:\/\/karwodrza.pl\/wp-content\/uploads\/2019\/03\/Plakat-IIChRRR-2019_resize-768x543.jpg 768w, https:\/\/karwodrza.pl\/wp-content\/uploads\/2019\/03\/Plakat-IIChRRR-2019_resize-1024x724.jpg 1024w, https:\/\/karwodrza.pl\/wp-content\/uploads\/2019\/03\/Plakat-IIChRRR-2019_resize-382x270.jpg 382w\" sizes=\"auto, (max-width: 3861px) 100vw, 3861px\" \/><\/figure><\/div>\n\n\n\n<div class=\"wp-block-image\"><figure class=\"aligncenter\"><img loading=\"lazy\" decoding=\"async\" width=\"1654\" height=\"2339\" src=\"https:\/\/karwodrza.pl\/wp-content\/uploads\/2019\/03\/Zaproszenie-na-IIChRRR-2019.jpg\" alt=\"\" class=\"wp-image-1412\" srcset=\"https:\/\/karwodrza.pl\/wp-content\/uploads\/2019\/03\/Zaproszenie-na-IIChRRR-2019.jpg 1654w, https:\/\/karwodrza.pl\/wp-content\/uploads\/2019\/03\/Zaproszenie-na-IIChRRR-2019-212x300.jpg 212w, https:\/\/karwodrza.pl\/wp-content\/uploads\/2019\/03\/Zaproszenie-na-IIChRRR-2019-768x1086.jpg 768w, https:\/\/karwodrza.pl\/wp-content\/uploads\/2019\/03\/Zaproszenie-na-IIChRRR-2019-724x1024.jpg 724w, https:\/\/karwodrza.pl\/wp-content\/uploads\/2019\/03\/Zaproszenie-na-IIChRRR-2019-191x270.jpg 191w\" sizes=\"auto, (max-width: 1654px) 100vw, 1654px\" \/><\/figure><\/div>\n\n\n\n<div class=\"wp-block-image\"><figure class=\"aligncenter\"><img loading=\"lazy\" decoding=\"async\" width=\"1654\" height=\"2339\" src=\"https:\/\/karwodrza.pl\/wp-content\/uploads\/2019\/03\/Regulamin-IIChRRR-2019-str.1.jpg\" alt=\"\" class=\"wp-image-1413\" srcset=\"https:\/\/karwodrza.pl\/wp-content\/uploads\/2019\/03\/Regulamin-IIChRRR-2019-str.1.jpg 1654w, https:\/\/karwodrza.pl\/wp-content\/uploads\/2019\/03\/Regulamin-IIChRRR-2019-str.1-212x300.jpg 212w, https:\/\/karwodrza.pl\/wp-content\/uploads\/2019\/03\/Regulamin-IIChRRR-2019-str.1-768x1086.jpg 768w, https:\/\/karwodrza.pl\/wp-content\/uploads\/2019\/03\/Regulamin-IIChRRR-2019-str.1-724x1024.jpg 724w, https:\/\/karwodrza.pl\/wp-content\/uploads\/2019\/03\/Regulamin-IIChRRR-2019-str.1-191x270.jpg 191w\" sizes=\"auto, (max-width: 1654px) 100vw, 1654px\" \/><\/figure><\/div>\n\n\n\n<div class=\"wp-block-image\"><figure class=\"aligncenter\"><img loading=\"lazy\" decoding=\"async\" width=\"1654\" height=\"2339\" src=\"https:\/\/karwodrza.pl\/wp-content\/uploads\/2019\/03\/Regulamin-IIChRRR-2019-str.2.jpg\" alt=\"\" class=\"wp-image-1414\" srcset=\"https:\/\/karwodrza.pl\/wp-content\/uploads\/2019\/03\/Regulamin-IIChRRR-2019-str.2.jpg 1654w, https:\/\/karwodrza.pl\/wp-content\/uploads\/2019\/03\/Regulamin-IIChRRR-2019-str.2-212x300.jpg 212w, https:\/\/karwodrza.pl\/wp-content\/uploads\/2019\/03\/Regulamin-IIChRRR-2019-str.2-768x1086.jpg 768w, https:\/\/karwodrza.pl\/wp-content\/uploads\/2019\/03\/Regulamin-IIChRRR-2019-str.2-724x1024.jpg 724w, https:\/\/karwodrza.pl\/wp-content\/uploads\/2019\/03\/Regulamin-IIChRRR-2019-str.2-191x270.jpg 191w\" sizes=\"auto, (max-width: 1654px) 100vw, 1654px\" \/><\/figure><\/div>\n\n\n\n<div class=\"wp-block-image\"><figure class=\"aligncenter\"><img loading=\"lazy\" decoding=\"async\" width=\"1250\" height=\"635\" src=\"https:\/\/karwodrza.pl\/wp-content\/uploads\/2019\/03\/Mapka-trasy-IIChRRR-2019.jpg\" alt=\"\" class=\"wp-image-1429\" srcset=\"https:\/\/karwodrza.pl\/wp-content\/uploads\/2019\/03\/Mapka-trasy-IIChRRR-2019.jpg 1250w, https:\/\/karwodrza.pl\/wp-content\/uploads\/2019\/03\/Mapka-trasy-IIChRRR-2019-300x152.jpg 300w, https:\/\/karwodrza.pl\/wp-content\/uploads\/2019\/03\/Mapka-trasy-IIChRRR-2019-768x390.jpg 768w, https:\/\/karwodrza.pl\/wp-content\/uploads\/2019\/03\/Mapka-trasy-IIChRRR-2019-1024x520.jpg 1024w, https:\/\/karwodrza.pl\/wp-content\/uploads\/2019\/03\/Mapka-trasy-IIChRRR-2019-531x270.jpg 531w\" sizes=\"auto, (max-width: 1250px) 100vw, 1250px\" \/><\/figure><\/div>\n\n\n\n<p style=\"text-align:center\" class=\"has-medium-font-size\"><strong>Formularze do pobrania:<\/strong><\/p>\n\n\n\n<div class=\"wp-block-file\"><a href=\"https:\/\/karwodrza.pl\/wp-content\/uploads\/2019\/03\/1.-Formularz-zg\u0142oszeniowy-uczestnika-IIChRRR-2019.pdf\">1. Formularz zg\u0142oszeniowy uczestnika IIChRRR 2019<\/a><a href=\"https:\/\/karwodrza.pl\/wp-content\/uploads\/2019\/03\/1.-Formularz-zg\u0142oszeniowy-uczestnika-IIChRRR-2019.pdf\" class=\"wp-block-file__button\" download>Pobierz<\/a><\/div>\n\n\n\n<div class=\"wp-block-file\"><a href=\"https:\/\/karwodrza.pl\/wp-content\/uploads\/2019\/03\/2.-O\u015bwiadzenie-zgoda-rodzica-opiekuna-na-udzia\u0142-dziecka-w-IIChRRR-2019.pdf\">2. Zgoda rodzica na udzia\u0142 dziecka w IIChRRR 2019<\/a><a href=\"https:\/\/karwodrza.pl\/wp-content\/uploads\/2019\/03\/2.-O\u015bwiadzenie-zgoda-rodzica-opiekuna-na-udzia\u0142-dziecka-w-IIChRRR-2019.pdf\" class=\"wp-block-file__button\" download>Pobierz<\/a><\/div>\n\n\n\n<div class=\"wp-block-file\"><a href=\"https:\/\/karwodrza.pl\/wp-content\/uploads\/2019\/03\/3.-Regulamin-IIChRRR-2019.pdf\">3. Regulamin IIChRRR 2019<\/a><a href=\"https:\/\/karwodrza.pl\/wp-content\/uploads\/2019\/03\/3.-Regulamin-IIChRRR-2019.pdf\" class=\"wp-block-file__button\" download>Pobierz<\/a><\/div>\n\n\n\n<div class=\"wp-block-file\"><a href=\"https:\/\/karwodrza.pl\/wp-content\/uploads\/2019\/03\/4.-Mapka-trasy-IIChRRR-2019.pdf\">4. Mapka trasy IIChRRR 2019<\/a><a href=\"https:\/\/karwodrza.pl\/wp-content\/uploads\/2019\/03\/4.-Mapka-trasy-IIChRRR-2019.pdf\" class=\"wp-block-file__button\" download>Pobierz<\/a><\/div>\n\n\n\n<div class=\"wp-block-file\"><a href=\"https:\/\/karwodrza.pl\/wp-content\/uploads\/2019\/03\/5.-Zaproszenie-na-IIChRRR-2019.pdf\">5. Zaproszenie na IIChRRR 2019<\/a><a href=\"https:\/\/karwodrza.pl\/wp-content\/uploads\/2019\/03\/5.-Zaproszenie-na-IIChRRR-2019.pdf\" class=\"wp-block-file__button\" download>Pobierz<\/a><\/div>\n\n\n\n<div class=\"wp-block-file\"><a href=\"https:\/\/karwodrza.pl\/wp-content\/uploads\/2019\/03\/6.-Plakat-IIChRRR-2019.pdf\">6. Plakat IIChRRR 2019<\/a><a href=\"https:\/\/karwodrza.pl\/wp-content\/uploads\/2019\/03\/6.-Plakat-IIChRRR-2019.pdf\" class=\"wp-block-file__button\" download>Pobierz<\/a><\/div>\n\n\n\n<p style=\"text-align:center\" class=\"has-medium-font-size\"><strong>15.05.2019 &#8211; O IIChRRR w dzisiejszym TEMI:<\/strong><\/p>\n\n\n\n<div class=\"wp-block-image\"><figure class=\"aligncenter\"><img loading=\"lazy\" decoding=\"async\" width=\"1847\" height=\"1837\" src=\"https:\/\/karwodrza.pl\/wp-content\/uploads\/2019\/05\/CCI15052019_0001.jpg\" alt=\"\" class=\"wp-image-1721\" srcset=\"https:\/\/karwodrza.pl\/wp-content\/uploads\/2019\/05\/CCI15052019_0001.jpg 1847w, https:\/\/karwodrza.pl\/wp-content\/uploads\/2019\/05\/CCI15052019_0001-150x150.jpg 150w, https:\/\/karwodrza.pl\/wp-content\/uploads\/2019\/05\/CCI15052019_0001-300x298.jpg 300w, https:\/\/karwodrza.pl\/wp-content\/uploads\/2019\/05\/CCI15052019_0001-768x764.jpg 768w, https:\/\/karwodrza.pl\/wp-content\/uploads\/2019\/05\/CCI15052019_0001-1024x1018.jpg 1024w, https:\/\/karwodrza.pl\/wp-content\/uploads\/2019\/05\/CCI15052019_0001-271x270.jpg 271w\" sizes=\"auto, (max-width: 1847px) 100vw, 1847px\" \/><\/figure><\/div>\n\n\n\n<p style=\"text-align:center\" class=\"has-medium-font-size\"><strong>01.05.2019<\/strong><\/p>\n\n\n\n<p style=\"text-align:center\"><strong>Osoby kt\u00f3re op\u0142aci\u0142y uczestnictwo w II ChRRR kt\u00f3ry odby\u0142 si\u0119 w niedziel\u0119 28 kwietnia i zagwarantowa\u0142y sobie pakiety startowe, a z r\u00f3\u017cnych powod\u00f3w nie dotar\u0142y na rajd, prosimy o kontakt. Mo\u017cliwy odbi\u00f3r nale\u017cnego pakietu albo w siedzibie SMK (Karwodrza 29 &#8211; po wcze\u015bniejszym ustaleniu) albo podczas planowanego ponownego przejazdu, kt\u00f3ry najprawdopodobniej odb\u0119dzie si\u0119 na prze\u0142omie maja i czerwca (data jeszcze nieokre\u015blona). Czas na odebranie pakietu up\u0142ywa 30.06.2019. <\/strong><\/p>\n\n\n\n<p style=\"text-align:center\" class=\"has-medium-font-size\"><strong>27.04.2019<\/strong><\/p>\n\n\n\n<p style=\"text-align:center\"><strong>Mi\u0142a informacja z ostatniej chwili. Jutro m.in. do wylicytowania voucher na &#8222;Podniebne zwiedzanie Tuchowa&#8221;. Voucher o warto\u015bci 300 z\u0142, na p\u00f3\u0142godzinny przelot lekkim samolotem nad nasz\u0105 okolic\u0105. Oczywi\u015bcie termin do ustalenia ze sponsorem i ofiarodawc\u0105 ww. vouchera \ud83d\ude42<\/strong><\/p>\n\n\n\n<p style=\"text-align:center\" class=\"has-medium-font-size\"><strong>25.04.2019<\/strong><\/p>\n\n\n\n<p style=\"text-align:center\"><strong>Do rajdu pozosta\u0142o 72h! W zwi\u0105zku z tym klika \u201eog\u0142osze\u0144 parafialnych&#8221;:<\/strong><\/p>\n\n\n\n<p style=\"text-align:center\"><strong>1. Zaleca si\u0119, by uczestnicy (a dzieci obowi\u0105zkowo) podczas przejazdu posiadali na g\u0142owie kask rowerowy. Stawiamy na bezpiecze\u0144stwo!<\/strong><\/p>\n\n\n\n<p style=\"text-align:center\"><strong>2. \u0106wicz umys\u0142! Zapami\u0119taj numer, pod kt\u00f3rym jeste\u015b zg\u0142oszony do rajdu. U\u0142atwi nam to i przyspieszy wydawanie pakiet\u00f3w startowych. Masz kr\u00f3tk\u0105 pami\u0119\u0107? Zapisz sobie \ud83d\ude09 Dla przypomnienia lista uczestnik\u00f3w w tym w\u0105tku.<\/strong><\/p>\n\n\n\n<p style=\"text-align:center\"><strong>3. Ubierz si\u0119 tak, by jecha\u0142o Ci si\u0119 wygodnie. Pami\u0119taj jednak przy tym, \u017ce trasa poza asfaltem prowadzi r\u00f3wnie\u017c przez las, wprawdzie drogami utwardzonymi, ale&#8230; Z tego powodu swoje najlepsze ciuchy zak\u0142adasz na w\u0142asn\u0105 odpowiedzialno\u015b\u0107.<\/strong><\/p>\n\n\n\n<p style=\"text-align:center\"><strong>4. We\u017a na wszelki wypadek p\u0142aszcz przeciwdeszczowy. Pogoda lubi p\u0142ata\u0107 figle, a akurat jej nie jeste\u015bmy w stanie zaplanowa\u0107.<\/strong><\/p>\n\n\n\n<p style=\"text-align:center\"><strong>5. Przyje\u017cd\u017casz autem? Zaparkuj na parkingu powy\u017cej remizy OSP. Mapk\u0119 znajdziesz w tym w\u0105tku.<\/strong><\/p>\n\n\n\n<p style=\"text-align:center\"><strong>6. I baw si\u0119 dobrze, bo b\u0119dzie si\u0119 dzia\u0142o! \ud83d\ude42 <\/strong><\/p>\n\n\n\n<p style=\"text-align:center\" class=\"has-medium-font-size\"><strong>18.04.2019 &#8211; Ju\u017c na Was czekaj\u0105  \ud83d\ude42<\/strong><\/p>\n\n\n\n<ul class=\"wp-block-gallery columns-2 is-cropped wp-block-gallery-1 is-layout-flex wp-block-gallery-is-layout-flex\"><li class=\"blocks-gallery-item\"><figure><img loading=\"lazy\" decoding=\"async\" width=\"1024\" height=\"728\" src=\"https:\/\/karwodrza.pl\/wp-content\/uploads\/2019\/04\/20190417_183906-1024x728.jpg\" alt=\"\" data-id=\"1645\" data-link=\"https:\/\/karwodrza.pl\/index.php\/rajd-2019\/20190417_183906\/\" class=\"wp-image-1645\" srcset=\"https:\/\/karwodrza.pl\/wp-content\/uploads\/2019\/04\/20190417_183906-1024x728.jpg 1024w, https:\/\/karwodrza.pl\/wp-content\/uploads\/2019\/04\/20190417_183906-300x213.jpg 300w, https:\/\/karwodrza.pl\/wp-content\/uploads\/2019\/04\/20190417_183906-768x546.jpg 768w, https:\/\/karwodrza.pl\/wp-content\/uploads\/2019\/04\/20190417_183906-380x270.jpg 380w\" sizes=\"auto, (max-width: 1024px) 100vw, 1024px\" \/><\/figure><\/li><li class=\"blocks-gallery-item\"><figure><img loading=\"lazy\" decoding=\"async\" width=\"1024\" height=\"701\" src=\"https:\/\/karwodrza.pl\/wp-content\/uploads\/2019\/04\/20190418_192106-1024x701.jpg\" alt=\"\" data-id=\"1646\" data-link=\"https:\/\/karwodrza.pl\/index.php\/rajd-2019\/20190418_192106\/\" class=\"wp-image-1646\" srcset=\"https:\/\/karwodrza.pl\/wp-content\/uploads\/2019\/04\/20190418_192106-1024x701.jpg 1024w, https:\/\/karwodrza.pl\/wp-content\/uploads\/2019\/04\/20190418_192106-300x205.jpg 300w, https:\/\/karwodrza.pl\/wp-content\/uploads\/2019\/04\/20190418_192106-768x526.jpg 768w, https:\/\/karwodrza.pl\/wp-content\/uploads\/2019\/04\/20190418_192106-394x270.jpg 394w\" sizes=\"auto, (max-width: 1024px) 100vw, 1024px\" \/><\/figure><\/li><\/ul>\n\n\n\n<p style=\"text-align:center\" class=\"has-medium-font-size\"><strong>17.04.2019 &#8211; Pomoc w pokryciu cz\u0119\u015bci koszt\u00f3w imprezy!<\/strong><\/p>\n\n\n\n<p style=\"text-align:center\"><strong>Jak zmniejszy\u0107 koszty naszej imprezy, a co zatem idzie, wi\u0119cej pieni\u0119dzy przekaza\u0107 OSP Karwodrza, czyli tegorocznemu beneficjentowi II ChRRR??? Poprosi\u0107 o pokrycie cz\u0119\u015bci koszt\u00f3w przez odpowiednie instytucje i uzyska\u0107 pozytywne odpowiedzi  \ud83d\ude42<br>Przyznano nam:<br>1. 1.000 z\u0142 &#8211; Urz\u0105d Miejski w Tuchowie. Promocja sportu. Wykorzystano 1.000 z\u0142.<br>2. 1.000 z\u0142 &#8211; Urz\u0105d Miejski w Tuchowie. Gminna Komisja Rozwi\u0105zywania Problem\u00f3w Alkoholowych w Tuchowie. Profilaktyka antyalkoholowa. Wykorzystano 1.000 z\u0142.<br>3. 820 z\u0142 &#8211; Rada So\u0142ecka Karwodrzy. Promocja wsi. Wykorzystano 800 z\u0142.<br>Dzi\u0119ki tej pomocy przeka\u017cemy naszym druhom o 2.800 z\u0142 wi\u0119cej na zakup lub doposa\u017cenie nowego samochodu.<br>Dzi\u0119ki i do zobaczenia 28 kwietnia. Piona!<\/strong><\/p>\n\n\n\n<p><\/p>\n\n\n\n<p style=\"text-align:center\" class=\"has-medium-font-size\"><strong>13.04.2019 &#8211; Plan IIChRRR dla jad\u0105cych i nie \ud83d\ude42<\/strong><\/p>\n\n\n\n<p style=\"text-align:center\"><strong>Nie je\u017cd\u017c\u0119 na rowerze..\u2026 Rajd to impreza nie dla mnie\u2026.. <\/strong><\/p>\n\n\n\n<p style=\"text-align:center\"><strong>Chyba \u017cartujesz?! Przyjd\u017a KONIECZNIE na stadion LKKS Karwodrza w niedziel\u0119 28 kwietnia w dniu II ChRRR! A dlaczego, po co i w jakim celu? Zapoznaj si\u0119 z planem imprezy i bez wzgl\u0119du na wiek, p\u0142e\u0107, miejsce zamieszkania, kolor oczu i ca\u0142\u0105 reszt\u0119, to wbijaj do nas bez zastanowienia!<\/strong> <\/p>\n\n\n\n<p style=\"text-align:center\"><strong>13:00 \u2013 14:00 &#8211; otwarcie biura rajdu i wydawanie pakiet\u00f3w startowych <\/strong><\/p>\n\n\n\n<p style=\"text-align:center\"><strong>14:00 \u2013 start rajdu i wyjazd uczestnik\u00f3w w 11 km tras\u0119 z 7 punktami przystankowymi<\/strong><\/p>\n\n\n\n<p style=\"text-align:center\"><strong>14:00 \u2013 16:00 \u2013 przejazd przez uczestnik\u00f3w trasy rajdu, a w tym czasie dla os\u00f3b niejad\u0105cych, na boisku LKKS Karwodrza odb\u0119d\u0105 si\u0119: gry i zabawy sportowe i rozrywkowe dla dzieci, malowanie twarzy, lepienie figurek z gipsu i wiele innych zabaw-niespodzianek prowadzone przez naszych przyjaci\u00f3\u0142 z DPS, WTZ i \u015aDS Karwodrza i HappyLand Tuch\u00f3w i przez kogo\u015b jeszcze (niespodzianka)! A co powiecie na dmuchany zamek ze zje\u017cd\u017calniami? B\u0119d\u0105 nawet DWA! I to wszystko do dyspozycji zupe\u0142nie ZA DARMO!<\/strong><\/p>\n\n\n\n<p style=\"text-align:center\"><strong>16:00 \u2013 16:30 &#8211; powr\u00f3t uczestnik\u00f3w przejazdu, wr\u0119czenie medali pami\u0105tkowych, odbi\u00f3r i konsumpcja \u201eprzydzia\u0142owych\u201d kie\u0142basek z grilla<\/strong><\/p>\n\n\n\n<p style=\"text-align:center\"><strong>16:30 \u2013 17:30 \u2013 aukcje charytatywne r\u00f3\u017cnych przedmiot\u00f3w i r\u0119kodzie\u0142a ofiarowanych nam przez naszych przyjaci\u00f3\u0142, partner\u00f3w i sponsor\u00f3w<\/strong><\/p>\n\n\n\n<p style=\"text-align:center\"><strong>17:30 \u2013 18:00 &#8211; pokaz akcji ratowniczej z ci\u0119ciem pojazdu, kt\u00f3re przedstawi\u0105 nam druhowie z OSP Karwodrza!<\/strong><\/p>\n\n\n\n<p style=\"text-align:center\"><strong>18:00 \u2013 19:00 \u2013 dalsze zabawy dla dzieci przy udziale naszych wspania\u0142ych przyjaci\u00f3\u0142, kt\u00f3rzy potrafi\u0105 zrobi\u0107 to znakomicie.<\/strong><\/p>\n\n\n\n<p style=\"text-align:center\"><strong>A poza tym ca\u0142y czas, od godz. 13:00 do ko\u0144ca imprezy b\u0119dzie mo\u017cna naby\u0107 na naszych stoiskach: kie\u0142basy z grilla, ciasta i chleb wiejski ze smalcem pieczone i przygotowane przez Panie z KKK, OSP i Ko\u0142a Gospody\u0144 Wiejskich z Trzemesnej, wod\u0119 mineraln\u0105, napoje itp.<\/strong><\/p>\n\n\n\n<p style=\"text-align:center\"><strong>Zapisy na II ChRRR mo\u017cliwe przez internet i w dniu rajdu do samego startu, czyli do 28.04.2019 do godz. 13:59!<\/strong><\/p>\n\n\n\n<p style=\"text-align:center\"><strong>Zapraszamy gor\u0105co i trzymajcie kciuki za pogod\u0119!!!<\/strong><\/p>\n\n\n\n<p><\/p>\n\n\n\n<p style=\"text-align:center\" class=\"has-medium-font-size\"><strong>03.04.2019 &#8211; O IIChRRR w dzisiejszym TEMI \ud83d\ude42<\/strong><\/p>\n\n\n\n<div class=\"wp-block-image\"><figure class=\"aligncenter\"><img loading=\"lazy\" decoding=\"async\" width=\"3157\" height=\"2334\" src=\"https:\/\/karwodrza.pl\/wp-content\/uploads\/2019\/04\/20190403_143101.jpg\" alt=\"\" class=\"wp-image-1547\" srcset=\"https:\/\/karwodrza.pl\/wp-content\/uploads\/2019\/04\/20190403_143101.jpg 3157w, https:\/\/karwodrza.pl\/wp-content\/uploads\/2019\/04\/20190403_143101-300x222.jpg 300w, https:\/\/karwodrza.pl\/wp-content\/uploads\/2019\/04\/20190403_143101-768x568.jpg 768w, https:\/\/karwodrza.pl\/wp-content\/uploads\/2019\/04\/20190403_143101-1024x757.jpg 1024w, https:\/\/karwodrza.pl\/wp-content\/uploads\/2019\/04\/20190403_143101-365x270.jpg 365w\" sizes=\"auto, (max-width: 3157px) 100vw, 3157px\" \/><\/figure><\/div>\n\n\n\n<p style=\"text-align:center\" class=\"has-medium-font-size\"><strong>03.04.2019<\/strong><\/p>\n\n\n\n<p style=\"text-align:center\"><strong>O II ChRRR na stronie RDN Ma\u0142opolska  \ud83d\ude42<\/strong><\/p>\n\n\n\n<p style=\"text-align:center\"><a href=\"http:\/\/www.rdn.pl\/patronat\/ii-charytatywny-rodzinny-rajd\">http:\/\/www.rdn.pl\/patronat\/ii-charytatywny-rodzinny-rajd<\/a><\/p>\n\n\n\n<p style=\"font-size:25px;text-align:center\"><strong>01.04.2019<\/strong><\/p>\n\n\n\n<p style=\"text-align:center\" class=\"has-medium-font-size\"><strong>1.295,13! Tyle pieni\u0119dzy przynios\u0142y aukcje charytatywne dla OSP Karwodrza w ramach IIChRRR, kt\u00f3re wczoraj o godz. 20:00 zako\u0144czy\u0142y si\u0119 na Allegro. Wielkie dzi\u0119ki wszystkim licytuj\u0105cym  \ud83d\ude42<\/strong><\/p>\n\n\n\n<p><\/p>\n\n\n\n<p style=\"font-size:25px;text-align:center\"><strong>14.03.2019 &#8211; O IIChRRR w lutowym wydaniu &#8222;Kuriera Tuchowskiego&#8221;<\/strong><\/p>\n\n\n\n<div class=\"wp-block-image\"><figure class=\"aligncenter\"><img loading=\"lazy\" decoding=\"async\" width=\"862\" height=\"611\" src=\"https:\/\/karwodrza.pl\/wp-content\/uploads\/2019\/03\/images_IIChRRR1.jpg\" alt=\"\" class=\"wp-image-1475\" srcset=\"https:\/\/karwodrza.pl\/wp-content\/uploads\/2019\/03\/images_IIChRRR1.jpg 862w, https:\/\/karwodrza.pl\/wp-content\/uploads\/2019\/03\/images_IIChRRR1-300x213.jpg 300w, https:\/\/karwodrza.pl\/wp-content\/uploads\/2019\/03\/images_IIChRRR1-768x544.jpg 768w, https:\/\/karwodrza.pl\/wp-content\/uploads\/2019\/03\/images_IIChRRR1-381x270.jpg 381w\" sizes=\"auto, (max-width: 862px) 100vw, 862px\" \/><\/figure><\/div>\n\n\n\n<p style=\"font-size:25px;text-align:center\"><strong>13.03.2019 &#8211; O IIChRRR w og\u00f3lnopolskim portalu &#8222;KIWI &#8211; wszystkie wydarzenia w jednym miejscu&#8221;.<\/strong><\/p>\n\n\n\n<p><a href=\"https:\/\/www.kiwiportal.pl\/wydarzenia\/532626\/ii-charytatywny-rodzinny-rajd-rowerowy-przez-karwodrze-mlp12?fbclid=IwAR1-htG1jFghQVnZctmQShDgFdwkAMe4rg3Vo4E8tw9SFVjRdgY_GambF6A\">https:\/\/www.kiwiportal.pl\/wydarzenia\/532626\/ii-charytatywny-rodzinny-rajd-rowerowy-przez-karwodrze-mlp12?fbclid=IwAR1-htG1jFghQVnZctmQShDgFdwkAMe4rg3Vo4E8tw9SFVjRdgY_GambF6A<\/a><\/p>\n\n\n\n<p style=\"text-align:center\" class=\"has-large-font-size\"><strong>Organizator:<\/strong><\/p>\n\n\n\n<div class=\"wp-block-image\"><figure class=\"aligncenter\"><img loading=\"lazy\" decoding=\"async\" width=\"1024\" height=\"420\" src=\"https:\/\/karwodrza.pl\/wp-content\/uploads\/2019\/03\/stowarzyszenie-1024x420.jpg\" alt=\"\" class=\"wp-image-1487\" srcset=\"https:\/\/karwodrza.pl\/wp-content\/uploads\/2019\/03\/stowarzyszenie-1024x420.jpg 1024w, https:\/\/karwodrza.pl\/wp-content\/uploads\/2019\/03\/stowarzyszenie-300x123.jpg 300w, https:\/\/karwodrza.pl\/wp-content\/uploads\/2019\/03\/stowarzyszenie-768x315.jpg 768w, https:\/\/karwodrza.pl\/wp-content\/uploads\/2019\/03\/stowarzyszenie-604x247.jpg 604w, https:\/\/karwodrza.pl\/wp-content\/uploads\/2019\/03\/stowarzyszenie.jpg 1911w\" sizes=\"auto, (max-width: 1024px) 100vw, 1024px\" \/><\/figure><\/div>\n\n\n\n<p style=\"text-align:center\" class=\"has-large-font-size\"><strong>Partnerzy:<\/strong><\/p>\n\n\n\n<ul class=\"wp-block-gallery columns-3 wp-block-gallery-2 is-layout-flex wp-block-gallery-is-layout-flex\"><li class=\"blocks-gallery-item\"><figure><img loading=\"lazy\" decoding=\"async\" width=\"225\" height=\"225\" src=\"https:\/\/karwodrza.pl\/wp-content\/uploads\/2019\/03\/1-1.png\" alt=\"\" data-id=\"1495\" data-link=\"https:\/\/karwodrza.pl\/index.php\/rajd-2019\/1-13\/\" class=\"wp-image-1495\" srcset=\"https:\/\/karwodrza.pl\/wp-content\/uploads\/2019\/03\/1-1.png 225w, https:\/\/karwodrza.pl\/wp-content\/uploads\/2019\/03\/1-1-150x150.png 150w\" sizes=\"auto, (max-width: 225px) 100vw, 225px\" \/><\/figure><\/li><li class=\"blocks-gallery-item\"><figure><img loading=\"lazy\" decoding=\"async\" width=\"487\" height=\"225\" src=\"https:\/\/karwodrza.pl\/wp-content\/uploads\/2019\/03\/2-2.jpg\" alt=\"\" data-id=\"1496\" data-link=\"https:\/\/karwodrza.pl\/index.php\/rajd-2019\/2-10\/\" class=\"wp-image-1496\" srcset=\"https:\/\/karwodrza.pl\/wp-content\/uploads\/2019\/03\/2-2.jpg 487w, https:\/\/karwodrza.pl\/wp-content\/uploads\/2019\/03\/2-2-300x139.jpg 300w\" sizes=\"auto, (max-width: 487px) 100vw, 487px\" \/><\/figure><\/li><li class=\"blocks-gallery-item\"><figure><img loading=\"lazy\" decoding=\"async\" width=\"391\" height=\"568\" src=\"https:\/\/karwodrza.pl\/wp-content\/uploads\/2019\/03\/3-2.jpg\" alt=\"\" data-id=\"1497\" data-link=\"https:\/\/karwodrza.pl\/index.php\/rajd-2019\/3-10\/\" class=\"wp-image-1497\" srcset=\"https:\/\/karwodrza.pl\/wp-content\/uploads\/2019\/03\/3-2.jpg 391w, https:\/\/karwodrza.pl\/wp-content\/uploads\/2019\/03\/3-2-207x300.jpg 207w, https:\/\/karwodrza.pl\/wp-content\/uploads\/2019\/03\/3-2-186x270.jpg 186w\" sizes=\"auto, (max-width: 391px) 100vw, 391px\" \/><\/figure><\/li><li class=\"blocks-gallery-item\"><figure><img loading=\"lazy\" decoding=\"async\" width=\"586\" height=\"400\" src=\"https:\/\/karwodrza.pl\/wp-content\/uploads\/2019\/03\/4-2.jpg\" alt=\"\" data-id=\"1498\" data-link=\"https:\/\/karwodrza.pl\/index.php\/rajd-2019\/4-9\/\" class=\"wp-image-1498\" srcset=\"https:\/\/karwodrza.pl\/wp-content\/uploads\/2019\/03\/4-2.jpg 586w, https:\/\/karwodrza.pl\/wp-content\/uploads\/2019\/03\/4-2-300x205.jpg 300w, https:\/\/karwodrza.pl\/wp-content\/uploads\/2019\/03\/4-2-396x270.jpg 396w\" sizes=\"auto, (max-width: 586px) 100vw, 586px\" \/><\/figure><\/li><li class=\"blocks-gallery-item\"><figure><img loading=\"lazy\" decoding=\"async\" width=\"200\" height=\"113\" src=\"https:\/\/karwodrza.pl\/wp-content\/uploads\/2019\/03\/5-2.jpg\" alt=\"\" data-id=\"1499\" data-link=\"https:\/\/karwodrza.pl\/index.php\/rajd-2019\/5-10\/\" class=\"wp-image-1499\"\/><\/figure><\/li><li class=\"blocks-gallery-item\"><figure><img loading=\"lazy\" decoding=\"async\" width=\"362\" height=\"435\" src=\"https:\/\/karwodrza.pl\/wp-content\/uploads\/2019\/03\/6-2.jpg\" alt=\"\" data-id=\"1500\" data-link=\"https:\/\/karwodrza.pl\/index.php\/rajd-2019\/6-11\/\" class=\"wp-image-1500\" srcset=\"https:\/\/karwodrza.pl\/wp-content\/uploads\/2019\/03\/6-2.jpg 362w, https:\/\/karwodrza.pl\/wp-content\/uploads\/2019\/03\/6-2-250x300.jpg 250w, https:\/\/karwodrza.pl\/wp-content\/uploads\/2019\/03\/6-2-225x270.jpg 225w\" sizes=\"auto, (max-width: 362px) 100vw, 362px\" \/><\/figure><\/li><\/ul>\n\n\n\n<p style=\"text-align:center\" class=\"has-large-font-size\"><strong>Patronat medialny:<\/strong><\/p>\n\n\n\n<ul class=\"wp-block-gallery columns-2 wp-block-gallery-3 is-layout-flex wp-block-gallery-is-layout-flex\"><li class=\"blocks-gallery-item\"><figure><img loading=\"lazy\" decoding=\"async\" width=\"1024\" height=\"336\" src=\"https:\/\/karwodrza.pl\/wp-content\/uploads\/2019\/03\/rdn_poziom-1-1-1024x336.png\" alt=\"\" data-id=\"1505\" data-link=\"https:\/\/karwodrza.pl\/index.php\/rajd-2019\/rdn_poziom-1-2\/\" class=\"wp-image-1505\" srcset=\"https:\/\/karwodrza.pl\/wp-content\/uploads\/2019\/03\/rdn_poziom-1-1-1024x336.png 1024w, https:\/\/karwodrza.pl\/wp-content\/uploads\/2019\/03\/rdn_poziom-1-1-300x98.png 300w, https:\/\/karwodrza.pl\/wp-content\/uploads\/2019\/03\/rdn_poziom-1-1-768x252.png 768w, https:\/\/karwodrza.pl\/wp-content\/uploads\/2019\/03\/rdn_poziom-1-1-604x198.png 604w\" sizes=\"auto, (max-width: 1024px) 100vw, 1024px\" \/><\/figure><\/li><li class=\"blocks-gallery-item\"><figure><img loading=\"lazy\" decoding=\"async\" width=\"240\" height=\"122\" src=\"https:\/\/karwodrza.pl\/wp-content\/uploads\/2019\/03\/pobrane-1.jpg\" alt=\"\" data-id=\"1506\" data-link=\"https:\/\/karwodrza.pl\/index.php\/rajd-2019\/pobrane-3\/\" class=\"wp-image-1506\"\/><\/figure><\/li><\/ul>\n\n\n\n<p style=\"text-align:center\" class=\"has-large-font-size\"><strong>Sponsorzy:<\/strong><\/p>\n\n\n\n<ul class=\"wp-block-gallery aligncenter columns-3 wp-block-gallery-4 is-layout-flex wp-block-gallery-is-layout-flex\"><li class=\"blocks-gallery-item\"><figure><img loading=\"lazy\" decoding=\"async\" width=\"1024\" height=\"677\" src=\"https:\/\/karwodrza.pl\/wp-content\/uploads\/2019\/04\/Action-Energy-1024x677.png\" alt=\"\" data-id=\"1610\" data-link=\"https:\/\/karwodrza.pl\/index.php\/rajd-2019\/action-energy\/\" class=\"wp-image-1610\" srcset=\"https:\/\/karwodrza.pl\/wp-content\/uploads\/2019\/04\/Action-Energy-1024x677.png 1024w, https:\/\/karwodrza.pl\/wp-content\/uploads\/2019\/04\/Action-Energy-300x198.png 300w, https:\/\/karwodrza.pl\/wp-content\/uploads\/2019\/04\/Action-Energy-768x508.png 768w, https:\/\/karwodrza.pl\/wp-content\/uploads\/2019\/04\/Action-Energy-408x270.png 408w, https:\/\/karwodrza.pl\/wp-content\/uploads\/2019\/04\/Action-Energy.png 1231w\" sizes=\"auto, (max-width: 1024px) 100vw, 1024px\" \/><\/figure><\/li><li class=\"blocks-gallery-item\"><figure><img loading=\"lazy\" decoding=\"async\" width=\"1024\" height=\"717\" src=\"https:\/\/karwodrza.pl\/wp-content\/uploads\/2019\/04\/Amigos-1024x717.jpg\" alt=\"\" data-id=\"1611\" data-link=\"https:\/\/karwodrza.pl\/index.php\/rajd-2019\/amigos\/\" class=\"wp-image-1611\" srcset=\"https:\/\/karwodrza.pl\/wp-content\/uploads\/2019\/04\/Amigos-1024x717.jpg 1024w, https:\/\/karwodrza.pl\/wp-content\/uploads\/2019\/04\/Amigos-300x210.jpg 300w, https:\/\/karwodrza.pl\/wp-content\/uploads\/2019\/04\/Amigos-768x538.jpg 768w, https:\/\/karwodrza.pl\/wp-content\/uploads\/2019\/04\/Amigos-386x270.jpg 386w, https:\/\/karwodrza.pl\/wp-content\/uploads\/2019\/04\/Amigos.jpg 1200w\" sizes=\"auto, (max-width: 1024px) 100vw, 1024px\" \/><\/figure><\/li><li class=\"blocks-gallery-item\"><figure><img loading=\"lazy\" decoding=\"async\" width=\"996\" height=\"340\" src=\"https:\/\/karwodrza.pl\/wp-content\/uploads\/2019\/04\/AUX-AC.png\" alt=\"\" data-id=\"1612\" data-link=\"https:\/\/karwodrza.pl\/index.php\/rajd-2019\/aux-ac\/\" class=\"wp-image-1612\" srcset=\"https:\/\/karwodrza.pl\/wp-content\/uploads\/2019\/04\/AUX-AC.png 996w, https:\/\/karwodrza.pl\/wp-content\/uploads\/2019\/04\/AUX-AC-300x102.png 300w, https:\/\/karwodrza.pl\/wp-content\/uploads\/2019\/04\/AUX-AC-768x262.png 768w, https:\/\/karwodrza.pl\/wp-content\/uploads\/2019\/04\/AUX-AC-604x206.png 604w\" sizes=\"auto, (max-width: 996px) 100vw, 996px\" \/><\/figure><\/li><li class=\"blocks-gallery-item\"><figure><img loading=\"lazy\" decoding=\"async\" width=\"1024\" height=\"459\" src=\"https:\/\/karwodrza.pl\/wp-content\/uploads\/2019\/04\/BLUE-1024x459.jpg\" alt=\"\" data-id=\"1613\" data-link=\"https:\/\/karwodrza.pl\/index.php\/rajd-2019\/blue\/\" class=\"wp-image-1613\" srcset=\"https:\/\/karwodrza.pl\/wp-content\/uploads\/2019\/04\/BLUE-1024x459.jpg 1024w, https:\/\/karwodrza.pl\/wp-content\/uploads\/2019\/04\/BLUE-300x134.jpg 300w, https:\/\/karwodrza.pl\/wp-content\/uploads\/2019\/04\/BLUE-768x344.jpg 768w, https:\/\/karwodrza.pl\/wp-content\/uploads\/2019\/04\/BLUE-604x270.jpg 604w, https:\/\/karwodrza.pl\/wp-content\/uploads\/2019\/04\/BLUE.jpg 1808w\" sizes=\"auto, (max-width: 1024px) 100vw, 1024px\" \/><\/figure><\/li><li class=\"blocks-gallery-item\"><figure><img loading=\"lazy\" decoding=\"async\" width=\"547\" height=\"547\" src=\"https:\/\/karwodrza.pl\/wp-content\/uploads\/2019\/04\/DJ-SP.jpg\" alt=\"\" data-id=\"1614\" data-link=\"https:\/\/karwodrza.pl\/index.php\/rajd-2019\/dj-sp\/\" class=\"wp-image-1614\" srcset=\"https:\/\/karwodrza.pl\/wp-content\/uploads\/2019\/04\/DJ-SP.jpg 547w, https:\/\/karwodrza.pl\/wp-content\/uploads\/2019\/04\/DJ-SP-150x150.jpg 150w, https:\/\/karwodrza.pl\/wp-content\/uploads\/2019\/04\/DJ-SP-300x300.jpg 300w, https:\/\/karwodrza.pl\/wp-content\/uploads\/2019\/04\/DJ-SP-270x270.jpg 270w\" sizes=\"auto, (max-width: 547px) 100vw, 547px\" \/><\/figure><\/li><li class=\"blocks-gallery-item\"><figure><img loading=\"lazy\" decoding=\"async\" width=\"514\" height=\"559\" src=\"https:\/\/karwodrza.pl\/wp-content\/uploads\/2019\/04\/Dolina-Bia\u0142ej.png\" alt=\"\" data-id=\"1615\" data-link=\"https:\/\/karwodrza.pl\/index.php\/rajd-2019\/dolina-bialej\/\" class=\"wp-image-1615\" srcset=\"https:\/\/karwodrza.pl\/wp-content\/uploads\/2019\/04\/Dolina-Bia\u0142ej.png 514w, https:\/\/karwodrza.pl\/wp-content\/uploads\/2019\/04\/Dolina-Bia\u0142ej-276x300.png 276w, https:\/\/karwodrza.pl\/wp-content\/uploads\/2019\/04\/Dolina-Bia\u0142ej-248x270.png 248w\" sizes=\"auto, (max-width: 514px) 100vw, 514px\" \/><\/figure><\/li><li class=\"blocks-gallery-item\"><figure><img loading=\"lazy\" decoding=\"async\" width=\"671\" height=\"671\" src=\"https:\/\/karwodrza.pl\/wp-content\/uploads\/2019\/04\/Hop-Siup.jpg\" alt=\"\" data-id=\"1617\" data-link=\"https:\/\/karwodrza.pl\/index.php\/rajd-2019\/hop-siup\/\" class=\"wp-image-1617\" srcset=\"https:\/\/karwodrza.pl\/wp-content\/uploads\/2019\/04\/Hop-Siup.jpg 671w, https:\/\/karwodrza.pl\/wp-content\/uploads\/2019\/04\/Hop-Siup-150x150.jpg 150w, https:\/\/karwodrza.pl\/wp-content\/uploads\/2019\/04\/Hop-Siup-300x300.jpg 300w, https:\/\/karwodrza.pl\/wp-content\/uploads\/2019\/04\/Hop-Siup-270x270.jpg 270w\" sizes=\"auto, (max-width: 671px) 100vw, 671px\" \/><\/figure><\/li><li class=\"blocks-gallery-item\"><figure><img loading=\"lazy\" decoding=\"async\" width=\"1013\" height=\"351\" src=\"https:\/\/karwodrza.pl\/wp-content\/uploads\/2019\/04\/IT-Gogola.png\" alt=\"\" data-id=\"1618\" data-link=\"https:\/\/karwodrza.pl\/index.php\/rajd-2019\/it-gogola\/\" class=\"wp-image-1618\" srcset=\"https:\/\/karwodrza.pl\/wp-content\/uploads\/2019\/04\/IT-Gogola.png 1013w, https:\/\/karwodrza.pl\/wp-content\/uploads\/2019\/04\/IT-Gogola-300x104.png 300w, https:\/\/karwodrza.pl\/wp-content\/uploads\/2019\/04\/IT-Gogola-768x266.png 768w, https:\/\/karwodrza.pl\/wp-content\/uploads\/2019\/04\/IT-Gogola-604x209.png 604w\" sizes=\"auto, (max-width: 1013px) 100vw, 1013px\" \/><\/figure><\/li><li class=\"blocks-gallery-item\"><figure><img loading=\"lazy\" decoding=\"async\" width=\"970\" height=\"500\" src=\"https:\/\/karwodrza.pl\/wp-content\/uploads\/2019\/04\/Jasikowscy.png\" alt=\"\" data-id=\"1619\" data-link=\"https:\/\/karwodrza.pl\/index.php\/rajd-2019\/jasikowscy\/\" class=\"wp-image-1619\" srcset=\"https:\/\/karwodrza.pl\/wp-content\/uploads\/2019\/04\/Jasikowscy.png 970w, https:\/\/karwodrza.pl\/wp-content\/uploads\/2019\/04\/Jasikowscy-300x155.png 300w, https:\/\/karwodrza.pl\/wp-content\/uploads\/2019\/04\/Jasikowscy-768x396.png 768w, https:\/\/karwodrza.pl\/wp-content\/uploads\/2019\/04\/Jasikowscy-524x270.png 524w\" sizes=\"auto, (max-width: 970px) 100vw, 970px\" \/><\/figure><\/li><li class=\"blocks-gallery-item\"><figure><img loading=\"lazy\" decoding=\"async\" width=\"1024\" height=\"496\" src=\"https:\/\/karwodrza.pl\/wp-content\/uploads\/2019\/04\/Karmot-1024x496.png\" alt=\"\" data-id=\"1620\" data-link=\"https:\/\/karwodrza.pl\/index.php\/rajd-2019\/karmot\/\" class=\"wp-image-1620\" srcset=\"https:\/\/karwodrza.pl\/wp-content\/uploads\/2019\/04\/Karmot-1024x496.png 1024w, https:\/\/karwodrza.pl\/wp-content\/uploads\/2019\/04\/Karmot-300x145.png 300w, https:\/\/karwodrza.pl\/wp-content\/uploads\/2019\/04\/Karmot-768x372.png 768w, https:\/\/karwodrza.pl\/wp-content\/uploads\/2019\/04\/Karmot-557x270.png 557w, https:\/\/karwodrza.pl\/wp-content\/uploads\/2019\/04\/Karmot.png 1337w\" sizes=\"auto, (max-width: 1024px) 100vw, 1024px\" \/><\/figure><\/li><li class=\"blocks-gallery-item\"><figure><img loading=\"lazy\" decoding=\"async\" width=\"480\" height=\"480\" src=\"https:\/\/karwodrza.pl\/wp-content\/uploads\/2019\/04\/KGW-Trzemesna.jpg\" alt=\"\" data-id=\"1621\" data-link=\"https:\/\/karwodrza.pl\/index.php\/rajd-2019\/kgw-trzemesna\/\" class=\"wp-image-1621\" srcset=\"https:\/\/karwodrza.pl\/wp-content\/uploads\/2019\/04\/KGW-Trzemesna.jpg 480w, https:\/\/karwodrza.pl\/wp-content\/uploads\/2019\/04\/KGW-Trzemesna-150x150.jpg 150w, https:\/\/karwodrza.pl\/wp-content\/uploads\/2019\/04\/KGW-Trzemesna-300x300.jpg 300w, https:\/\/karwodrza.pl\/wp-content\/uploads\/2019\/04\/KGW-Trzemesna-270x270.jpg 270w\" sizes=\"auto, (max-width: 480px) 100vw, 480px\" \/><\/figure><\/li><li class=\"blocks-gallery-item\"><figure><img loading=\"lazy\" decoding=\"async\" width=\"1024\" height=\"218\" src=\"https:\/\/karwodrza.pl\/wp-content\/uploads\/2019\/04\/Marcola-1024x218.jpg\" alt=\"\" data-id=\"1622\" data-link=\"https:\/\/karwodrza.pl\/index.php\/rajd-2019\/marcola\/\" class=\"wp-image-1622\" srcset=\"https:\/\/karwodrza.pl\/wp-content\/uploads\/2019\/04\/Marcola-1024x218.jpg 1024w, https:\/\/karwodrza.pl\/wp-content\/uploads\/2019\/04\/Marcola-300x64.jpg 300w, https:\/\/karwodrza.pl\/wp-content\/uploads\/2019\/04\/Marcola-768x163.jpg 768w, https:\/\/karwodrza.pl\/wp-content\/uploads\/2019\/04\/Marcola-604x129.jpg 604w, https:\/\/karwodrza.pl\/wp-content\/uploads\/2019\/04\/Marcola.jpg 1353w\" sizes=\"auto, (max-width: 1024px) 100vw, 1024px\" \/><\/figure><\/li><li class=\"blocks-gallery-item\"><figure><img loading=\"lazy\" decoding=\"async\" width=\"1024\" height=\"480\" src=\"https:\/\/karwodrza.pl\/wp-content\/uploads\/2019\/04\/Rescold-1024x480.jpg\" alt=\"\" data-id=\"1624\" data-link=\"https:\/\/karwodrza.pl\/index.php\/rajd-2019\/rescold\/\" class=\"wp-image-1624\" srcset=\"https:\/\/karwodrza.pl\/wp-content\/uploads\/2019\/04\/Rescold-1024x480.jpg 1024w, https:\/\/karwodrza.pl\/wp-content\/uploads\/2019\/04\/Rescold-300x141.jpg 300w, https:\/\/karwodrza.pl\/wp-content\/uploads\/2019\/04\/Rescold-768x360.jpg 768w, https:\/\/karwodrza.pl\/wp-content\/uploads\/2019\/04\/Rescold-575x270.jpg 575w, https:\/\/karwodrza.pl\/wp-content\/uploads\/2019\/04\/Rescold.jpg 1217w\" sizes=\"auto, (max-width: 1024px) 100vw, 1024px\" \/><\/figure><\/li><li class=\"blocks-gallery-item\"><figure><img loading=\"lazy\" decoding=\"async\" width=\"1024\" height=\"758\" src=\"https:\/\/karwodrza.pl\/wp-content\/uploads\/2019\/04\/Sajdak-1024x758.jpg\" alt=\"\" data-id=\"1625\" data-link=\"https:\/\/karwodrza.pl\/index.php\/rajd-2019\/sajdak\/\" class=\"wp-image-1625\" srcset=\"https:\/\/karwodrza.pl\/wp-content\/uploads\/2019\/04\/Sajdak-1024x758.jpg 1024w, https:\/\/karwodrza.pl\/wp-content\/uploads\/2019\/04\/Sajdak-300x222.jpg 300w, https:\/\/karwodrza.pl\/wp-content\/uploads\/2019\/04\/Sajdak-768x569.jpg 768w, https:\/\/karwodrza.pl\/wp-content\/uploads\/2019\/04\/Sajdak-365x270.jpg 365w, https:\/\/karwodrza.pl\/wp-content\/uploads\/2019\/04\/Sajdak.jpg 1754w\" sizes=\"auto, (max-width: 1024px) 100vw, 1024px\" \/><\/figure><\/li><li class=\"blocks-gallery-item\"><figure><img loading=\"lazy\" decoding=\"async\" width=\"1024\" height=\"193\" src=\"https:\/\/karwodrza.pl\/wp-content\/uploads\/2019\/04\/Sinclair-1024x193.jpg\" alt=\"\" data-id=\"1626\" data-link=\"https:\/\/karwodrza.pl\/index.php\/rajd-2019\/sinclair\/\" class=\"wp-image-1626\" srcset=\"https:\/\/karwodrza.pl\/wp-content\/uploads\/2019\/04\/Sinclair-1024x193.jpg 1024w, https:\/\/karwodrza.pl\/wp-content\/uploads\/2019\/04\/Sinclair-300x57.jpg 300w, https:\/\/karwodrza.pl\/wp-content\/uploads\/2019\/04\/Sinclair-768x145.jpg 768w, https:\/\/karwodrza.pl\/wp-content\/uploads\/2019\/04\/Sinclair-604x114.jpg 604w\" sizes=\"auto, (max-width: 1024px) 100vw, 1024px\" \/><\/figure><\/li><li class=\"blocks-gallery-item\"><figure><img loading=\"lazy\" decoding=\"async\" width=\"1024\" height=\"405\" src=\"https:\/\/karwodrza.pl\/wp-content\/uploads\/2019\/04\/StalGaz-1024x405.jpg\" alt=\"\" data-id=\"1627\" data-link=\"https:\/\/karwodrza.pl\/index.php\/rajd-2019\/stalgaz\/\" class=\"wp-image-1627\" srcset=\"https:\/\/karwodrza.pl\/wp-content\/uploads\/2019\/04\/StalGaz-1024x405.jpg 1024w, https:\/\/karwodrza.pl\/wp-content\/uploads\/2019\/04\/StalGaz-300x119.jpg 300w, https:\/\/karwodrza.pl\/wp-content\/uploads\/2019\/04\/StalGaz-768x304.jpg 768w, https:\/\/karwodrza.pl\/wp-content\/uploads\/2019\/04\/StalGaz-604x239.jpg 604w, https:\/\/karwodrza.pl\/wp-content\/uploads\/2019\/04\/StalGaz.jpg 1066w\" sizes=\"auto, (max-width: 1024px) 100vw, 1024px\" \/><\/figure><\/li><li class=\"blocks-gallery-item\"><figure><img loading=\"lazy\" decoding=\"async\" width=\"768\" height=\"768\" src=\"https:\/\/karwodrza.pl\/wp-content\/uploads\/2019\/04\/Strych.png\" alt=\"\" data-id=\"1628\" data-link=\"https:\/\/karwodrza.pl\/index.php\/rajd-2019\/strych\/\" class=\"wp-image-1628\" srcset=\"https:\/\/karwodrza.pl\/wp-content\/uploads\/2019\/04\/Strych.png 768w, https:\/\/karwodrza.pl\/wp-content\/uploads\/2019\/04\/Strych-150x150.png 150w, https:\/\/karwodrza.pl\/wp-content\/uploads\/2019\/04\/Strych-300x300.png 300w, https:\/\/karwodrza.pl\/wp-content\/uploads\/2019\/04\/Strych-270x270.png 270w\" sizes=\"auto, (max-width: 768px) 100vw, 768px\" \/><\/figure><\/li><li class=\"blocks-gallery-item\"><figure><img loading=\"lazy\" decoding=\"async\" width=\"1024\" height=\"338\" src=\"https:\/\/karwodrza.pl\/wp-content\/uploads\/2019\/04\/WGN-1024x338.jpg\" alt=\"\" data-id=\"1629\" data-link=\"https:\/\/karwodrza.pl\/index.php\/rajd-2019\/wgn\/\" class=\"wp-image-1629\" srcset=\"https:\/\/karwodrza.pl\/wp-content\/uploads\/2019\/04\/WGN-1024x338.jpg 1024w, https:\/\/karwodrza.pl\/wp-content\/uploads\/2019\/04\/WGN-300x99.jpg 300w, https:\/\/karwodrza.pl\/wp-content\/uploads\/2019\/04\/WGN-768x254.jpg 768w, https:\/\/karwodrza.pl\/wp-content\/uploads\/2019\/04\/WGN-604x200.jpg 604w, https:\/\/karwodrza.pl\/wp-content\/uploads\/2019\/04\/WGN.jpg 2043w\" sizes=\"auto, (max-width: 1024px) 100vw, 1024px\" \/><\/figure><\/li><li class=\"blocks-gallery-item\"><figure><img loading=\"lazy\" decoding=\"async\" width=\"1024\" height=\"1024\" src=\"https:\/\/karwodrza.pl\/wp-content\/uploads\/2019\/04\/WIMED-1024x1024.jpg\" alt=\"\" data-id=\"1630\" data-link=\"https:\/\/karwodrza.pl\/index.php\/rajd-2019\/wimed\/\" class=\"wp-image-1630\" srcset=\"https:\/\/karwodrza.pl\/wp-content\/uploads\/2019\/04\/WIMED-1024x1024.jpg 1024w, https:\/\/karwodrza.pl\/wp-content\/uploads\/2019\/04\/WIMED-150x150.jpg 150w, https:\/\/karwodrza.pl\/wp-content\/uploads\/2019\/04\/WIMED-300x300.jpg 300w, https:\/\/karwodrza.pl\/wp-content\/uploads\/2019\/04\/WIMED-768x768.jpg 768w, https:\/\/karwodrza.pl\/wp-content\/uploads\/2019\/04\/WIMED-270x270.jpg 270w, https:\/\/karwodrza.pl\/wp-content\/uploads\/2019\/04\/WIMED.jpg 1181w\" sizes=\"auto, (max-width: 1024px) 100vw, 1024px\" \/><\/figure><\/li><li class=\"blocks-gallery-item\"><figure><img loading=\"lazy\" decoding=\"async\" width=\"1024\" height=\"997\" src=\"https:\/\/karwodrza.pl\/wp-content\/uploads\/2019\/04\/HappyLand-page-001-1-1024x997.jpg\" alt=\"\" data-id=\"1636\" data-link=\"https:\/\/karwodrza.pl\/index.php\/rajd-2019\/happyland-page-001-2\/\" class=\"wp-image-1636\" srcset=\"https:\/\/karwodrza.pl\/wp-content\/uploads\/2019\/04\/HappyLand-page-001-1-1024x997.jpg 1024w, https:\/\/karwodrza.pl\/wp-content\/uploads\/2019\/04\/HappyLand-page-001-1-300x292.jpg 300w, https:\/\/karwodrza.pl\/wp-content\/uploads\/2019\/04\/HappyLand-page-001-1-768x748.jpg 768w, https:\/\/karwodrza.pl\/wp-content\/uploads\/2019\/04\/HappyLand-page-001-1-277x270.jpg 277w, https:\/\/karwodrza.pl\/wp-content\/uploads\/2019\/04\/HappyLand-page-001-1.jpg 1593w\" sizes=\"auto, (max-width: 1024px) 100vw, 1024px\" \/><\/figure><\/li><li class=\"blocks-gallery-item\"><figure><img loading=\"lazy\" decoding=\"async\" width=\"1024\" height=\"589\" src=\"https:\/\/karwodrza.pl\/wp-content\/uploads\/2019\/04\/paleta1-1024x589.jpg\" alt=\"\" data-id=\"1641\" data-link=\"https:\/\/karwodrza.pl\/index.php\/rajd-2019\/paleta1\/\" class=\"wp-image-1641\" srcset=\"https:\/\/karwodrza.pl\/wp-content\/uploads\/2019\/04\/paleta1-1024x589.jpg 1024w, https:\/\/karwodrza.pl\/wp-content\/uploads\/2019\/04\/paleta1-300x172.jpg 300w, https:\/\/karwodrza.pl\/wp-content\/uploads\/2019\/04\/paleta1-768x441.jpg 768w, https:\/\/karwodrza.pl\/wp-content\/uploads\/2019\/04\/paleta1-470x270.jpg 470w, https:\/\/karwodrza.pl\/wp-content\/uploads\/2019\/04\/paleta1.jpg 1110w\" sizes=\"auto, (max-width: 1024px) 100vw, 1024px\" \/><\/figure><\/li><\/ul>\n\n\n\n<p style=\"text-align:center\"><strong>_______________________________________________________________<\/strong><\/p>\n\n\n\n<h2 class=\"wp-block-heading\" style=\"text-align:center\"><strong>LISTA UCZESTNIK\u00d3W:<\/strong><\/h2>\n\n\n\n<p style=\"text-align:center\"><strong>(Przes\u0142any wype\u0142niony formularz i dokonana wp\u0142ata na konto)<\/strong><br><\/p>\n\n\n\n<h6 class=\"wp-block-heading\" style=\"text-align:center\"><strong>(Gwarancja pakiet\u00f3w startowych dla pierwszych 200 (dwustu) os\u00f3b!)<\/strong><\/h6>\n\n\n\n<ol class=\"wp-block-list\"><li>Bogdan P. &#8211; Karwodrza (doros\u0142y, roz. L) \u2191 &#8211; familijny<\/li><li>Szymon P. &#8211; Karwodrza (dziecko)            \u2193<\/li><li>Jadwiga W. &#8211; Karwodrza (doros\u0142y, roz. M) \u2191<\/li><li>Filip W. &#8211; Karwodrza (dziecko)                      &#8211; familijny<\/li><li>Mateusz W. &#8211; Karwodrza (dziecko)             \u2193<\/li><li>Damian G. &#8211; Rzesz\u00f3w (doros\u0142y, roz. S) &#8211; singiel<\/li><li>Tomasz Z. &#8211; Czudec (doros\u0142y, roz. M) &#8211; singiel<\/li><li>Jacek K. &#8211; Smolec (doros\u0142y, roz. XL) &#8211; singiel<\/li><li>Jolanta K. &#8211; Smolec (doros\u0142y, roz. L) &#8211; singiel<\/li><li>Krzysztof P. &#8211; Rzesz\u00f3w (doros\u0142y, roz. L) &#8211; singiel<\/li><li>Albert K. &#8211; Karwodrza (doros\u0142y, roz. M) \u2191<\/li><li>Monika K. &#8211; Karwodrza (doros\u0142y, roz. S) &#8211; familijny<\/li><li>Nikola K. &#8211; Karwodrza (dziecko)<\/li><li>Bartosz K. &#8211; Karwodrza (dziecko) \u2193<\/li><li>Henryk K. &#8211; Tarn\u00f3w (doros\u0142y, roz. M) &#8211; singiel<\/li><li>Tomasz D. &#8211; Tuch\u00f3w (doros\u0142y, roz. L) \u2191<\/li><li>Joanna G.-D. &#8211; Tuch\u00f3w (doros\u0142y, roz. M) &#8211; familijny<\/li><li>Miko\u0142aj D. &#8211; Tuch\u00f3w (dziecko) \u2193<\/li><li>Bartosz P. &#8211; Rzesz\u00f3w (doros\u0142y, roz. L) &#8211; singiel<\/li><li>Paulina G. &#8211; Rzesz\u00f3w (doros\u0142y, roz. XS) &#8211; singiel<\/li><li>Wies\u0142awa P. &#8211; Rzesz\u00f3w (doros\u0142y, roz. M) &#8211; singiel<\/li><li>Jerzy B. &#8211; Meszna Opacka (doros\u0142y, roz. L) &#8211; singiel<\/li><li>Jan O. &#8211; Jod\u0142\u00f3wka Tuchowska (doros\u0142y, roz. XL) &#8211; singiel<\/li><li>Gabriela R. &#8211; Karwodrza (doros\u0142y, roz. XL) &#8211; singiel<\/li><li>Jerzy W. &#8211; Tarn\u00f3w (doros\u0142y, roz. L) &#8211; singiel<\/li><li>Micha\u0142 K. &#8211; Piotrkowice (dziecko) &#8211; singiel<\/li><li>Julia M. &#8211; Buchcice (dziecko) &#8211; singiel<\/li><li>Nikodem M. &#8211; Buchcice (dziecko) &#8211; singiel<\/li><li>Arkadiusz S. &#8211; Buchcice (dziecko) &#8211; singiel<\/li><li>Marzena S. &#8211; Buchcice (doros\u0142y, roz. M) &#8211; singiel<\/li><li>Wiktor Sz. &#8211; \u0141owcz\u00f3w (dziecko) &#8211; singiel<\/li><li>Wanessa S. &#8211; \u0141owcz\u00f3w (dziecko) &#8211; singiel<\/li><li>Amelia J. &#8211; \u0141owcz\u00f3w (dziecko) &#8211; singiel<\/li><li>Kinga W. &#8211; \u0141owcz\u00f3w (dziecko) &#8211; singiel<\/li><li>Agnieszka W. &#8211; \u0141owcz\u00f3w (doros\u0142y, roz. M) &#8211; singiel<\/li><li>Renata W. &#8211; \u0141owcz\u00f3w (doros\u0142y, roz. XL) &#8211; singiel<\/li><li>Tomasz B. &#8211; Buchcice (dziecko) &#8211; singiel<\/li><li>Lena M. &#8211; Buchcice (dziecko) &#8211; singiel<\/li><li>Dominik F. &#8211; \u0141owcz\u00f3w (dziecko) &#8211; singiel<\/li><li>Adrian K. &#8211; Piotrkowice (dziecko) &#8211; singiel<\/li><li>Sebastian \u0141. &#8211; Piotrkowice (dziecko) &#8211; singiel<\/li><li>Roksana Cz. &#8211; \u0141owcz\u00f3w (dziecko) &#8211; singiel<\/li><li>Stanis\u0142awa Cz. &#8211; \u0141owcz\u00f3w (doros\u0142y, roz. M) &#8211; singiel<\/li><li>Jakub \u0141. &#8211; Piotrkowice (dziecko) &#8211; singiel<\/li><li>Wiktoria B. &#8211; Piotrkowice (dziecko) &#8211; singiel<\/li><li>Rados\u0142aw K. &#8211; Zab\u0142\u0119dza (dziecko) &#8211; singiel<\/li><li>Krystyna K. &#8211; Zab\u0142\u0119dza (doros\u0142y, roz. M) &#8211; singiel<\/li><li>Weronika P. &#8211; Siedliska (doros\u0142y, roz. M) &#8211; singiel<\/li><li>Janusz P. &#8211; Siedliska (doros\u0142y, roz. XL) &#8211; singiel<\/li><li>Joanna \u0141. &#8211; Rzepiennik Suchy (doros\u0142y, roz. S) &#8211; singiel<\/li><li>Jan R. &#8211; Buchcice (doros\u0142y, roz. L) &#8211; singiel<\/li><li>Oskar K. &#8211; Trzemesna (doros\u0142y, roz. S) &#8211; singiel<\/li><li>Anna S. &#8211; Burzyn (doros\u0142y, roz. S) &#8211; singiel<\/li><li>Maciej S. &#8211; Burzyn (doros\u0142y, roz. L) &#8211; singiel<\/li><li>Maria G &#8211; Tuch\u00f3w (doros\u0142y, roz. S) \u2191<\/li><li>Adam G. &#8211; Tuch\u00f3w (doros\u0142y, roz. XL)<\/li><li>Monika G &#8211; Tuch\u00f3w (dziecko) &#8211; familijny<\/li><li>Magdalena G. &#8211; Tuch\u00f3w (dziecko)<\/li><li>Szymon G. &#8211; Tuch\u00f3w (dziecko) \u2193<\/li><li>Robert W. &#8211; Tarn\u00f3w (doros\u0142y, roz. XL) \u2191<\/li><li>Jakub W. &#8211; Tarn\u00f3w (dziecko) \u2193 &#8211; familijny<\/li><li>Piotr Z. &#8211; Tuch\u00f3w (doros\u0142y, roz. L) \u2191<\/li><li>Agata Z. &#8211; Tuch\u00f3w (doros\u0142y, roz. M) &#8211; familijny<\/li><li>Wiktoria Z. &#8211; Tuch\u00f3w (dziecko)<\/li><li>Hubert Z. &#8211; Tuch\u00f3w (dziecko) \u2193<\/li><li>Mateusz W. &#8211; Rzesz\u00f3w (doros\u0142y, roz. XL) &#8211; singiel<\/li><li>Anna M. &#8211; Tarn\u00f3w (doros\u0142y, roz. S) \u2191<\/li><li>Julia M. &#8211; Tarn\u00f3w (dziecko) \u2193 &#8211; familijny<\/li><li>Franciszek B. &#8211; Tuch\u00f3w (doros\u0142y, roz. XL) &#8211; singiel<\/li><li>Anna Z. &#8211; Rzepiennik Strzy\u017cewski (doros\u0142y, roz. M) &#8211; singiel<\/li><li>Anna B. &#8211; Tuch\u00f3w (doros\u0142y, roz. XL) \u2191<\/li><li>Natalia Z. &#8211; Tuch\u00f3w (dziecko) &#8211; familijny<\/li><li>Agnieszka B. &#8211; Tuch\u00f3w (doros\u0142y, roz. M) \u2193<\/li><li>Izabela B. &#8211; Tuch\u00f3w (doros\u0142y, roz. M) \u2191<\/li><li>Kacper B. &#8211; Tuch\u00f3w (dziecko) &#8211; familijny<\/li><li>Laura B. &#8211; Tuch\u00f3w (dziecko) \u2193<\/li><li>Paulina S. &#8211; Tuch\u00f3w (doros\u0142y, roz. S) \u2191<\/li><li>Weronika S. &#8211; Tuch\u00f3w (doros\u0142y, roz. S) &#8211; familijny<\/li><li>Zuzanna S. &#8211; Tuch\u00f3w (dziecko) \u2193<\/li><li>Mieczys\u0142aw K. &#8211; Karwodrza (doros\u0142y, roz. L) &#8211; singiel<\/li><li>Alina K. &#8211; Karwodrza (doros\u0142y, roz. L) &#8211; singiel<\/li><li>Karolina K. &#8211; Karwodrza (doros\u0142y, roz. M) &#8211; singiel<\/li><li>Mi\u0142osz G. &#8211; Tarn\u00f3w (doros\u0142y, roz. L) &#8211; singiel<\/li><li>Stanis\u0142aw P. &#8211; Buchcice (doros\u0142y, roz. XL) &#8211; singiel<\/li><li>Mariusz S. &#8211; Tarn\u00f3w (doros\u0142y, roz. L) &#8211; singiel<\/li><li>Agnieszka Ch. &#8211; Tarn\u00f3w (doros\u0142y, roz. M) &#8211; singiel<\/li><li>\u0141ukasz W. &#8211; Karwodrza (doros\u0142y, roz. XL) \u2191<\/li><li>Sylwia W. &#8211; Karwodrza (doros\u0142y, roz. M)<\/li><li>Kacper W. &#8211; Karwodrza (dziecko) &#8211; familijny<\/li><li>Lena W. &#8211; Karwodrza (dziecko) \u2193<\/li><li>Magdalena G. &#8211; Karwodrza (doros\u0142y, roz. XL) &#8211; singiel<\/li><li>Jerzy S. &#8211; Karwodrza (doros\u0142y, roz. L) \u2191<\/li><li>Laura S. &#8211; Karwodrza (dziecko) \u2193 &#8211; familijny<\/li><li>Jakub K. &#8211; Rudna Wielka (doros\u0142y, roz. M) &#8211; singiel<\/li><li>Wanda S. &#8211; Karwodrza (doros\u0142y, roz. L) \u2191<\/li><li>W\u0142adys\u0142aw S. &#8211; Karwodrza (doros\u0142y, roz. L) \u2193 &#8211; familijny<\/li><li>El\u017cbieta K.-R. &#8211; Tuch\u00f3w (doros\u0142y, roz. M) \u2191<\/li><li>Dariusz R &#8211; Tuch\u00f3w (doros\u0142y, roz. M) \u2193 &#8211; familijny<\/li><li>Sylwia J. &#8211; Nowodworze (doros\u0142y, roz. L) \u2191<\/li><li>Pawe\u0142 J. &#8211; Nowodworze (doros\u0142y, roz. XL) \u2193 &#8211; familijny<\/li><li>Waldemar D. &#8211; Karwodrza (doros\u0142y, roz. L) \u2191<\/li><li>Franciszka I.-D. &#8211; Karwodrza (doros\u0142y, roz. M)<\/li><li>Jan D. &#8211; Karwodrza (dziecko) &#8211; familijny<\/li><li>Tomasz D. &#8211; Karwodrza (dziecko) \u2193<\/li><li>Dominika K. &#8211; Karwodrza (doros\u0142y, roz. S) \u2191<\/li><li>Pawe\u0142 K. &#8211; Karwodrza (doros\u0142y, roz. M) \u2193 &#8211; familijny<\/li><li>Natalia Sz. &#8211; Tarn\u00f3w (doros\u0142y, roz. S) &#8211; singiel<\/li><li>\u0141ukasz Z. &#8211; Tarn\u00f3w (doros\u0142y, roz. L) \u2191<\/li><li>Sebastian Z. &#8211; Tarn\u00f3w (doros\u0142y, roz. XL) &#8211; familijny<\/li><li>Wiktor Z. &#8211; Tarn\u00f3w (dziecko) \u2193<\/li><li>Anna B. &#8211; \u0141owcz\u00f3wek (doros\u0142y, roz. XXL) \u2191<\/li><li>Izabela B. &#8211; \u0141owcz\u00f3wek (dziecko) &#8211; familijny<\/li><li>Jan B. &#8211; \u0141owcz\u00f3wek (dziecko) \u2193<\/li><li>Marcin \u0141. &#8211; Tuch\u00f3w (doros\u0142y, roz. M) &#8211; singiel<\/li><li>Robert K. &#8211; Lisia G\u00f3ra (doros\u0142y, roz. XL) \u2191<\/li><li>Bernadeta K. &#8211; Lisia G\u00f3ra (doros\u0142y, roz. M)<\/li><li>Zuzanna K. &#8211; Lisia G\u00f3ra (dziecko) &#8211; familijny<\/li><li>Natalia K. &#8211; Lisia G\u00f3ra (dziecko) \u2193<\/li><li>Piotr K. &#8211; Karwodrza &#8211; (doros\u0142y, roz. L) \u2191<\/li><li>Edyta K. &#8211; Karwodrza &#8211; (doros\u0142y, roz. M)<\/li><li>Karolina K. &#8211; Karwodrza (dziecko) &#8211; familijny<\/li><li>Jakub K. &#8211; Karwodrza (dziecko) \u2193<\/li><li>Marcin S. &#8211; Karwodrza (doros\u0142y, roz. L) &#8211; singiel<\/li><li>Krzysztof G. &#8211; Tuch\u00f3w (doros\u0142y, roz. L) \u2191<\/li><li>Micha\u0142 G. &#8211; Tuch\u00f3w (dziecko) &#8211; familijny<\/li><li>Julian G. &#8211; Tuch\u00f3w (dziecko) \u2193<\/li><li>Maciej B. &#8211; Karwodrza (doros\u0142y, roz. L) &#8211; singiel\/H<\/li><li>Renata C. &#8211; Piotrkowice (doros\u0142y, roz. M) &#8211; singiel<\/li><li>Jan K. &#8211; Karwodrza (doros\u0142y, roz. XL) &#8211; singiel<\/li><li>Tomasz P. &#8211; Piotrkowice (dziecko) &#8211; singiel<\/li><li>Janusz S. &#8211; Tuch\u00f3w (doros\u0142y, roz. M) \u2191<\/li><li>Dorota S. &#8211; Tuch\u00f3w (doros\u0142y, roz. S) &#8211; familijny<\/li><li>Milena S. &#8211; Tuch\u00f3w (dziecko) \u2193<\/li><li>Marek K. &#8211; Karwodrza (doros\u0142y, roz. L) &#8211; singiel\/H<\/li><li>Wiktor S. &#8211; Tuch\u00f3w (doros\u0142y, roz. L) &#8211; singiel\/H<\/li><li>Sylwia S. &#8211; Zab\u0142\u0119dza (doros\u0142y, roz. XL) &#8211; singiel\/H<\/li><li>Pawe\u0142 Z. &#8211; Tuch\u00f3w (doros\u0142y, roz. L) &#8211; singiel\/H<\/li><li>Tadeusz S. &#8211; Karwodrza (doros\u0142y, roz. M) &#8211; singiel\/H<\/li><li>Kazimierz G. &#8211; Karwodrza (doros\u0142y, roz. L) &#8211; singiel<\/li><li>Teresa G. &#8211; Karwodrza (doros\u0142y, roz. M) &#8211; singiel<\/li><li>LKKS Karwodrza &#8211; Karwodrza (organizacja, roz. M)<\/li><li>Mieczys\u0142aw J. &#8211; <strong>poni\u017cej osoby dopisane w dniu rajdu<\/strong><\/li><li>Teresa G.<\/li><li>\u0141ukasz T,<\/li><li>Barbara O.<\/li><li>Micha\u0142 O.<\/li><li>Klaudia K.<\/li><li>Aleksander R.<\/li><li>Justyna S.<\/li><li>Wiktoria Sz.<\/li><li>Jakub Sz.<\/li><li>Marcin Sz.<\/li><li>Wiktor S.<\/li><li>Klaudia B.<\/li><li>Albert B.<\/li><li>Karolina W.<\/li><li>Krzysztof M.<\/li><li>Henryk P.<\/li><li>Anna J.<\/li><li>Maria S.<\/li><\/ol>\n","protected":false},"excerpt":{"rendered":"<p>II Charytatywny Rodzinny Rajd Rowerowy przez Karwodrz\u0119 &#8211; 28.04.2019 W tym roku wspieramy OSP Karwodrza w zakupie lub doposa\u017ceniu \u015bredniego samochodu ratowniczo &#8211; ga\u015bniczego. Formularze do pobrania i lista uczestnik\u00f3w na dole strony. Zapisy na II ChRRR mo\u017cliwe ca\u0142y czas przez internet i w dniu rajdu do samego startu, czyli do 28.04.2019 do godz. 13:59!&hellip; <br \/> <a class=\"read-more\" href=\"https:\/\/karwodrza.pl\/index.php\/rajd-2019\/\">Dowiedz si\u0119 wi\u0119cej<\/a><\/p>\n","protected":false},"author":2,"featured_media":0,"parent":0,"menu_order":0,"comment_status":"closed","ping_status":"closed","template":"","meta":{"footnotes":""},"class_list":["post-1213","page","type-page","status-publish","hentry"],"_links":{"self":[{"href":"https:\/\/karwodrza.pl\/index.php\/wp-json\/wp\/v2\/pages\/1213","targetHints":{"allow":["GET"]}}],"collection":[{"href":"https:\/\/karwodrza.pl\/index.php\/wp-json\/wp\/v2\/pages"}],"about":[{"href":"https:\/\/karwodrza.pl\/index.php\/wp-json\/wp\/v2\/types\/page"}],"author":[{"embeddable":true,"href":"https:\/\/karwodrza.pl\/index.php\/wp-json\/wp\/v2\/users\/2"}],"replies":[{"embeddable":true,"href":"https:\/\/karwodrza.pl\/index.php\/wp-json\/wp\/v2\/comments?post=1213"}],"version-history":[{"count":88,"href":"https:\/\/karwodrza.pl\/index.php\/wp-json\/wp\/v2\/pages\/1213\/revisions"}],"predecessor-version":[{"id":1722,"href":"https:\/\/karwodrza.pl\/index.php\/wp-json\/wp\/v2\/pages\/1213\/revisions\/1722"}],"wp:attachment":[{"href":"https:\/\/karwodrza.pl\/index.php\/wp-json\/wp\/v2\/media?parent=1213"}],"curies":[{"name":"wp","href":"https:\/\/api.w.org\/{rel}","templated":true}]}}